{"version":"1.0","provider_name":"Parque Cultural del R\u00edo Mart\u00edn","provider_url":"https:\/\/parqueriomartin.com\/fr\/","author_name":"sedinet","author_url":"https:\/\/parqueriomartin.com\/fr\/author\/sedinet\/","title":"Montalb\u00e1n - Parque Cultural del R\u00edo Mart\u00edn","type":"rich","width":600,"height":338,"html":"<blockquote class=\"wp-embedded-content\" data-secret=\"gP8xYEK7hG\"><a href=\"https:\/\/parqueriomartin.com\/fr\/pueblos\/montalban\/\">Montalb\u00e1n<\/a><\/blockquote><iframe sandbox=\"allow-scripts\" security=\"restricted\" src=\"https:\/\/parqueriomartin.com\/fr\/pueblos\/montalban\/embed\/#?secret=gP8xYEK7hG\" width=\"600\" height=\"338\" title=\"\u00ab\u00a0Montalb\u00e1n\u00a0\u00bb &#8212; Parque Cultural del R\u00edo Mart\u00edn\" data-secret=\"gP8xYEK7hG\" frameborder=\"0\" marginwidth=\"0\" marginheight=\"0\" scrolling=\"no\" class=\"wp-embedded-content\"><\/iframe><script type=\"text\/javascript\">\n\/* <![CDATA[ *\/\n\/*! This file is auto-generated *\/\n!function(d,l){\"use strict\";l.querySelector&&d.addEventListener&&\"undefined\"!=typeof URL&&(d.wp=d.wp||{},d.wp.receiveEmbedMessage||(d.wp.receiveEmbedMessage=function(e){var t=e.data;if((t||t.secret||t.message||t.value)&&!\/[^a-zA-Z0-9]\/.test(t.secret)){for(var s,r,n,a=l.querySelectorAll('iframe[data-secret=\"'+t.secret+'\"]'),o=l.querySelectorAll('blockquote[data-secret=\"'+t.secret+'\"]'),c=new RegExp(\"^https?:$\",\"i\"),i=0;i<o.length;i++)o[i].style.display=\"none\";for(i=0;i<a.length;i++)s=a[i],e.source===s.contentWindow&&(s.removeAttribute(\"style\"),\"height\"===t.message?(1e3<(r=parseInt(t.value,10))?r=1e3:~~r<200&&(r=200),s.height=r):\"link\"===t.message&&(r=new URL(s.getAttribute(\"src\")),n=new URL(t.value),c.test(n.protocol))&&n.host===r.host&&l.activeElement===s&&(d.top.location.href=t.value))}},d.addEventListener(\"message\",d.wp.receiveEmbedMessage,!1),l.addEventListener(\"DOMContentLoaded\",function(){for(var e,t,s=l.querySelectorAll(\"iframe.wp-embedded-content\"),r=0;r<s.length;r++)(t=(e=s[r]).getAttribute(\"data-secret\"))||(t=Math.random().toString(36).substring(2,12),e.src+=\"#?secret=\"+t,e.setAttribute(\"data-secret\",t)),e.contentWindow.postMessage({message:\"ready\",secret:t},\"*\")},!1)))}(window,document);\n\/* ]]> *\/\n<\/script>\n","thumbnail_url":"https:\/\/parqueriomartin.com\/wp-content\/uploads\/cabecera-pueblo-montalban-parque-cultural-rio-martin.webp","thumbnail_width":1920,"thumbnail_height":1440,"description":"La ville de Montalb\u00e1n borde au sud le parc culturel de la rivi\u00e8re Mart\u00edn. Situ\u00e9e dans la Cuenca Minera Central, elle appara\u00eet en 1189 entre les mains des Azagra de Albarrac\u00edn, puis devient le si\u00e8ge de la Commanderie de l&rsquo;Ordre de Santiago de la Couronne d&rsquo;Aragon, qui s&rsquo;est constitu\u00e9e au XIIIe si\u00e8cle &#8211; Pierre II [&hellip;]"}