{"version":"1.0","provider_name":"Parque Cultural del R\u00edo Mart\u00edn","provider_url":"https:\/\/parqueriomartin.com\/fr\/","author_name":"sedinet","author_url":"https:\/\/parqueriomartin.com\/fr\/author\/sedinet\/","title":"MONTALB\u00c1N - PE\u00d1ARROYAS (tron\u00e7on interurbain GR-262) - Parque Cultural del R\u00edo Mart\u00edn","type":"rich","width":600,"height":338,"html":"<blockquote class=\"wp-embedded-content\" data-secret=\"wNPzDtfGZy\"><a href=\"https:\/\/parqueriomartin.com\/fr\/rutas\/montalban-penarroyas-troncon-interurbain-gr-262\/\">MONTALB\u00c1N &#8211; PE\u00d1ARROYAS (tron\u00e7on interurbain GR-262)<\/a><\/blockquote><iframe sandbox=\"allow-scripts\" security=\"restricted\" src=\"https:\/\/parqueriomartin.com\/fr\/rutas\/montalban-penarroyas-troncon-interurbain-gr-262\/embed\/#?secret=wNPzDtfGZy\" width=\"600\" height=\"338\" title=\"\u00ab\u00a0MONTALB\u00c1N &#8211; PE\u00d1ARROYAS (tron\u00e7on interurbain GR-262)\u00a0\u00bb &#8212; Parque Cultural del R\u00edo Mart\u00edn\" data-secret=\"wNPzDtfGZy\" frameborder=\"0\" marginwidth=\"0\" marginheight=\"0\" scrolling=\"no\" class=\"wp-embedded-content\"><\/iframe><script type=\"text\/javascript\">\n\/* <![CDATA[ *\/\n\/*! This file is auto-generated *\/\n!function(d,l){\"use strict\";l.querySelector&&d.addEventListener&&\"undefined\"!=typeof URL&&(d.wp=d.wp||{},d.wp.receiveEmbedMessage||(d.wp.receiveEmbedMessage=function(e){var t=e.data;if((t||t.secret||t.message||t.value)&&!\/[^a-zA-Z0-9]\/.test(t.secret)){for(var s,r,n,a=l.querySelectorAll('iframe[data-secret=\"'+t.secret+'\"]'),o=l.querySelectorAll('blockquote[data-secret=\"'+t.secret+'\"]'),c=new RegExp(\"^https?:$\",\"i\"),i=0;i<o.length;i++)o[i].style.display=\"none\";for(i=0;i<a.length;i++)s=a[i],e.source===s.contentWindow&&(s.removeAttribute(\"style\"),\"height\"===t.message?(1e3<(r=parseInt(t.value,10))?r=1e3:~~r<200&&(r=200),s.height=r):\"link\"===t.message&&(r=new URL(s.getAttribute(\"src\")),n=new URL(t.value),c.test(n.protocol))&&n.host===r.host&&l.activeElement===s&&(d.top.location.href=t.value))}},d.addEventListener(\"message\",d.wp.receiveEmbedMessage,!1),l.addEventListener(\"DOMContentLoaded\",function(){for(var e,t,s=l.querySelectorAll(\"iframe.wp-embedded-content\"),r=0;r<s.length;r++)(t=(e=s[r]).getAttribute(\"data-secret\"))||(t=Math.random().toString(36).substring(2,12),e.src+=\"#?secret=\"+t,e.setAttribute(\"data-secret\",t)),e.contentWindow.postMessage({message:\"ready\",secret:t},\"*\")},!1)))}(window,document);\n\/* ]]> *\/\n<\/script>\n","thumbnail_url":"https:\/\/parqueriomartin.com\/wp-content\/uploads\/cabecera-ruta-montalban-penarroyas-parque-cultural-rio-martin.webp","thumbnail_width":1920,"thumbnail_height":991,"description":"Ce tron\u00e7on du GR 262 entre Montalb\u00e1n et la commune de Pe\u00f1arroyas se distingue par la vari\u00e9t\u00e9 des couleurs de son paysage, surtout en automne. Dans la ville m\u00eame de Montalb\u00e1n, \u00e0 c\u00f4t\u00e9 de la rivi\u00e8re, sur sa rive gauche, nous pouvons commencer le chemin sur le Paseo de la Garona, qui dessine la base [&hellip;]"}