{"id":102658,"date":"2022-10-05T17:22:01","date_gmt":"2022-10-05T17:22:01","guid":{"rendered":"http:\/\/parqueculturalriomartin.com.mialias.net\/c_interpretacion\/antonio-beltran-rock-art-centre-arino\/"},"modified":"2024-06-13T11:15:52","modified_gmt":"2024-06-13T11:15:52","slug":"centre-dart-rupestre-antonio-beltran-arino","status":"publish","type":"c_interpretacion","link":"https:\/\/parqueriomartin.com\/fr\/c_interpretacion\/centre-dart-rupestre-antonio-beltran-arino\/","title":{"rendered":"Centre d&rsquo;Art Rupestre \u00abAntonio Beltr\u00e1n\u00bb. Ari\u00f1o"},"content":{"rendered":"<p>L&rsquo;exposition, intitul\u00e9e \u00ab\u00a0Les peintures rupestres de la rivi\u00e8re Mart\u00edn : Entre deux mondes\u00a0\u00bb vise \u00e0 montrer de mani\u00e8re didactique, simple et ludique les modes de vie, les croyances et les conceptions artistiques de populations qui ont d\u00e9velopp\u00e9 leur existence entre un monde de chasseurs \u00e0 l&rsquo;arc, de cueilleurs et de p\u00eacheurs dans les rivi\u00e8res typiques de l&rsquo;Epipal\u00e9olithique, qui incorpore progressivement l&rsquo;action des changements qui ont conduit \u00e0 l&rsquo;apprivoisement et \u00e0 la domestication des animaux, \u00e0 l&rsquo;agriculture initiale avec des b\u00e2tons ou des pioches et qui contemplerait le d\u00e9but des communaut\u00e9s villageoises n\u00e9olithiques pour arriver \u00e0 la r\u00e9volution m\u00e9tallurgique et \u00e0 l&rsquo;introduction du fer et de l&rsquo;acier. En effet, plusieurs mill\u00e9naires avant le changement d&rsquo;\u00e8re encadrent les peintures rupestres post-pal\u00e9olithiques du Parc culturel de la rivi\u00e8re Mart\u00edn entre deux mondes, des pr\u00e9dateurs aux producteurs, des nomades aux s\u00e9dentaires, de la vall\u00e9e aux montagnes&#8230;<\/p>\n<p>L&rsquo;exposition s&rsquo;articule autour de deux salles principales.<\/p>\n<p><strong>1.- LA SALLE DE R\u00c9CEPTION<\/strong><\/p>\n<p>Le territoire et le parc culturel de la rivi\u00e8re Mart\u00edn sont pr\u00e9sent\u00e9s, avec les abris avec des peintures rupestres qui ont \u00e9t\u00e9 d\u00e9clar\u00e9s <strong>sites du patrimoine mondial<\/strong>.<\/p>\n<p><strong>LA SALLE D&rsquo;EXPOSITION PERMANENTE \u00ab\u00a0Entre deux mondes\u00a0\u00bb<\/strong>: cette salle est \u00e0 son tour subdivis\u00e9e en trois grands espaces :<\/p>\n<p><strong>Espace 1 : L&rsquo;art rupestre comme expression graphique des id\u00e9es<\/strong>, Introduction \u00e0 l&rsquo;art rupestre et \u00e0 sa signification dans le monde, dans l&rsquo;Arc m\u00e9diterran\u00e9en de la p\u00e9ninsule ib\u00e9rique, en Aragon et dans le Parc culturel de R\u00edo Mart\u00edn.<\/p>\n<p><strong>Espace 2 : Un territoire entre deux mondes<\/strong>: comme lieu de rencontre de diff\u00e9rentes communaut\u00e9s et comme lieu d&rsquo;affrontement ou de coexistence, o\u00f9 l&rsquo;objectif est d&rsquo;associer la diversit\u00e9 des paysages et des \u00e9cosyst\u00e8mes.<\/p>\n<p><strong>Espace 3 : Histoires de nos anc\u00eatres<\/strong>: Sc\u00e9nographies, repr\u00e9sentations des peintures et un audiovisuel didactique install\u00e9s dans la reconstitution d&rsquo;un abri sous roche.<\/p>\n<p>Pour clore l&rsquo;espace et l&rsquo;exposition, il y a une section consacr\u00e9e \u00e0 la  <strong>\u00ab\u00a0La recherche : connaissances et questions\u00a0\u00bb.<\/strong>  Cet espace a pour but de faire une histoire de la recherche en mettant en avant la figure exceptionnelle du professeur A. Beltr\u00e1n, grande figure internationale de l&rsquo;\u00e9tude de l&rsquo;art rupestre et l&rsquo;un des p\u00e8res des parcs culturels d&rsquo;Aragon, \u00e0 qui ce centre a \u00e9t\u00e9 d\u00e9di\u00e9 et auquel il entend rendre hommage.<\/p>\n","protected":false},"featured_media":102377,"template":"","categorias_tipos":[102],"acf":[],"yoast_head":"<!-- This site is optimized with the Yoast SEO plugin v22.5 - https:\/\/yoast.com\/wordpress\/plugins\/seo\/ -->\n<title>Centre d&#039;Art Rupestre \u00abAntonio Beltr\u00e1n\u00bb. Ari\u00f1o - Parque Cultural del R\u00edo Mart\u00edn<\/title>\n<meta name=\"robots\" content=\"index, follow, max-snippet:-1, max-image-preview:large, max-video-preview:-1\" \/>\n<link rel=\"canonical\" href=\"https:\/\/parqueriomartin.com\/fr\/c_interpretacion\/centre-dart-rupestre-antonio-beltran-arino\/\" \/>\n<meta property=\"og:locale\" content=\"fr_FR\" \/>\n<meta property=\"og:type\" content=\"article\" \/>\n<meta property=\"og:title\" content=\"Centre d&#039;Art Rupestre \u00abAntonio Beltr\u00e1n\u00bb. Ari\u00f1o - Parque Cultural del R\u00edo Mart\u00edn\" \/>\n<meta property=\"og:description\" content=\"L&rsquo;exposition, intitul\u00e9e \u00ab\u00a0Les peintures rupestres de la rivi\u00e8re Mart\u00edn : Entre deux mondes\u00a0\u00bb vise \u00e0 montrer de mani\u00e8re didactique, simple et ludique les modes de vie, les croyances et les conceptions artistiques de populations qui ont d\u00e9velopp\u00e9 leur existence entre un monde de chasseurs \u00e0 l&rsquo;arc, de cueilleurs et de p\u00eacheurs dans les rivi\u00e8res typiques [&hellip;]\" \/>\n<meta property=\"og:url\" content=\"https:\/\/parqueriomartin.com\/fr\/c_interpretacion\/centre-dart-rupestre-antonio-beltran-arino\/\" \/>\n<meta property=\"og:site_name\" content=\"Parque Cultural del R\u00edo Mart\u00edn\" \/>\n<meta property=\"article:modified_time\" content=\"2024-06-13T11:15:52+00:00\" \/>\n<meta property=\"og:image\" content=\"https:\/\/parqueriomartin.com\/wp-content\/uploads\/cabecera-centro-arte-rupestre-arino-parque-cultural-rio-martin.webp\" \/>\n\t<meta property=\"og:image:width\" content=\"1920\" \/>\n\t<meta property=\"og:image:height\" content=\"1275\" \/>\n\t<meta property=\"og:image:type\" content=\"image\/webp\" \/>\n<meta name=\"twitter:card\" content=\"summary_large_image\" \/>\n<meta name=\"twitter:label1\" content=\"Dur\u00e9e de lecture estim\u00e9e\" \/>\n\t<meta name=\"twitter:data1\" content=\"2 minutes\" \/>\n<script type=\"application\/ld+json\" class=\"yoast-schema-graph\">{\"@context\":\"https:\/\/schema.org\",\"@graph\":[{\"@type\":\"WebPage\",\"@id\":\"https:\/\/parqueriomartin.com\/fr\/c_interpretacion\/centre-dart-rupestre-antonio-beltran-arino\/\",\"url\":\"https:\/\/parqueriomartin.com\/fr\/c_interpretacion\/centre-dart-rupestre-antonio-beltran-arino\/\",\"name\":\"Centre d'Art Rupestre \u00abAntonio Beltr\u00e1n\u00bb. Ari\u00f1o - Parque Cultural del R\u00edo Mart\u00edn\",\"isPartOf\":{\"@id\":\"https:\/\/parqueriomartin.com\/fr\/#website\"},\"primaryImageOfPage\":{\"@id\":\"https:\/\/parqueriomartin.com\/fr\/c_interpretacion\/centre-dart-rupestre-antonio-beltran-arino\/#primaryimage\"},\"image\":{\"@id\":\"https:\/\/parqueriomartin.com\/fr\/c_interpretacion\/centre-dart-rupestre-antonio-beltran-arino\/#primaryimage\"},\"thumbnailUrl\":\"https:\/\/parqueriomartin.com\/wp-content\/uploads\/cabecera-centro-arte-rupestre-arino-parque-cultural-rio-martin.webp\",\"datePublished\":\"2022-10-05T17:22:01+00:00\",\"dateModified\":\"2024-06-13T11:15:52+00:00\",\"breadcrumb\":{\"@id\":\"https:\/\/parqueriomartin.com\/fr\/c_interpretacion\/centre-dart-rupestre-antonio-beltran-arino\/#breadcrumb\"},\"inLanguage\":\"fr-FR\",\"potentialAction\":[{\"@type\":\"ReadAction\",\"target\":[\"https:\/\/parqueriomartin.com\/fr\/c_interpretacion\/centre-dart-rupestre-antonio-beltran-arino\/\"]}]},{\"@type\":\"ImageObject\",\"inLanguage\":\"fr-FR\",\"@id\":\"https:\/\/parqueriomartin.com\/fr\/c_interpretacion\/centre-dart-rupestre-antonio-beltran-arino\/#primaryimage\",\"url\":\"https:\/\/parqueriomartin.com\/wp-content\/uploads\/cabecera-centro-arte-rupestre-arino-parque-cultural-rio-martin.webp\",\"contentUrl\":\"https:\/\/parqueriomartin.com\/wp-content\/uploads\/cabecera-centro-arte-rupestre-arino-parque-cultural-rio-martin.webp\",\"width\":1920,\"height\":1275},{\"@type\":\"BreadcrumbList\",\"@id\":\"https:\/\/parqueriomartin.com\/fr\/c_interpretacion\/centre-dart-rupestre-antonio-beltran-arino\/#breadcrumb\",\"itemListElement\":[{\"@type\":\"ListItem\",\"position\":1,\"name\":\"Portada\",\"item\":\"https:\/\/parqueriomartin.com\/fr\/\"},{\"@type\":\"ListItem\",\"position\":2,\"name\":\"Centre d&rsquo;Art Rupestre \u00abAntonio Beltr\u00e1n\u00bb. Ari\u00f1o\"}]},{\"@type\":\"WebSite\",\"@id\":\"https:\/\/parqueriomartin.com\/fr\/#website\",\"url\":\"https:\/\/parqueriomartin.com\/fr\/\",\"name\":\"Parque Cultural del R\u00edo Mart\u00edn\",\"description\":\"Conoce los pueblos, las rutas, los centros de interpretaci\u00f3n, las gentes... del Parque Cultural del R\u00edo Mart\u00edn\",\"potentialAction\":[{\"@type\":\"SearchAction\",\"target\":{\"@type\":\"EntryPoint\",\"urlTemplate\":\"https:\/\/parqueriomartin.com\/fr\/?s={search_term_string}\"},\"query-input\":\"required name=search_term_string\"}],\"inLanguage\":\"fr-FR\"}]}<\/script>\n<!-- \/ Yoast SEO plugin. -->","yoast_head_json":{"title":"Centre d'Art Rupestre \u00abAntonio Beltr\u00e1n\u00bb. Ari\u00f1o - Parque Cultural del R\u00edo Mart\u00edn","robots":{"index":"index","follow":"follow","max-snippet":"max-snippet:-1","max-image-preview":"max-image-preview:large","max-video-preview":"max-video-preview:-1"},"canonical":"https:\/\/parqueriomartin.com\/fr\/c_interpretacion\/centre-dart-rupestre-antonio-beltran-arino\/","og_locale":"fr_FR","og_type":"article","og_title":"Centre d'Art Rupestre \u00abAntonio Beltr\u00e1n\u00bb. Ari\u00f1o - Parque Cultural del R\u00edo Mart\u00edn","og_description":"L&rsquo;exposition, intitul\u00e9e \u00ab\u00a0Les peintures rupestres de la rivi\u00e8re Mart\u00edn : Entre deux mondes\u00a0\u00bb vise \u00e0 montrer de mani\u00e8re didactique, simple et ludique les modes de vie, les croyances et les conceptions artistiques de populations qui ont d\u00e9velopp\u00e9 leur existence entre un monde de chasseurs \u00e0 l&rsquo;arc, de cueilleurs et de p\u00eacheurs dans les rivi\u00e8res typiques [&hellip;]","og_url":"https:\/\/parqueriomartin.com\/fr\/c_interpretacion\/centre-dart-rupestre-antonio-beltran-arino\/","og_site_name":"Parque Cultural del R\u00edo Mart\u00edn","article_modified_time":"2024-06-13T11:15:52+00:00","og_image":[{"width":1920,"height":1275,"url":"https:\/\/parqueriomartin.com\/wp-content\/uploads\/cabecera-centro-arte-rupestre-arino-parque-cultural-rio-martin.webp","type":"image\/webp"}],"twitter_card":"summary_large_image","twitter_misc":{"Dur\u00e9e de lecture estim\u00e9e":"2 minutes"},"schema":{"@context":"https:\/\/schema.org","@graph":[{"@type":"WebPage","@id":"https:\/\/parqueriomartin.com\/fr\/c_interpretacion\/centre-dart-rupestre-antonio-beltran-arino\/","url":"https:\/\/parqueriomartin.com\/fr\/c_interpretacion\/centre-dart-rupestre-antonio-beltran-arino\/","name":"Centre d'Art Rupestre \u00abAntonio Beltr\u00e1n\u00bb. Ari\u00f1o - Parque Cultural del R\u00edo Mart\u00edn","isPartOf":{"@id":"https:\/\/parqueriomartin.com\/fr\/#website"},"primaryImageOfPage":{"@id":"https:\/\/parqueriomartin.com\/fr\/c_interpretacion\/centre-dart-rupestre-antonio-beltran-arino\/#primaryimage"},"image":{"@id":"https:\/\/parqueriomartin.com\/fr\/c_interpretacion\/centre-dart-rupestre-antonio-beltran-arino\/#primaryimage"},"thumbnailUrl":"https:\/\/parqueriomartin.com\/wp-content\/uploads\/cabecera-centro-arte-rupestre-arino-parque-cultural-rio-martin.webp","datePublished":"2022-10-05T17:22:01+00:00","dateModified":"2024-06-13T11:15:52+00:00","breadcrumb":{"@id":"https:\/\/parqueriomartin.com\/fr\/c_interpretacion\/centre-dart-rupestre-antonio-beltran-arino\/#breadcrumb"},"inLanguage":"fr-FR","potentialAction":[{"@type":"ReadAction","target":["https:\/\/parqueriomartin.com\/fr\/c_interpretacion\/centre-dart-rupestre-antonio-beltran-arino\/"]}]},{"@type":"ImageObject","inLanguage":"fr-FR","@id":"https:\/\/parqueriomartin.com\/fr\/c_interpretacion\/centre-dart-rupestre-antonio-beltran-arino\/#primaryimage","url":"https:\/\/parqueriomartin.com\/wp-content\/uploads\/cabecera-centro-arte-rupestre-arino-parque-cultural-rio-martin.webp","contentUrl":"https:\/\/parqueriomartin.com\/wp-content\/uploads\/cabecera-centro-arte-rupestre-arino-parque-cultural-rio-martin.webp","width":1920,"height":1275},{"@type":"BreadcrumbList","@id":"https:\/\/parqueriomartin.com\/fr\/c_interpretacion\/centre-dart-rupestre-antonio-beltran-arino\/#breadcrumb","itemListElement":[{"@type":"ListItem","position":1,"name":"Portada","item":"https:\/\/parqueriomartin.com\/fr\/"},{"@type":"ListItem","position":2,"name":"Centre d&rsquo;Art Rupestre \u00abAntonio Beltr\u00e1n\u00bb. Ari\u00f1o"}]},{"@type":"WebSite","@id":"https:\/\/parqueriomartin.com\/fr\/#website","url":"https:\/\/parqueriomartin.com\/fr\/","name":"Parque Cultural del R\u00edo Mart\u00edn","description":"Conoce los pueblos, las rutas, los centros de interpretaci\u00f3n, las gentes... del Parque Cultural del R\u00edo Mart\u00edn","potentialAction":[{"@type":"SearchAction","target":{"@type":"EntryPoint","urlTemplate":"https:\/\/parqueriomartin.com\/fr\/?s={search_term_string}"},"query-input":"required name=search_term_string"}],"inLanguage":"fr-FR"}]}},"_links":{"self":[{"href":"https:\/\/parqueriomartin.com\/fr\/wp-json\/wp\/v2\/c_interpretacion\/102658"}],"collection":[{"href":"https:\/\/parqueriomartin.com\/fr\/wp-json\/wp\/v2\/c_interpretacion"}],"about":[{"href":"https:\/\/parqueriomartin.com\/fr\/wp-json\/wp\/v2\/types\/c_interpretacion"}],"wp:featuredmedia":[{"embeddable":true,"href":"https:\/\/parqueriomartin.com\/fr\/wp-json\/wp\/v2\/media\/102377"}],"wp:attachment":[{"href":"https:\/\/parqueriomartin.com\/fr\/wp-json\/wp\/v2\/media?parent=102658"}],"wp:term":[{"taxonomy":"categorias_tipos","embeddable":true,"href":"https:\/\/parqueriomartin.com\/fr\/wp-json\/wp\/v2\/categorias_tipos?post=102658"}],"curies":[{"name":"wp","href":"https:\/\/api.w.org\/{rel}","templated":true}]}}