{"id":103548,"date":"2022-10-13T14:45:59","date_gmt":"2022-10-13T14:45:59","guid":{"rendered":"http:\/\/parqueculturalriomartin.com.mialias.net\/?post_type=el_parque&#038;p=103548"},"modified":"2022-10-19T17:22:40","modified_gmt":"2022-10-19T17:22:40","slug":"vegetation","status":"publish","type":"el_parque","link":"https:\/\/parqueriomartin.com\/fr\/el_parque\/vegetation\/","title":{"rendered":"V\u00e9g\u00e9tation"},"content":{"rendered":"<p>Afin de r\u00e9cup\u00e9rer les zones d\u00e9grad\u00e9es \u00e0 la suite de l&rsquo;abandon des terres pr\u00e9c\u00e9demment labour\u00e9es en raison de la difficult\u00e9 d&rsquo;acc\u00e8s par des moyens m\u00e9caniques, et affect\u00e9es par l&rsquo;\u00e9rosion, la zone a \u00e9t\u00e9 rebois\u00e9e avec des pins d&rsquo;Alep. Nous pouvons citer la pin\u00e8de de La Pinarosa \u00e0 Ari\u00f1o, qui profite des ravins et des zones ombrag\u00e9es de la cha\u00eene de montagnes Arcos et de ses contreforts, ou la pin\u00e8de de Los Molares, qui occupe les vall\u00e9es et les versants de la rivi\u00e8re Seco et des ravins affluents entre Oliete et Alcaine.<\/p>\n<p>Le climat m\u00e9diterran\u00e9en continentalis\u00e9, r\u00e9sultat de l&rsquo;immersion par la vall\u00e9e de la rivi\u00e8re Mart\u00edn dans un environnement montagneux, pauvre en ressources hydriques et avec de forts contrastes de temp\u00e9rature entre le jour et la nuit, permet l&rsquo;existence de gen\u00e9vriers, certaines communaut\u00e9s importantes de gen\u00e9vriers noirs \u00e9tant situ\u00e9es dans diff\u00e9rentes parties du Parc et s&rsquo;adaptant aux zones rocheuses escarp\u00e9es, accompagn\u00e9es dans de nombreux cas de gen\u00e9vriers. Cependant, le gen\u00e9vrier est moins fr\u00e9quent, mais plus spectaculaire, et il existe quelques sp\u00e9cimens \u00e9pars et monumentaux dans le Parc, dont ceux de San Pedro \u00e0 Oliete et de La Dehesa \u00e0 Alcaine, entre autres.<\/p>\n<p>D&rsquo;autre part, la v\u00e9g\u00e9tation riveraine est abondante, formant une bordure \u00e9troite et discontinue sur les rives de la rivi\u00e8re Mar\u00edn, domin\u00e9e par des peupliers, des saules, des fr\u00eanes, des ormes, des joncs et des ronces, avec des tamaris en queue du r\u00e9servoir de Cueva Foradada, qui forment une petite for\u00eat d&rsquo;une \u00e9norme importance \u00e9cologique, et dans de nombreux ravins et \u00e9tangs des affluents o\u00f9 domine la v\u00e9g\u00e9tation hygrophile.<\/p>\n<p>Un autre aspect \u00e0 souligner sont les parcelles de v\u00e9g\u00e9tation \u00ab\u00a0ordonn\u00e9es\u00a0\u00bb dont l&rsquo;origine r\u00e9side dans le besoin de l&rsquo;homme de produire de la nourriture par le biais de l&rsquo;agriculture, avec des plantations en bord de rivi\u00e8re (cultures horticoles et arbres fruitiers) et des plantations pluviales (cultures c\u00e9r\u00e9ali\u00e8res, vignes, oliviers et amandiers).<\/p>\n","protected":false},"featured_media":103518,"template":"","categorias_tipos":[104],"acf":[],"yoast_head":"<!-- This site is optimized with the Yoast SEO plugin v22.5 - https:\/\/yoast.com\/wordpress\/plugins\/seo\/ -->\n<title>V\u00e9g\u00e9tation - Parque Cultural del R\u00edo Mart\u00edn<\/title>\n<meta name=\"robots\" content=\"index, follow, max-snippet:-1, max-image-preview:large, max-video-preview:-1\" \/>\n<link rel=\"canonical\" href=\"https:\/\/parqueriomartin.com\/fr\/el_parque\/vegetation\/\" \/>\n<meta property=\"og:locale\" content=\"fr_FR\" \/>\n<meta property=\"og:type\" content=\"article\" \/>\n<meta property=\"og:title\" content=\"V\u00e9g\u00e9tation - Parque Cultural del R\u00edo Mart\u00edn\" \/>\n<meta property=\"og:description\" content=\"Afin de r\u00e9cup\u00e9rer les zones d\u00e9grad\u00e9es \u00e0 la suite de l&rsquo;abandon des terres pr\u00e9c\u00e9demment labour\u00e9es en raison de la difficult\u00e9 d&rsquo;acc\u00e8s par des moyens m\u00e9caniques, et affect\u00e9es par l&rsquo;\u00e9rosion, la zone a \u00e9t\u00e9 rebois\u00e9e avec des pins d&rsquo;Alep. Nous pouvons citer la pin\u00e8de de La Pinarosa \u00e0 Ari\u00f1o, qui profite des ravins et des zones [&hellip;]\" \/>\n<meta property=\"og:url\" content=\"https:\/\/parqueriomartin.com\/fr\/el_parque\/vegetation\/\" \/>\n<meta property=\"og:site_name\" content=\"Parque Cultural del R\u00edo Mart\u00edn\" \/>\n<meta property=\"article:modified_time\" content=\"2022-10-19T17:22:40+00:00\" \/>\n<meta property=\"og:image\" content=\"https:\/\/parqueriomartin.com\/wp-content\/uploads\/cabecera-vegetacion-parque-cultural-rio-martin.webp\" \/>\n\t<meta property=\"og:image:width\" content=\"1920\" \/>\n\t<meta property=\"og:image:height\" content=\"1440\" \/>\n\t<meta property=\"og:image:type\" content=\"image\/webp\" \/>\n<meta name=\"twitter:card\" content=\"summary_large_image\" \/>\n<meta name=\"twitter:label1\" content=\"Dur\u00e9e de lecture estim\u00e9e\" \/>\n\t<meta name=\"twitter:data1\" content=\"2 minutes\" \/>\n<script type=\"application\/ld+json\" class=\"yoast-schema-graph\">{\"@context\":\"https:\/\/schema.org\",\"@graph\":[{\"@type\":\"WebPage\",\"@id\":\"https:\/\/parqueriomartin.com\/fr\/el_parque\/vegetation\/\",\"url\":\"https:\/\/parqueriomartin.com\/fr\/el_parque\/vegetation\/\",\"name\":\"V\u00e9g\u00e9tation - Parque Cultural del R\u00edo Mart\u00edn\",\"isPartOf\":{\"@id\":\"https:\/\/parqueriomartin.com\/fr\/#website\"},\"primaryImageOfPage\":{\"@id\":\"https:\/\/parqueriomartin.com\/fr\/el_parque\/vegetation\/#primaryimage\"},\"image\":{\"@id\":\"https:\/\/parqueriomartin.com\/fr\/el_parque\/vegetation\/#primaryimage\"},\"thumbnailUrl\":\"https:\/\/parqueriomartin.com\/wp-content\/uploads\/cabecera-vegetacion-parque-cultural-rio-martin.webp\",\"datePublished\":\"2022-10-13T14:45:59+00:00\",\"dateModified\":\"2022-10-19T17:22:40+00:00\",\"breadcrumb\":{\"@id\":\"https:\/\/parqueriomartin.com\/fr\/el_parque\/vegetation\/#breadcrumb\"},\"inLanguage\":\"fr-FR\",\"potentialAction\":[{\"@type\":\"ReadAction\",\"target\":[\"https:\/\/parqueriomartin.com\/fr\/el_parque\/vegetation\/\"]}]},{\"@type\":\"ImageObject\",\"inLanguage\":\"fr-FR\",\"@id\":\"https:\/\/parqueriomartin.com\/fr\/el_parque\/vegetation\/#primaryimage\",\"url\":\"https:\/\/parqueriomartin.com\/wp-content\/uploads\/cabecera-vegetacion-parque-cultural-rio-martin.webp\",\"contentUrl\":\"https:\/\/parqueriomartin.com\/wp-content\/uploads\/cabecera-vegetacion-parque-cultural-rio-martin.webp\",\"width\":1920,\"height\":1440},{\"@type\":\"BreadcrumbList\",\"@id\":\"https:\/\/parqueriomartin.com\/fr\/el_parque\/vegetation\/#breadcrumb\",\"itemListElement\":[{\"@type\":\"ListItem\",\"position\":1,\"name\":\"Portada\",\"item\":\"https:\/\/parqueriomartin.com\/fr\/\"},{\"@type\":\"ListItem\",\"position\":2,\"name\":\"V\u00e9g\u00e9tation\"}]},{\"@type\":\"WebSite\",\"@id\":\"https:\/\/parqueriomartin.com\/fr\/#website\",\"url\":\"https:\/\/parqueriomartin.com\/fr\/\",\"name\":\"Parque Cultural del R\u00edo Mart\u00edn\",\"description\":\"Conoce los pueblos, las rutas, los centros de interpretaci\u00f3n, las gentes... del Parque Cultural del R\u00edo Mart\u00edn\",\"potentialAction\":[{\"@type\":\"SearchAction\",\"target\":{\"@type\":\"EntryPoint\",\"urlTemplate\":\"https:\/\/parqueriomartin.com\/fr\/?s={search_term_string}\"},\"query-input\":\"required name=search_term_string\"}],\"inLanguage\":\"fr-FR\"}]}<\/script>\n<!-- \/ Yoast SEO plugin. -->","yoast_head_json":{"title":"V\u00e9g\u00e9tation - Parque Cultural del R\u00edo Mart\u00edn","robots":{"index":"index","follow":"follow","max-snippet":"max-snippet:-1","max-image-preview":"max-image-preview:large","max-video-preview":"max-video-preview:-1"},"canonical":"https:\/\/parqueriomartin.com\/fr\/el_parque\/vegetation\/","og_locale":"fr_FR","og_type":"article","og_title":"V\u00e9g\u00e9tation - Parque Cultural del R\u00edo Mart\u00edn","og_description":"Afin de r\u00e9cup\u00e9rer les zones d\u00e9grad\u00e9es \u00e0 la suite de l&rsquo;abandon des terres pr\u00e9c\u00e9demment labour\u00e9es en raison de la difficult\u00e9 d&rsquo;acc\u00e8s par des moyens m\u00e9caniques, et affect\u00e9es par l&rsquo;\u00e9rosion, la zone a \u00e9t\u00e9 rebois\u00e9e avec des pins d&rsquo;Alep. Nous pouvons citer la pin\u00e8de de La Pinarosa \u00e0 Ari\u00f1o, qui profite des ravins et des zones [&hellip;]","og_url":"https:\/\/parqueriomartin.com\/fr\/el_parque\/vegetation\/","og_site_name":"Parque Cultural del R\u00edo Mart\u00edn","article_modified_time":"2022-10-19T17:22:40+00:00","og_image":[{"width":1920,"height":1440,"url":"https:\/\/parqueriomartin.com\/wp-content\/uploads\/cabecera-vegetacion-parque-cultural-rio-martin.webp","type":"image\/webp"}],"twitter_card":"summary_large_image","twitter_misc":{"Dur\u00e9e de lecture estim\u00e9e":"2 minutes"},"schema":{"@context":"https:\/\/schema.org","@graph":[{"@type":"WebPage","@id":"https:\/\/parqueriomartin.com\/fr\/el_parque\/vegetation\/","url":"https:\/\/parqueriomartin.com\/fr\/el_parque\/vegetation\/","name":"V\u00e9g\u00e9tation - Parque Cultural del R\u00edo Mart\u00edn","isPartOf":{"@id":"https:\/\/parqueriomartin.com\/fr\/#website"},"primaryImageOfPage":{"@id":"https:\/\/parqueriomartin.com\/fr\/el_parque\/vegetation\/#primaryimage"},"image":{"@id":"https:\/\/parqueriomartin.com\/fr\/el_parque\/vegetation\/#primaryimage"},"thumbnailUrl":"https:\/\/parqueriomartin.com\/wp-content\/uploads\/cabecera-vegetacion-parque-cultural-rio-martin.webp","datePublished":"2022-10-13T14:45:59+00:00","dateModified":"2022-10-19T17:22:40+00:00","breadcrumb":{"@id":"https:\/\/parqueriomartin.com\/fr\/el_parque\/vegetation\/#breadcrumb"},"inLanguage":"fr-FR","potentialAction":[{"@type":"ReadAction","target":["https:\/\/parqueriomartin.com\/fr\/el_parque\/vegetation\/"]}]},{"@type":"ImageObject","inLanguage":"fr-FR","@id":"https:\/\/parqueriomartin.com\/fr\/el_parque\/vegetation\/#primaryimage","url":"https:\/\/parqueriomartin.com\/wp-content\/uploads\/cabecera-vegetacion-parque-cultural-rio-martin.webp","contentUrl":"https:\/\/parqueriomartin.com\/wp-content\/uploads\/cabecera-vegetacion-parque-cultural-rio-martin.webp","width":1920,"height":1440},{"@type":"BreadcrumbList","@id":"https:\/\/parqueriomartin.com\/fr\/el_parque\/vegetation\/#breadcrumb","itemListElement":[{"@type":"ListItem","position":1,"name":"Portada","item":"https:\/\/parqueriomartin.com\/fr\/"},{"@type":"ListItem","position":2,"name":"V\u00e9g\u00e9tation"}]},{"@type":"WebSite","@id":"https:\/\/parqueriomartin.com\/fr\/#website","url":"https:\/\/parqueriomartin.com\/fr\/","name":"Parque Cultural del R\u00edo Mart\u00edn","description":"Conoce los pueblos, las rutas, los centros de interpretaci\u00f3n, las gentes... del Parque Cultural del R\u00edo Mart\u00edn","potentialAction":[{"@type":"SearchAction","target":{"@type":"EntryPoint","urlTemplate":"https:\/\/parqueriomartin.com\/fr\/?s={search_term_string}"},"query-input":"required name=search_term_string"}],"inLanguage":"fr-FR"}]}},"_links":{"self":[{"href":"https:\/\/parqueriomartin.com\/fr\/wp-json\/wp\/v2\/el_parque\/103548"}],"collection":[{"href":"https:\/\/parqueriomartin.com\/fr\/wp-json\/wp\/v2\/el_parque"}],"about":[{"href":"https:\/\/parqueriomartin.com\/fr\/wp-json\/wp\/v2\/types\/el_parque"}],"wp:featuredmedia":[{"embeddable":true,"href":"https:\/\/parqueriomartin.com\/fr\/wp-json\/wp\/v2\/media\/103518"}],"wp:attachment":[{"href":"https:\/\/parqueriomartin.com\/fr\/wp-json\/wp\/v2\/media?parent=103548"}],"wp:term":[{"taxonomy":"categorias_tipos","embeddable":true,"href":"https:\/\/parqueriomartin.com\/fr\/wp-json\/wp\/v2\/categorias_tipos?post=103548"}],"curies":[{"name":"wp","href":"https:\/\/api.w.org\/{rel}","templated":true}]}}