{"id":107605,"date":"2022-10-26T08:51:35","date_gmt":"2022-10-26T08:51:35","guid":{"rendered":"https:\/\/parqueriomartin.com\/?page_id=107605"},"modified":"2022-11-14T16:28:18","modified_gmt":"2022-11-14T16:28:18","slug":"publications-du-parc-culturel-de-rio-martin","status":"publish","type":"page","link":"https:\/\/parqueriomartin.com\/fr\/publications-du-parc-culturel-de-rio-martin\/","title":{"rendered":"Publications du Parc Culturel de R\u00edo Mart\u00edn"},"content":{"rendered":"<p>[et_pb_section fb_built=\u00a0\u00bb1&Prime; custom_padding_last_edited=\u00a0\u00bboff|desktop\u00a0\u00bb next_background_color=\u00a0\u00bb#ffffff\u00a0\u00bb admin_label=\u00a0\u00bbCabecera\u00a0\u00bb _builder_version=\u00a0\u00bb4.18.0&Prime; _dynamic_attributes=\u00a0\u00bbbackground_image\u00a0\u00bb _module_preset=\u00a0\u00bbdefault\u00a0\u00bb use_background_color_gradient=\u00a0\u00bbon\u00a0\u00bb background_color_gradient_direction=\u00a0\u00bb90deg\u00a0\u00bb background_color_gradient_stops=\u00a0\u00bbrgba(0,0,0,0.9) 0%|rgba(0,0,0,0) 100%\u00a0\u00bb background_color_gradient_overlays_image=\u00a0\u00bbon\u00a0\u00bb background_color_gradient_start=\u00a0\u00bbrgba(0,0,0,0.9)\u00a0\u00bb background_color_gradient_end=\u00a0\u00bbrgba(0,0,0,0)\u00a0\u00bb background_image=\u00a0\u00bb@ET-DC@eyJkeW5hbWljIjp0cnVlLCJjb250ZW50IjoicG9zdF9mZWF0dXJlZF9pbWFnZSIsInNldHRpbmdzIjp7fX0=@\u00a0\u00bb custom_padding_tablet=\u00a0\u00bb||100px||false|false\u00a0\u00bb bottom_divider_style=\u00a0\u00bbwave\u00a0\u00bb global_module=\u00a0\u00bb103779&Prime; locked=\u00a0\u00bboff\u00a0\u00bb collapsed=\u00a0\u00bboff\u00a0\u00bb global_colors_info=\u00a0\u00bb{}\u00a0\u00bb][et_pb_row custom_padding_last_edited=\u00a0\u00bbon|phone\u00a0\u00bb _builder_version=\u00a0\u00bb4.16&Prime; _module_preset=\u00a0\u00bbdefault\u00a0\u00bb custom_padding=\u00a0\u00bb160px||160px||true|false\u00a0\u00bb custom_padding_tablet=\u00a0\u00bb100px||100px||true|false\u00a0\u00bb custom_padding_phone=\u00a0\u00bb80px||80px||true|false\u00a0\u00bb global_colors_info=\u00a0\u00bb{}\u00a0\u00bb][et_pb_column type=\u00a0\u00bb4_4&Prime; _builder_version=\u00a0\u00bb4.16&Prime; _module_preset=\u00a0\u00bbdefault\u00a0\u00bb global_colors_info=\u00a0\u00bb{}\u00a0\u00bb][et_pb_text _builder_version=\u00a0\u00bb4.18.0&Prime; _dynamic_attributes=\u00a0\u00bbcontent\u00a0\u00bb _module_preset=\u00a0\u00bbdefault\u00a0\u00bb text_font=\u00a0\u00bbAcme|700||on|||||\u00a0\u00bb text_text_color=\u00a0\u00bbrgba(170,174,106,0.4)\u00a0\u00bb text_font_size=\u00a0\u00bb86px\u00a0\u00bb text_letter_spacing=\u00a0\u00bb10px\u00a0\u00bb text_line_height=\u00a0\u00bb1em\u00a0\u00bb transform_scale=\u00a0\u00bb100%|200%\u00a0\u00bb transform_scale_linked=\u00a0\u00bboff\u00a0\u00bb z_index=\u00a0\u00bb0&Prime; custom_margin=\u00a0\u00bb||-15px||false|false\u00a0\u00bb custom_margin_tablet=\u00a0\u00bb||-8px||false|false\u00a0\u00bb custom_margin_phone=\u00a0\u00bb||-8px||false|false\u00a0\u00bb custom_margin_last_edited=\u00a0\u00bbon|phone\u00a0\u00bb text_font_size_tablet=\u00a0\u00bb40px\u00a0\u00bb text_font_size_phone=\u00a0\u00bb22px\u00a0\u00bb text_font_size_last_edited=\u00a0\u00bbon|phone\u00a0\u00bb global_colors_info=\u00a0\u00bb{}\u00a0\u00bb]@ET-DC@eyJkeW5hbWljIjp0cnVlLCJjb250ZW50IjoicG9zdF9jYXRlZ29yaWVzIiwic2V0dGluZ3MiOnsiYmVmb3JlIjoiIiwiYWZ0ZXIiOiIiLCJsaW5rX3RvX3Rlcm1fcGFnZSI6Im9mZiIsInNlcGFyYXRvciI6IiB8ICIsImNhdGVnb3J5X3R5cGUiOiJjYXRlZ29yaWFzX3RpcG9zIn19@[\/et_pb_text][et_pb_text _builder_version=\u00a0\u00bb4.18.0&Prime; _dynamic_attributes=\u00a0\u00bbcontent\u00a0\u00bb _module_preset=\u00a0\u00bbdefault\u00a0\u00bb header_text_color=\u00a0\u00bb#FFFFFF\u00a0\u00bb header_line_height=\u00a0\u00bb1.4em\u00a0\u00bb display_conditions=\u00a0\u00bbW3siaWQiOiI0NGJhNTUxYi0zZTM5LTQ5NWQtOTQwOS04NWZiZTZkZTY2MTMiLCJjb25kaXRpb24iOiJydXRhcyIsImNvbmRpdGlvblNldHRpbmdzIjp7ImRpc3BsYXlSdWxlIjoiaXNOb3QiLCJkeW5hbWljUG9zdHMiOlt7ImxhYmVsIjoiUFVFTlRFIERFTCBCQVRcdTAwYzFOLUFMQkFMQVRFIERFTCBBUlpPQklTUE8uIExPUyBFU1RSRUNIT1MgREVMIFJcdTAwY2RPIE1BUlRcdTAwY2ROIChUcmFtbyBHcmFuIFJlY29ycmlkbyBHUiAyNjIpIiwidmFsdWUiOiIxMDEwMTUifSx7ImxhYmVsIjoiQVJJXHUwMGQxTy1FTCBQVUVOVEUgREVMIEJBVEFOLiBMQSBTSUVSUkEgREUgQVJDT1MgKFRyYW1vIEdyYW4gUmVjb3JyaWRvIEdSIDI2MikiLCJ2YWx1ZSI6IjEwMDk1OCJ9LHsibGFiZWwiOiJPTElFVEUtQVJJXHUwMGQxTy4gTEEgUlVUQSBJQlx1MDBjOVJJQ0EgKFRyYW1vIEdyYW4gUmVjb3JyaWRvIEdSIDI2MikiLCJ2YWx1ZSI6IjEwMDkzNSJ9LHsibGFiZWwiOiJBTENBSU5FLU9MSUVURS4gTEEgU0lFUlJBIERFIExPUyBNT1JPUyAoVHJhbW8gR3JhbiBSZWNvcnJpZG8gR1IgMjYyKSIsInZhbHVlIjoiMTAwODk2In0seyJsYWJlbCI6Ik9CXHUwMGQzTi1BTENBSU5FLiBDQVx1MDBkMU9ORVMgREVMIFJcdTAwY2RPIE1BUlRcdTAwY2ROIElJIChUcmFtbyBncmFuIHJlY29ycmlkbyBHUi0yNjIpIiwidmFsdWUiOiIxMDA4NjMifSx7ImxhYmVsIjoiUEVcdTAwZDFBUlJPWUFTLU9CXHUwMGQzTi4gQ0FcdTAwZDFPTkVTIERFTCBSXHUwMGNkTyBNQVJUXHUwMGNkTiBJIChUcmFtbyBncmFuIHJlY29ycmlkbyBHUi0yNjIpIiwidmFsdWUiOiIxMDA4MjkifSx7ImxhYmVsIjoiTU9OVEFMQlx1MDBjMU4gLSBQRVx1MDBkMUFSUk9ZQVMgKFRyYW1vIGdyYW4gcmVjb3JyaWRvIEdSLTI2MikiLCJ2YWx1ZSI6IjEwMDUwMyJ9LHsibGFiZWwiOiJSdXRhIGRlIGxhcyBMYXN0cmFzIGRlIFNhbiBKb3NcdTAwZTkuIE5lY3JcdTAwZjNwb2xpcyBWaXNpZ29kYS1NZWRpZXZhbCAoUGVxdWVcdTAwZjFvIFJlY29ycmlkbyBQUi1URSA5NykiLCJ2YWx1ZSI6IjEwMTA1NyJ9LHsibGFiZWwiOiJCYXJyYW5jbyBkZSBWYWxkb3JpYS1DdWV2YSBOZWdyYSAoUGVxdWVcdTAwZjFvIFJlY29ycmlkbyBQUi1URSAxMTkpIiwidmFsdWUiOiIxMDEwNDcifSx7ImxhYmVsIjoiQXJpXHUwMGYxby1NaXJhZG9yIFNpZXJyYSBkZSBBcmNvcyAoUGVxdWVcdTAwZjFvIFJlY29ycmlkbyBQUiBURS05MikiLCJ2YWx1ZSI6IjEwMDk3NCJ9LHsibGFiZWwiOiJBbGFjXHUwMGYzbi1PbGlldGUuIEJhcnJhbmNvIGRlbCBNb3J0ZXJvIChQZXF1ZVx1MDBmMW8gUmVjb3JyaWRvIFBSLVRFIDExNCkiLCJ2YWx1ZSI6IjEwMDk1MyJ9LHsibGFiZWwiOiJMYXMgVG9ycmVzIE1lZGlldmFsZXMgZGUgQWxjYWluZSAoUGVxdWVcdTAwZjFvIFJlY29ycmlkbyBQUi1URSA5OCkiLCJ2YWx1ZSI6IjEwMDkxMyJ9LHsibGFiZWwiOiJSdXRhIGRlIENhbnRhbG9ib3MuIExhIFBpZWRyYSBTZWNhLiAoU2VuZGVybyBMb2NhbCkiLCJ2YWx1ZSI6IjEwMDgxMSJ9LHsibGFiZWwiOiJSdXRhIGRlIGxhIENpbmdsYS4gKFBlcXVlXHUwMGYxbyBSZWNvcnJpZG8gUFItVEUgMTE4KSIsInZhbHVlIjoiMTAwNzUwIn0seyJsYWJlbCI6IlJ1dGEgZGUgbGEgTXVlbGEgeSByXHUwMGVkbyBBbmNoby4gKFBlcXVlXHUwMGYxbyBSZWNvcnJpZG8uIFBSLVRFIDk5KSIsInZhbHVlIjoiMTAwNzE1In0seyJsYWJlbCI6IlJvdXRlIGRlIExhc3RyYXMgZGUgU2FuIEpvc1x1MDBlOS4gTlx1MDBlOWNyb3BvbGUgd2lzaWdvdGhpcXVlLW1cdTAwZTlkaVx1MDBlOXZhbGUgKGNpcmN1aXQgY291cnQgUFItVEUgOTcpIiwidmFsdWUiOiIxMDI2MzYifSx7ImxhYmVsIjoiQmFycmFuY28gZGUgVmFsZG9yaWEtQ3VldmEgTmVncmEgKFBldGl0ZSByb3V0ZSBQUi1URSAxMTkpIiwidmFsdWUiOiIxMDI2NjIifSx7ImxhYmVsIjoiUE9OVCBEVSBCQVRcdTAwYzFOLUFMQkFMQVRFIERFTCBBUlpPQklTUE8uIExPUyBFU1RSRUNIT1MgREVMIFJcdTAwY2RPIE1BUlRcdTAwY2ROIChzZWN0aW9uIGxvbmd1ZSBkaXN0YW5jZSBkdSBHUiAyNjIpIiwidmFsdWUiOiIxMDI2NTQifSx7ImxhYmVsIjoiQXJpXHUwMGYxby1NaXJhZG9yIFNpZXJyYSBkZSBBcmNvcyAoUGVxdWVcdTAwZjFvIFJlY29ycmlkbyBQUiBURS05MikiLCJ2YWx1ZSI6IjEwMjYzNCJ9LHsibGFiZWwiOiJBUklcdTAwZDFPLUVMIFBVRU5URSBERUwgQkFUQU4uIExBIFNJRVJSQSBERSBBUkNPUyAodHJvblx1MDBlN29uIGxvbmd1ZSBkaXN0YW5jZSBkdSBHUiAyNjIpIiwidmFsdWUiOiIxMDI2NDIifSx7ImxhYmVsIjoiQWxhY1x1MDBmM24tT2xpZXRlLiBSYXZpbiBkZSBCYXJyYW5jbyBkZWwgTW9ydGVybyAoUGVxdWVcdTAwZjFvIFJlY29ycmlkbyBQUi1URSAxMTQpIiwidmFsdWUiOiIxMDI2MTcifSx7ImxhYmVsIjoiT0xJRVRFLUFSSVx1MDBkMU8uIExBIFJPVVRFIElCXHUwMGM5UklFTk5FIChzZWN0aW9uIGxvbmd1ZSBkaXN0YW5jZSBkdSBHUiAyNjIpIiwidmFsdWUiOiIxMDI2MjgifSx7ImxhYmVsIjoiTGVzIHRvdXJzIG1cdTAwZTlkaVx1MDBlOXZhbGVzIGQnQWxjYWluZSAoSXRpblx1MDBlOXJhaXJlIGNvdXJ0IFBSLVRFIDk4KSIsInZhbHVlIjoiMTAyNjExIn0seyJsYWJlbCI6IkFMQ0FJTkUtT0xJRVRFLiBMQSBTSUVSUkEgREUgTE9TIE1PUk9TICh0cm9uXHUwMGU3b24gbG9uZ3VlIGRpc3RhbmNlIGR1IEdSIDI2MikiLCJ2YWx1ZSI6IjEwMjYxOSJ9LHsibGFiZWwiOiJPQk9OLUFMQ0FJTkUuIENBXHUwMGQxT05FUyBERUwgUlx1MDBjZE8gTUFSVFx1MDBjZE4gSUkgKHRyb25cdTAwZTdvbiBsb25ndWUgZGlzdGFuY2UgZHUgR1ItMjYyKSIsInZhbHVlIjoiMTAyNTkzIn0seyJsYWJlbCI6IlBFXHUwMGQxQVJST1lBUy1PQlx1MDBkM04uIENBTllPTlMgRFUgUlx1MDBjZE8gTUFSVFx1MDBjZE4gSSAodHJvblx1MDBlN29uIGxvbmd1ZSBkaXN0YW5jZSBkdSBHUi0yNjIpIiwidmFsdWUiOiIxMDI2MDkifSx7ImxhYmVsIjoiUm91dGUgZGUgQ2FudGFsb2Jvcy4gTGEgUGllZHJhIFNlY2EuIChDaGVtaW4gbG9jYWwpIiwidmFsdWUiOiIxMDI1OTgifSx7ImxhYmVsIjoiUm91dGUgZGUgQ2luZ2xhLiAoSXRpblx1MDBlOXJhaXJlIGNvdXJ0IFBSLVRFIDExOCkiLCJ2YWx1ZSI6IjEwMjU4NyJ9LHsibGFiZWwiOiJSb3V0ZSBkZSBsYSByaXZpXHUwMGU4cmUgTGEgTXVlbGEgZXQgQW5jaG8uIChJdGluXHUwMGU5cmFpcmUgY291cnQuIFBSLVRFIDk5KSIsInZhbHVlIjoiMTAyNjAwIn0seyJsYWJlbCI6Ik1PTlRBTEJcdTAwYzFOIC0gUEVcdTAwZDFBUlJPWUFTICh0cm9uXHUwMGU3b24gaW50ZXJ1cmJhaW4gR1ItMjYyKSIsInZhbHVlIjoiMTAyNTkwIn1dLCJwb3N0VHlwZUxhYmVsIjoiUnV0YXMiLCJhZG1pbkxhYmVsIjoiUnV0YXMiLCJlbmFibGVDb25kaXRpb24iOiJvbiJ9LCJvcGVyYXRvciI6Ik9SIn1d\u00a0\u00bb custom_margin=\u00a0\u00bb||0px||false|false\u00a0\u00bb header_font_size_tablet=\u00a0\u00bb25px\u00a0\u00bb header_font_size_phone=\u00a0\u00bb20px\u00a0\u00bb header_font_size_last_edited=\u00a0\u00bbon|phone\u00a0\u00bb locked=\u00a0\u00bboff\u00a0\u00bb global_colors_info=\u00a0\u00bb{}\u00a0\u00bb]@ET-DC@eyJkeW5hbWljIjp0cnVlLCJjb250ZW50IjoicG9zdF90aXRsZSIsInNldHRpbmdzIjp7ImJlZm9yZSI6IjxoMT4iLCJhZnRlciI6IjwvaDE+In19@[\/et_pb_text][et_pb_text module_id=\u00a0\u00bbtit\u00a0\u00bb module_class=\u00a0\u00bbtitulo-rojo\u00a0\u00bb _builder_version=\u00a0\u00bb4.18.0&Prime; _dynamic_attributes=\u00a0\u00bbcontent\u00a0\u00bb _module_preset=\u00a0\u00bbdefault\u00a0\u00bb header_text_color=\u00a0\u00bb#FFFFFF\u00a0\u00bb header_line_height=\u00a0\u00bb1.4em\u00a0\u00bb display_conditions=\u00a0\u00bbW3siaWQiOiI0NGJhNTUxYi0zZTM5LTQ5NWQtOTQwOS04NWZiZTZkZTY2MTMiLCJjb25kaXRpb24iOiJydXRhcyIsImNvbmRpdGlvblNldHRpbmdzIjp7ImRpc3BsYXlSdWxlIjoiaXMiLCJkeW5hbWljUG9zdHMiOlt7ImxhYmVsIjoiUFVFTlRFIERFTCBCQVRcdTAwYzFOLUFMQkFMQVRFIERFTCBBUlpPQklTUE8uIExPUyBFU1RSRUNIT1MgREVMIFJcdTAwY2RPIE1BUlRcdTAwY2ROIChUcmFtbyBHcmFuIFJlY29ycmlkbyBHUiAyNjIpIiwidmFsdWUiOiIxMDEwMTUifSx7ImxhYmVsIjoiQVJJXHUwMGQxTy1FTCBQVUVOVEUgREVMIEJBVEFOLiBMQSBTSUVSUkEgREUgQVJDT1MgKFRyYW1vIEdyYW4gUmVjb3JyaWRvIEdSIDI2MikiLCJ2YWx1ZSI6IjEwMDk1OCJ9LHsibGFiZWwiOiJPTElFVEUtQVJJXHUwMGQxTy4gTEEgUlVUQSBJQlx1MDBjOVJJQ0EgKFRyYW1vIEdyYW4gUmVjb3JyaWRvIEdSIDI2MikiLCJ2YWx1ZSI6IjEwMDkzNSJ9LHsibGFiZWwiOiJBTENBSU5FLU9MSUVURS4gTEEgU0lFUlJBIERFIExPUyBNT1JPUyAoVHJhbW8gR3JhbiBSZWNvcnJpZG8gR1IgMjYyKSIsInZhbHVlIjoiMTAwODk2In0seyJsYWJlbCI6Ik9CXHUwMGQzTi1BTENBSU5FLiBDQVx1MDBkMU9ORVMgREVMIFJcdTAwY2RPIE1BUlRcdTAwY2ROIElJIChUcmFtbyBncmFuIHJlY29ycmlkbyBHUi0yNjIpIiwidmFsdWUiOiIxMDA4NjMifSx7ImxhYmVsIjoiUEVcdTAwZDFBUlJPWUFTLU9CXHUwMGQzTi4gQ0FcdTAwZDFPTkVTIERFTCBSXHUwMGNkTyBNQVJUXHUwMGNkTiBJIChUcmFtbyBncmFuIHJlY29ycmlkbyBHUi0yNjIpIiwidmFsdWUiOiIxMDA4MjkifSx7ImxhYmVsIjoiTU9OVEFMQlx1MDBjMU4gLSBQRVx1MDBkMUFSUk9ZQVMgKFRyYW1vIGdyYW4gcmVjb3JyaWRvIEdSLTI2MikiLCJ2YWx1ZSI6IjEwMDUwMyJ9LHsibGFiZWwiOiJQT05UIERVIEJBVFx1MDBjMU4tQUxCQUxBVEUgREVMIEFSWk9CSVNQTy4gTE9TIEVTVFJFQ0hPUyBERUwgUlx1MDBjZE8gTUFSVFx1MDBjZE4gKHNlY3Rpb24gbG9uZ3VlIGRpc3RhbmNlIGR1IEdSIDI2MikiLCJ2YWx1ZSI6IjEwMjY1NCJ9LHsibGFiZWwiOiJBUklcdTAwZDFPLUVMIFBVRU5URSBERUwgQkFUQU4uIExBIFNJRVJSQSBERSBBUkNPUyAodHJvblx1MDBlN29uIGxvbmd1ZSBkaXN0YW5jZSBkdSBHUiAyNjIpIiwidmFsdWUiOiIxMDI2NDIifSx7ImxhYmVsIjoiT0xJRVRFLUFSSVx1MDBkMU8uIExBIFJPVVRFIElCXHUwMGM5UklFTk5FIChzZWN0aW9uIGxvbmd1ZSBkaXN0YW5jZSBkdSBHUiAyNjIpIiwidmFsdWUiOiIxMDI2MjgifSx7ImxhYmVsIjoiQUxDQUlORS1PTElFVEUuIExBIFNJRVJSQSBERSBMT1MgTU9ST1MgKHRyb25cdTAwZTdvbiBsb25ndWUgZGlzdGFuY2UgZHUgR1IgMjYyKSIsInZhbHVlIjoiMTAyNjE5In0seyJsYWJlbCI6Ik9CT04tQUxDQUlORS4gQ0FcdTAwZDFPTkVTIERFTCBSXHUwMGNkTyBNQVJUXHUwMGNkTiBJSSAodHJvblx1MDBlN29uIGxvbmd1ZSBkaXN0YW5jZSBkdSBHUi0yNjIpIiwidmFsdWUiOiIxMDI1OTMifSx7ImxhYmVsIjoiUEVcdTAwZDFBUlJPWUFTLU9CXHUwMGQzTi4gQ0FOWU9OUyBEVSBSXHUwMGNkTyBNQVJUXHUwMGNkTiBJICh0cm9uXHUwMGU3b24gbG9uZ3VlIGRpc3RhbmNlIGR1IEdSLTI2MikiLCJ2YWx1ZSI6IjEwMjYwOSJ9LHsibGFiZWwiOiJNT05UQUxCXHUwMGMxTiAtIFBFXHUwMGQxQVJST1lBUyAodHJvblx1MDBlN29uIGludGVydXJiYWluIEdSLTI2MikiLCJ2YWx1ZSI6IjEwMjU5MCJ9XSwicG9zdFR5cGVMYWJlbCI6IlJ1dGFzIiwiYWRtaW5MYWJlbCI6IlJ1dGFzIiwiZW5hYmxlQ29uZGl0aW9uIjoib24ifSwib3BlcmF0b3IiOiJPUiJ9XQ==\u00a0\u00bb custom_margin=\u00a0\u00bb||0px||false|false\u00a0\u00bb header_font_size_tablet=\u00a0\u00bb25px\u00a0\u00bb header_font_size_phone=\u00a0\u00bb20px\u00a0\u00bb header_font_size_last_edited=\u00a0\u00bbon|phone\u00a0\u00bb locked=\u00a0\u00bboff\u00a0\u00bb global_colors_info=\u00a0\u00bb{}\u00a0\u00bb]@ET-DC@eyJkeW5hbWljIjp0cnVlLCJjb250ZW50IjoicG9zdF90aXRsZSIsInNldHRpbmdzIjp7ImJlZm9yZSI6IjxoMT4iLCJhZnRlciI6IjwvaDE+In19@[\/et_pb_text][et_pb_text module_id=\u00a0\u00bbtit\u00a0\u00bb module_class=\u00a0\u00bbtitulo-amarillo\u00a0\u00bb _builder_version=\u00a0\u00bb4.18.0&Prime; _dynamic_attributes=\u00a0\u00bbcontent\u00a0\u00bb _module_preset=\u00a0\u00bbdefault\u00a0\u00bb header_text_color=\u00a0\u00bb#FFFFFF\u00a0\u00bb header_line_height=\u00a0\u00bb1.4em\u00a0\u00bb display_conditions=\u00a0\u00bbW3siaWQiOiI2OGJmNzE1Ny0xMzVmLTQyYWMtOGQ1ZS0xZGZhOWM2NTY1ZDIiLCJjb25kaXRpb24iOiJydXRhcyIsImNvbmRpdGlvblNldHRpbmdzIjp7ImRpc3BsYXlSdWxlIjoiaXMiLCJkeW5hbWljUG9zdHMiOlt7ImxhYmVsIjoiUnV0YSBkZSBsYXMgTGFzdHJhcyBkZSBTYW4gSm9zXHUwMGU5LiBOZWNyXHUwMGYzcG9saXMgVmlzaWdvZGEtTWVkaWV2YWwgKFBlcXVlXHUwMGYxbyBSZWNvcnJpZG8gUFItVEUgOTcpIiwidmFsdWUiOiIxMDEwNTcifSx7ImxhYmVsIjoiQmFycmFuY28gZGUgVmFsZG9yaWEtQ3VldmEgTmVncmEgKFBlcXVlXHUwMGYxbyBSZWNvcnJpZG8gUFItVEUgMTE5KSIsInZhbHVlIjoiMTAxMDQ3In0seyJsYWJlbCI6IkFyaVx1MDBmMW8tTWlyYWRvciBTaWVycmEgZGUgQXJjb3MgKFBlcXVlXHUwMGYxbyBSZWNvcnJpZG8gUFIgVEUtOTIpIiwidmFsdWUiOiIxMDA5NzQifSx7ImxhYmVsIjoiQWxhY1x1MDBmM24tT2xpZXRlLiBCYXJyYW5jbyBkZWwgTW9ydGVybyAoUGVxdWVcdTAwZjFvIFJlY29ycmlkbyBQUi1URSAxMTQpIiwidmFsdWUiOiIxMDA5NTMifSx7ImxhYmVsIjoiTGFzIFRvcnJlcyBNZWRpZXZhbGVzIGRlIEFsY2FpbmUgKFBlcXVlXHUwMGYxbyBSZWNvcnJpZG8gUFItVEUgOTgpIiwidmFsdWUiOiIxMDA5MTMifSx7ImxhYmVsIjoiUnV0YSBkZSBsYSBDaW5nbGEuIChQZXF1ZVx1MDBmMW8gUmVjb3JyaWRvIFBSLVRFIDExOCkiLCJ2YWx1ZSI6IjEwMDc1MCJ9LHsibGFiZWwiOiJSdXRhIGRlIGxhIE11ZWxhIHkgclx1MDBlZG8gQW5jaG8uIChQZXF1ZVx1MDBmMW8gUmVjb3JyaWRvLiBQUi1URSA5OSkiLCJ2YWx1ZSI6IjEwMDcxNSJ9LHsibGFiZWwiOiJSb3V0ZSBkZSBMYXN0cmFzIGRlIFNhbiBKb3NcdTAwZTkuIE5cdTAwZTljcm9wb2xlIHdpc2lnb3RoaXF1ZS1tXHUwMGU5ZGlcdTAwZTl2YWxlIChjaXJjdWl0IGNvdXJ0IFBSLVRFIDk3KSIsInZhbHVlIjoiMTAyNjM2In0seyJsYWJlbCI6IkJhcnJhbmNvIGRlIFZhbGRvcmlhLUN1ZXZhIE5lZ3JhIChQZXRpdGUgcm91dGUgUFItVEUgMTE5KSIsInZhbHVlIjoiMTAyNjYyIn0seyJsYWJlbCI6IkFyaVx1MDBmMW8tTWlyYWRvciBTaWVycmEgZGUgQXJjb3MgKFBlcXVlXHUwMGYxbyBSZWNvcnJpZG8gUFIgVEUtOTIpIiwidmFsdWUiOiIxMDI2MzQifSx7ImxhYmVsIjoiQWxhY1x1MDBmM24tT2xpZXRlLiBSYXZpbiBkZSBCYXJyYW5jbyBkZWwgTW9ydGVybyAoUGVxdWVcdTAwZjFvIFJlY29ycmlkbyBQUi1URSAxMTQpIiwidmFsdWUiOiIxMDI2MTcifSx7ImxhYmVsIjoiTGVzIHRvdXJzIG1cdTAwZTlkaVx1MDBlOXZhbGVzIGQnQWxjYWluZSAoSXRpblx1MDBlOXJhaXJlIGNvdXJ0IFBSLVRFIDk4KSIsInZhbHVlIjoiMTAyNjExIn0seyJsYWJlbCI6IlJvdXRlIGRlIENpbmdsYS4gKEl0aW5cdTAwZTlyYWlyZSBjb3VydCBQUi1URSAxMTgpIiwidmFsdWUiOiIxMDI1ODcifSx7ImxhYmVsIjoiUm91dGUgZGUgbGEgcml2aVx1MDBlOHJlIExhIE11ZWxhIGV0IEFuY2hvLiAoSXRpblx1MDBlOXJhaXJlIGNvdXJ0LiBQUi1URSA5OSkiLCJ2YWx1ZSI6IjEwMjYwMCJ9XSwicG9zdFR5cGVMYWJlbCI6IlJ1dGFzIiwiYWRtaW5MYWJlbCI6IlJ1dGFzIiwiZW5hYmxlQ29uZGl0aW9uIjoib24ifSwib3BlcmF0b3IiOiJPUiJ9XQ==\u00a0\u00bb custom_margin=\u00a0\u00bb||0px||false|false\u00a0\u00bb header_font_size_tablet=\u00a0\u00bb25px\u00a0\u00bb header_font_size_phone=\u00a0\u00bb20px\u00a0\u00bb header_font_size_last_edited=\u00a0\u00bbon|phone\u00a0\u00bb locked=\u00a0\u00bboff\u00a0\u00bb global_colors_info=\u00a0\u00bb{}\u00a0\u00bb]@ET-DC@eyJkeW5hbWljIjp0cnVlLCJjb250ZW50IjoicG9zdF90aXRsZSIsInNldHRpbmdzIjp7ImJlZm9yZSI6IjxoMT4iLCJhZnRlciI6IjwvaDE+In19@[\/et_pb_text][et_pb_text module_id=\u00a0\u00bbtit\u00a0\u00bb module_class=\u00a0\u00bbtitulo-verde\u00a0\u00bb _builder_version=\u00a0\u00bb4.18.0&Prime; _dynamic_attributes=\u00a0\u00bbcontent\u00a0\u00bb _module_preset=\u00a0\u00bbdefault\u00a0\u00bb header_text_color=\u00a0\u00bb#FFFFFF\u00a0\u00bb header_line_height=\u00a0\u00bb1.4em\u00a0\u00bb display_conditions=\u00a0\u00bbW3siaWQiOiJhMTFjMWNmMC1mY2IwLTQ3ODUtODVhMi1lZjFlNTYyZGZmMzIiLCJjb25kaXRpb24iOiJydXRhcyIsImNvbmRpdGlvblNldHRpbmdzIjp7ImRpc3BsYXlSdWxlIjoiaXMiLCJkeW5hbWljUG9zdHMiOlt7ImxhYmVsIjoiUnV0YSBkZSBDYW50YWxvYm9zLiBMYSBQaWVkcmEgU2VjYS4gKFNlbmRlcm8gTG9jYWwpIiwidmFsdWUiOiIxMDA4MTEifSx7ImxhYmVsIjoiUm91dGUgZGUgQ2FudGFsb2Jvcy4gTGEgUGllZHJhIFNlY2EuIChDaGVtaW4gbG9jYWwpIiwidmFsdWUiOiIxMDI1OTgifV0sInBvc3RUeXBlTGFiZWwiOiJSdXRhcyIsImFkbWluTGFiZWwiOiJSdXRhcyIsImVuYWJsZUNvbmRpdGlvbiI6Im9uIn0sIm9wZXJhdG9yIjoiT1IifV0=\u00a0\u00bb custom_margin=\u00a0\u00bb||0px||false|false\u00a0\u00bb header_font_size_tablet=\u00a0\u00bb25px\u00a0\u00bb header_font_size_phone=\u00a0\u00bb20px\u00a0\u00bb header_font_size_last_edited=\u00a0\u00bbon|phone\u00a0\u00bb locked=\u00a0\u00bboff\u00a0\u00bb global_colors_info=\u00a0\u00bb{}\u00a0\u00bb]@ET-DC@eyJkeW5hbWljIjp0cnVlLCJjb250ZW50IjoicG9zdF90aXRsZSIsInNldHRpbmdzIjp7ImJlZm9yZSI6IjxoMT4iLCJhZnRlciI6IjwvaDE+In19@[\/et_pb_text][dipl_breadcrumb breadcrumb_layout=\u00a0\u00bblayout2&Prime; separator_type=\u00a0\u00bbicon_separator\u00a0\u00bb separator_icon=\u00a0\u00bb&#x35;||divi||400&Prime; separator_size=\u00a0\u00bb24px\u00a0\u00bb use_home_link_custom_text=\u00a0\u00bbon\u00a0\u00bb home_link_text=\u00a0\u00bbInicio\u00a0\u00bb use_home_link_icon=\u00a0\u00bbon\u00a0\u00bb hide_home_text=\u00a0\u00bbon\u00a0\u00bb home_link_icon=\u00a0\u00bb&#xf015;||fa||900&Prime; disabled_on=\u00a0\u00bbon|on|on\u00a0\u00bb _builder_version=\u00a0\u00bb4.18.0&Prime; _module_preset=\u00a0\u00bbdefault\u00a0\u00bb text_text_color=\u00a0\u00bb#FFFFFF\u00a0\u00bb global_text_settings_font_size_tablet=\u00a0\u00bb\u00a0\u00bb global_text_settings_font_size_phone=\u00a0\u00bb\u00a0\u00bb global_text_settings_font_size_last_edited=\u00a0\u00bbon|phone\u00a0\u00bb disabled=\u00a0\u00bbon\u00a0\u00bb global_colors_info=\u00a0\u00bb{}\u00a0\u00bb][\/dipl_breadcrumb][\/et_pb_column][\/et_pb_row][\/et_pb_section][et_pb_section fb_built=\u00a0\u00bb1&Prime; admin_label=\u00a0\u00bbCorpus de Arte Rupestre\u00a0\u00bb module_id=\u00a0\u00bb\u00e0 propos de nous\u00a0\u00bb _builder_version=\u00a0\u00bb4.18.0&Prime; _module_preset=\u00a0\u00bbdefault\u00a0\u00bb background_color_gradient_direction=\u00a0\u00bb-90deg\u00a0\u00bb background_enable_image=\u00a0\u00bboff\u00a0\u00bb custom_padding=\u00a0\u00bb3%||0%||false|false\u00a0\u00bb link_option_url_new_window=\u00a0\u00bbon\u00a0\u00bb locked=\u00a0\u00bboff\u00a0\u00bb collapsed=\u00a0\u00bbon\u00a0\u00bb global_colors_info=\u00a0\u00bb{}\u00a0\u00bb][et_pb_row column_structure=\u00a0\u00bb2_5,3_5&Prime; custom_padding_last_edited=\u00a0\u00bbon|phone\u00a0\u00bb _builder_version=\u00a0\u00bb4.18.0&Prime; _module_preset=\u00a0\u00bbdefault\u00a0\u00bb use_background_color_gradient=\u00a0\u00bbon\u00a0\u00bb background_color_gradient_direction=\u00a0\u00bb270deg\u00a0\u00bb background_color_gradient_stops=\u00a0\u00bb#ffffff 40%|rgba(41,196,169,0) 40%\u00a0\u00bb background_color_gradient_overlays_image=\u00a0\u00bbon\u00a0\u00bb background_color_gradient_start=\u00a0\u00bb#ffffff\u00a0\u00bb background_color_gradient_start_position=\u00a0\u00bb40%\u00a0\u00bb background_color_gradient_end=\u00a0\u00bbrgba(41,196,169,0)\u00a0\u00bb background_color_gradient_end_position=\u00a0\u00bb40%\u00a0\u00bb background_image=\u00a0\u00bbhttps:\/\/parqueriomartin.com\/wp-content\/uploads\/corpus-de-arte-rupestre-parque-cultural-rio-martin.webp\u00a0\u00bb width_tablet=\u00a0\u00bb\u00a0\u00bb width_phone=\u00a0\u00bb\u00a0\u00bb width_last_edited=\u00a0\u00bbon|desktop\u00a0\u00bb custom_padding=\u00a0\u00bb7%||7%||true|false\u00a0\u00bb custom_padding_tablet=\u00a0\u00bb\u00a0\u00bb custom_padding_phone=\u00a0\u00bb0%||0%||true|false\u00a0\u00bb global_colors_info=\u00a0\u00bb{}\u00a0\u00bb][et_pb_column type=\u00a0\u00bb2_5&Prime; _builder_version=\u00a0\u00bb4.16&Prime; _module_preset=\u00a0\u00bbdefault\u00a0\u00bb global_colors_info=\u00a0\u00bb{}\u00a0\u00bb][\/et_pb_column][et_pb_column type=\u00a0\u00bb3_5&Prime; _builder_version=\u00a0\u00bb4.16&Prime; _module_preset=\u00a0\u00bbdefault\u00a0\u00bb background_color=\u00a0\u00bb#FFFFFF\u00a0\u00bb custom_padding=\u00a0\u00bb60px|60px|60px|60px|true|true\u00a0\u00bb custom_padding_tablet=\u00a0\u00bb\u00a0\u00bb custom_padding_phone=\u00a0\u00bb20px|20px|20px|20px|true|true\u00a0\u00bb custom_padding_last_edited=\u00a0\u00bbon|phone\u00a0\u00bb box_shadow_style=\u00a0\u00bbpreset1&Prime; box_shadow_color=\u00a0\u00bbrgba(0,0,0,0.15)\u00a0\u00bb global_colors_info=\u00a0\u00bb{}\u00a0\u00bb][et_pb_text _builder_version=\u00a0\u00bb4.18.0&Prime; _module_preset=\u00a0\u00bbdefault\u00a0\u00bb text_font=\u00a0\u00bbRoboto|700||on|||||\u00a0\u00bb text_text_color=\u00a0\u00bb#aaae6a\u00a0\u00bb text_letter_spacing=\u00a0\u00bb3px\u00a0\u00bb custom_margin=\u00a0\u00bb||20px||false|false\u00a0\u00bb custom_padding=\u00a0\u00bb||||false|false\u00a0\u00bb global_colors_info=\u00a0\u00bb{}\u00a0\u00bb]<\/p>\n<p>Librairie<\/p>\n<p>[\/et_pb_text][et_pb_image src=\u00a0\u00bbhttps:\/\/parqueriomartin.com\/wp-content\/uploads\/corpus-de-arte-rupestre-parque-cultural-rio-martin.webp\u00a0\u00bb title_text=\u00a0\u00bbcorpus-de-arte-rupestre-parque-culturel-rio-martin\u00a0\u00bb disabled_on=\u00a0\u00bboff|off|on\u00a0\u00bb _builder_version=\u00a0\u00bb4.18.0&Prime; _module_preset=\u00a0\u00bbdefault\u00a0\u00bb global_colors_info=\u00a0\u00bb{}\u00a0\u00bb][\/et_pb_image][et_pb_text _builder_version=\u00a0\u00bb4.18.1&Prime; _module_preset=\u00a0\u00bbdefault\u00a0\u00bb header_2_font=\u00a0\u00bbRoboto Condensed|700||on|||||\u00a0\u00bb header_2_text_color=\u00a0\u00bb#3a1b1e\u00a0\u00bb header_2_font_size=\u00a0\u00bb40px\u00a0\u00bb header_2_letter_spacing=\u00a0\u00bb1px\u00a0\u00bb custom_margin=\u00a0\u00bb||20px||false|false\u00a0\u00bb custom_padding=\u00a0\u00bb||||false|false\u00a0\u00bb header_2_font_size_tablet=\u00a0\u00bb\u00a0\u00bb header_2_font_size_phone=\u00a0\u00bb28px\u00a0\u00bb header_2_font_size_last_edited=\u00a0\u00bbon|phone\u00a0\u00bb global_colors_info=\u00a0\u00bb{}\u00a0\u00bb]<\/p>\n<h2>Corpus d&rsquo;art rupestre du parc culturel de la rivi\u00e8re Mart\u00edn<\/h2>\n<p>[\/et_pb_text][et_pb_text _builder_version=\u00a0\u00bb4.18.0&Prime; _module_preset=\u00a0\u00bbdefault\u00a0\u00bb text_font=\u00a0\u00bbRoboto||||||||\u00a0\u00bb text_font_size=\u00a0\u00bb16px\u00a0\u00bb background_enable_color=\u00a0\u00bboff\u00a0\u00bb global_colors_info=\u00a0\u00bb{}\u00a0\u00bb]<\/p>\n<p>Le Corpus d&rsquo;art rupestre du parc culturel de la rivi\u00e8re Mart\u00edn compile toutes les cartes et les trac\u00e9s d\u00e9pliants des abris rocheux avec art rupestre (peintures et gravures). Nombre d&rsquo;entre eux ont \u00e9t\u00e9 d\u00e9clar\u00e9s sites du patrimoine mondial par l&rsquo;UNESCO en 1998.<\/p>\n<p>[\/et_pb_text][dipl_button buttons_alignment=\u00a0\u00bbleft\u00a0\u00bb buttons_alignment_tablet=\u00a0\u00bb\u00a0\u00bb buttons_alignment_phone=\u00a0\u00bbleft\u00a0\u00bb buttons_alignment_last_edited=\u00a0\u00bbon|phone\u00a0\u00bb disabled_on=\u00a0\u00bbon|on|on\u00a0\u00bb _builder_version=\u00a0\u00bb4.18.0&Prime; _module_preset=\u00a0\u00bbdefault\u00a0\u00bb disabled=\u00a0\u00bbon\u00a0\u00bb locked=\u00a0\u00bboff\u00a0\u00bb global_colors_info=\u00a0\u00bb{}\u00a0\u00bb][dipl_button_item button_text=\u00a0\u00bbPVP: 30\u20ac + gastos de env\u00edo\u00a0\u00bb button_url=\u00a0\u00bb#\u00a0\u00bb background_fill_style=\u00a0\u00bbwipe_fill\u00a0\u00bb button_bg_color=\u00a0\u00bb#aaae6a\u00a0\u00bb button_custom_margin=\u00a0\u00bb0px||||false|false\u00a0\u00bb button_custom_padding=\u00a0\u00bb15px|35px|15px|35px|true|false\u00a0\u00bb _builder_version=\u00a0\u00bb4.18.0&Prime; _module_preset=\u00a0\u00bbdefault\u00a0\u00bb button_font=\u00a0\u00bbRoboto|700|||||||\u00a0\u00bb button_text_color=\u00a0\u00bb#ffffff\u00a0\u00bb button_font_size=\u00a0\u00bb18px\u00a0\u00bb button_letter_spacing=\u00a0\u00bb2px\u00a0\u00bb button_font_size_tablet=\u00a0\u00bb\u00a0\u00bb button_font_size_phone=\u00a0\u00bb14px\u00a0\u00bb button_font_size_last_edited=\u00a0\u00bbon|phone\u00a0\u00bb border_color_all=\u00a0\u00bb#ffffff\u00a0\u00bb box_shadow_style=\u00a0\u00bbpreset3&Prime; global_colors_info=\u00a0\u00bb{}\u00a0\u00bb button_icon_color__hover_enabled=\u00a0\u00bbon|hover\u00a0\u00bb button_icon_color__hover=\u00a0\u00bb#000000&Prime; button_bg_color__hover_enabled=\u00a0\u00bbon|desktop\u00a0\u00bb button_bg_color__hover=\u00a0\u00bb#3a1b1e\u00a0\u00bb button_bg_enable_color__hover=\u00a0\u00bbon\u00a0\u00bb button_text_color__hover_enabled=\u00a0\u00bbon|hover\u00a0\u00bb button_text_color__hover=\u00a0\u00bb#FFFFFF\u00a0\u00bb][\/dipl_button_item][\/dipl_button][dipl_modal modal_id=\u00a0\u00bbcorpus\u00a0\u00bb trigger_button_text=\u00a0\u00bbPVP: 30\u20ac + frais d&rsquo;envoi\u00a0\u00bb close_on_esc=\u00a0\u00bbon\u00a0\u00bb show_modal_title=\u00a0\u00bboff\u00a0\u00bb show_footer=\u00a0\u00bboff\u00a0\u00bb modal_header_custom_padding=\u00a0\u00bb10px|20px|10px|20px|true|true\u00a0\u00bb modal_body_custom_padding=\u00a0\u00bb35px|20px|35px|20px|true|true\u00a0\u00bb _builder_version=\u00a0\u00bb4.18.1&Prime; _module_preset=\u00a0\u00bbdefault\u00a0\u00bb modal_body_text_text_align=\u00a0\u00bbcenter\u00a0\u00bb modal_trigger_text_font=\u00a0\u00bb||||||||\u00a0\u00bb custom_trigger_button=\u00a0\u00bbon\u00a0\u00bb trigger_button_text_size=\u00a0\u00bb18px\u00a0\u00bb trigger_button_border_radius=\u00a0\u00bb3px\u00a0\u00bb trigger_button_letter_spacing=\u00a0\u00bb2px\u00a0\u00bb trigger_button_font=\u00a0\u00bbRoboto|700|||||||\u00a0\u00bb trigger_button_use_icon=\u00a0\u00bboff\u00a0\u00bb trigger_button_custom_padding=\u00a0\u00bb10px|30px|10px|30px|true|true\u00a0\u00bb text_orientation=\u00a0\u00bbleft\u00a0\u00bb hover_enabled=\u00a0\u00bb0&Prime; border_width_all_modal=\u00a0\u00bb2px\u00a0\u00bb border_color_all_modal=\u00a0\u00bb#aaae6a\u00a0\u00bb box_shadow_style_trigger_button=\u00a0\u00bbpreset3&Prime; global_colors_info=\u00a0\u00bb{}\u00a0\u00bb sticky_enabled=\u00a0\u00bb0&Prime;]<\/p>\n<p align=\"center\"><img loading=\"lazy\" decoding=\"async\" class=\"wp-image-106197 alignnone size-medium\" src=\"https:\/\/parqueriomartin.com\/wp-content\/uploads\/portada-corpus-de-arte-rupestre-parque-cultural-rio-martin-217x300.webp\" alt=\"\" width=\"217\" height=\"300\" \/><\/p>\n<p align=\"center\"><span class=\"jCAhz ChMk0b\"><span class=\"ryNqvb\">Si vous \u00eates int\u00e9ress\u00e9 \u00e0 l&rsquo;acqu\u00e9rir, veuillez contacter les bureaux du Parc<\/span><\/span> <span class=\"jCAhz ChMk0b\"><span class=\"ryNqvb\">par t\u00e9l\u00e9phone <strong>978 817 042<\/strong> ou \u00e0 l&rsquo;adresse e-mail<\/span><\/span> <a href=\"mailto:ciar@parqueriomartin.com\">ciar@parqueriomartin.com<\/a><\/p>\n<p align=\"center\"><strong>Parque Cultural del R\u00edo Mart\u00edn<br \/>C\/ Tiro del Bolo s\/n<br \/>44547 Ari\u00f1o (Teruel)<\/strong><\/p>\n<p>[\/dipl_modal][\/et_pb_column][\/et_pb_row][et_pb_row custom_padding_last_edited=\u00a0\u00bbon|phone\u00a0\u00bb _builder_version=\u00a0\u00bb4.18.0&Prime; _module_preset=\u00a0\u00bbdefault\u00a0\u00bb custom_padding=\u00a0\u00bb70px||0px|||\u00a0\u00bb custom_padding_tablet=\u00a0\u00bb50px||||false|false\u00a0\u00bb custom_padding_phone=\u00a0\u00bb40px||||false|false\u00a0\u00bb global_colors_info=\u00a0\u00bb{}\u00a0\u00bb][et_pb_column type=\u00a0\u00bb4_4&Prime; _builder_version=\u00a0\u00bb4.18.0&Prime; _module_preset=\u00a0\u00bbdefault\u00a0\u00bb global_colors_info=\u00a0\u00bb{}\u00a0\u00bb][et_pb_divider _builder_version=\u00a0\u00bb4.18.0&Prime; _module_preset=\u00a0\u00bbdefault\u00a0\u00bb global_colors_info=\u00a0\u00bb{}\u00a0\u00bb][\/et_pb_divider][\/et_pb_column][\/et_pb_row][\/et_pb_section][et_pb_section fb_built=\u00a0\u00bb1&Prime; admin_label=\u00a0\u00bbGu\u00eda de Cavidades y Arte Rupestre\u00a0\u00bb module_id=\u00a0\u00bb\u00e0 propos de nous\u00a0\u00bb _builder_version=\u00a0\u00bb4.18.0&Prime; _module_preset=\u00a0\u00bbdefault\u00a0\u00bb background_color_gradient_direction=\u00a0\u00bb-90deg\u00a0\u00bb background_enable_image=\u00a0\u00bboff\u00a0\u00bb custom_padding=\u00a0\u00bb3%||0%||false|false\u00a0\u00bb link_option_url_new_window=\u00a0\u00bbon\u00a0\u00bb locked=\u00a0\u00bboff\u00a0\u00bb collapsed=\u00a0\u00bbon\u00a0\u00bb global_colors_info=\u00a0\u00bb{}\u00a0\u00bb][et_pb_row column_structure=\u00a0\u00bb2_5,3_5&Prime; custom_padding_last_edited=\u00a0\u00bbon|phone\u00a0\u00bb _builder_version=\u00a0\u00bb4.18.0&Prime; _module_preset=\u00a0\u00bbdefault\u00a0\u00bb use_background_color_gradient=\u00a0\u00bbon\u00a0\u00bb background_color_gradient_direction=\u00a0\u00bb270deg\u00a0\u00bb background_color_gradient_stops=\u00a0\u00bb#ffffff 40%|rgba(41,196,169,0) 40%\u00a0\u00bb background_color_gradient_overlays_image=\u00a0\u00bbon\u00a0\u00bb background_color_gradient_start=\u00a0\u00bb#ffffff\u00a0\u00bb background_color_gradient_start_position=\u00a0\u00bb40%\u00a0\u00bb background_color_gradient_end=\u00a0\u00bbrgba(41,196,169,0)\u00a0\u00bb background_color_gradient_end_position=\u00a0\u00bb40%\u00a0\u00bb background_image=\u00a0\u00bbhttps:\/\/parqueriomartin.com\/wp-content\/uploads\/guia-de-cavidades-y-arte-rupestre-parque-cultural-rio-martin.webp\u00a0\u00bb width_tablet=\u00a0\u00bb\u00a0\u00bb width_phone=\u00a0\u00bb\u00a0\u00bb width_last_edited=\u00a0\u00bbon|desktop\u00a0\u00bb custom_padding=\u00a0\u00bb7%||7%||true|false\u00a0\u00bb custom_padding_tablet=\u00a0\u00bb\u00a0\u00bb custom_padding_phone=\u00a0\u00bb0%||0%||true|false\u00a0\u00bb global_colors_info=\u00a0\u00bb{}\u00a0\u00bb][et_pb_column type=\u00a0\u00bb2_5&Prime; _builder_version=\u00a0\u00bb4.16&Prime; _module_preset=\u00a0\u00bbdefault\u00a0\u00bb global_colors_info=\u00a0\u00bb{}\u00a0\u00bb][\/et_pb_column][et_pb_column type=\u00a0\u00bb3_5&Prime; _builder_version=\u00a0\u00bb4.16&Prime; _module_preset=\u00a0\u00bbdefault\u00a0\u00bb background_color=\u00a0\u00bb#FFFFFF\u00a0\u00bb custom_padding=\u00a0\u00bb60px|60px|60px|60px|true|true\u00a0\u00bb custom_padding_tablet=\u00a0\u00bb\u00a0\u00bb custom_padding_phone=\u00a0\u00bb20px|20px|20px|20px|true|true\u00a0\u00bb custom_padding_last_edited=\u00a0\u00bbon|phone\u00a0\u00bb box_shadow_style=\u00a0\u00bbpreset1&Prime; box_shadow_color=\u00a0\u00bbrgba(0,0,0,0.15)\u00a0\u00bb global_colors_info=\u00a0\u00bb{}\u00a0\u00bb][et_pb_text _builder_version=\u00a0\u00bb4.18.0&Prime; _module_preset=\u00a0\u00bbdefault\u00a0\u00bb text_font=\u00a0\u00bbRoboto|700||on|||||\u00a0\u00bb text_text_color=\u00a0\u00bb#aaae6a\u00a0\u00bb text_letter_spacing=\u00a0\u00bb3px\u00a0\u00bb custom_margin=\u00a0\u00bb||20px||false|false\u00a0\u00bb custom_padding=\u00a0\u00bb||||false|false\u00a0\u00bb global_colors_info=\u00a0\u00bb{}\u00a0\u00bb]<\/p>\n<p>Librairie<\/p>\n<p>[\/et_pb_text][et_pb_image src=\u00a0\u00bbhttps:\/\/parqueriomartin.com\/wp-content\/uploads\/guia-de-cavidades-y-arte-rupestre-parque-cultural-rio-martin.webp\u00a0\u00bb title_text=\u00a0\u00bbguide-to-cavities-and-rock-art-cultural-park-rio-martin\u00a0\u00bb disabled_on=\u00a0\u00bboff|off|on\u00a0\u00bb _builder_version=\u00a0\u00bb4.18.0&Prime; _module_preset=\u00a0\u00bbdefault\u00a0\u00bb global_colors_info=\u00a0\u00bb{}\u00a0\u00bb][\/et_pb_image][et_pb_text _builder_version=\u00a0\u00bb4.18.0&Prime; _module_preset=\u00a0\u00bbdefault\u00a0\u00bb header_2_font=\u00a0\u00bbRoboto Condensed|700||on|||||\u00a0\u00bb header_2_text_color=\u00a0\u00bb#3a1b1e\u00a0\u00bb header_2_font_size=\u00a0\u00bb40px\u00a0\u00bb header_2_letter_spacing=\u00a0\u00bb1px\u00a0\u00bb custom_margin=\u00a0\u00bb||20px||false|false\u00a0\u00bb custom_padding=\u00a0\u00bb||||false|false\u00a0\u00bb header_2_font_size_tablet=\u00a0\u00bb\u00a0\u00bb header_2_font_size_phone=\u00a0\u00bb28px\u00a0\u00bb header_2_font_size_last_edited=\u00a0\u00bbon|phone\u00a0\u00bb global_colors_info=\u00a0\u00bb{}\u00a0\u00bb]<\/p>\n<h2>Guide des grottes et de l&rsquo;art rupestre du parc culturel de la rivi\u00e8re Mart\u00edn<\/h2>\n<p>[\/et_pb_text][et_pb_text _builder_version=\u00a0\u00bb4.18.0&Prime; _module_preset=\u00a0\u00bbdefault\u00a0\u00bb text_font=\u00a0\u00bbRoboto||||||||\u00a0\u00bb text_font_size=\u00a0\u00bb16px\u00a0\u00bb background_enable_color=\u00a0\u00bboff\u00a0\u00bb global_colors_info=\u00a0\u00bb{}\u00a0\u00bb]<\/p>\n<p>L&rsquo;objectif principal de ce livre est de fournir des informations sur les grottes naturelles et artificielles existantes dans le parc culturel de R\u00edo Mart\u00edn, ainsi que sur les abris avec de l&rsquo;art rupestre pr\u00e9historique post-pal\u00e9olithique d\u00e9clar\u00e9s patrimoine mondial par l&rsquo;UNESCO, auxquels est consacr\u00e9e la moiti\u00e9 du contenu de ce guide.<\/p>\n<p>[\/et_pb_text][dipl_button buttons_alignment=\u00a0\u00bbleft\u00a0\u00bb buttons_alignment_tablet=\u00a0\u00bb\u00a0\u00bb buttons_alignment_phone=\u00a0\u00bbleft\u00a0\u00bb buttons_alignment_last_edited=\u00a0\u00bbon|phone\u00a0\u00bb disabled_on=\u00a0\u00bbon|on|on\u00a0\u00bb _builder_version=\u00a0\u00bb4.18.0&Prime; _module_preset=\u00a0\u00bbdefault\u00a0\u00bb disabled=\u00a0\u00bbon\u00a0\u00bb locked=\u00a0\u00bboff\u00a0\u00bb global_colors_info=\u00a0\u00bb{}\u00a0\u00bb][dipl_button_item button_text=\u00a0\u00bbPVP: 30\u20ac + gastos de env\u00edo\u00a0\u00bb button_url=\u00a0\u00bb#\u00a0\u00bb background_fill_style=\u00a0\u00bbwipe_fill\u00a0\u00bb button_bg_color=\u00a0\u00bb#aaae6a\u00a0\u00bb button_custom_margin=\u00a0\u00bb0px||||false|false\u00a0\u00bb button_custom_padding=\u00a0\u00bb15px|35px|15px|35px|true|false\u00a0\u00bb _builder_version=\u00a0\u00bb4.18.0&Prime; _module_preset=\u00a0\u00bbdefault\u00a0\u00bb button_font=\u00a0\u00bbRoboto|700|||||||\u00a0\u00bb button_text_color=\u00a0\u00bb#ffffff\u00a0\u00bb button_font_size=\u00a0\u00bb18px\u00a0\u00bb button_letter_spacing=\u00a0\u00bb2px\u00a0\u00bb button_font_size_tablet=\u00a0\u00bb\u00a0\u00bb button_font_size_phone=\u00a0\u00bb14px\u00a0\u00bb button_font_size_last_edited=\u00a0\u00bbon|phone\u00a0\u00bb border_color_all=\u00a0\u00bb#ffffff\u00a0\u00bb box_shadow_style=\u00a0\u00bbpreset3&Prime; global_colors_info=\u00a0\u00bb{}\u00a0\u00bb button_icon_color__hover_enabled=\u00a0\u00bbon|hover\u00a0\u00bb button_icon_color__hover=\u00a0\u00bb#000000&Prime; button_bg_color__hover_enabled=\u00a0\u00bbon|desktop\u00a0\u00bb button_bg_color__hover=\u00a0\u00bb#3a1b1e\u00a0\u00bb button_bg_enable_color__hover=\u00a0\u00bbon\u00a0\u00bb button_text_color__hover_enabled=\u00a0\u00bbon|hover\u00a0\u00bb button_text_color__hover=\u00a0\u00bb#FFFFFF\u00a0\u00bb][\/dipl_button_item][\/dipl_button][dipl_modal modal_id=\u00a0\u00bbcavidades\u00a0\u00bb trigger_button_text=\u00a0\u00bbPVP: 30\u20ac + frais d&rsquo;envoi\u00a0\u00bb close_on_esc=\u00a0\u00bbon\u00a0\u00bb show_modal_title=\u00a0\u00bboff\u00a0\u00bb show_footer=\u00a0\u00bboff\u00a0\u00bb modal_header_custom_padding=\u00a0\u00bb10px|20px|10px|20px|true|true\u00a0\u00bb modal_body_custom_padding=\u00a0\u00bb35px|20px|35px|20px|true|true\u00a0\u00bb _builder_version=\u00a0\u00bb4.18.1&Prime; _module_preset=\u00a0\u00bbdefault\u00a0\u00bb modal_body_text_text_align=\u00a0\u00bbcenter\u00a0\u00bb modal_trigger_text_font=\u00a0\u00bb||||||||\u00a0\u00bb custom_trigger_button=\u00a0\u00bbon\u00a0\u00bb trigger_button_text_size=\u00a0\u00bb18px\u00a0\u00bb trigger_button_border_radius=\u00a0\u00bb3px\u00a0\u00bb trigger_button_letter_spacing=\u00a0\u00bb2px\u00a0\u00bb trigger_button_font=\u00a0\u00bbRoboto|700|||||||\u00a0\u00bb trigger_button_use_icon=\u00a0\u00bboff\u00a0\u00bb trigger_button_custom_padding=\u00a0\u00bb10px|30px|10px|30px|true|true\u00a0\u00bb text_orientation=\u00a0\u00bbleft\u00a0\u00bb hover_enabled=\u00a0\u00bb0&Prime; border_width_all_modal=\u00a0\u00bb2px\u00a0\u00bb border_color_all_modal=\u00a0\u00bb#aaae6a\u00a0\u00bb box_shadow_style_trigger_button=\u00a0\u00bbpreset3&Prime; global_colors_info=\u00a0\u00bb{}\u00a0\u00bb sticky_enabled=\u00a0\u00bb0&Prime;]<\/p>\n<p align=\"center\"><img loading=\"lazy\" decoding=\"async\" class=\"wp-image-106220 alignnone size-medium\" src=\"https:\/\/parqueriomartin.com\/wp-content\/uploads\/portada-guia-de-cavidades-y-arte-rupestre-parque-cultural-rio-martin-171x300.webp\" alt=\"\" width=\"171\" height=\"300\" \/><\/p>\n<p align=\"center\"><span class=\"jCAhz ChMk0b\"><span class=\"ryNqvb\">Si vous \u00eates int\u00e9ress\u00e9 \u00e0 l&rsquo;acqu\u00e9rir, veuillez contacter les bureaux du Parc<\/span><\/span> <span class=\"jCAhz ChMk0b\"><span class=\"ryNqvb\">par t\u00e9l\u00e9phone <strong>978 817 042<\/strong> ou \u00e0 l&rsquo;adresse e-mail<\/span><\/span> <a href=\"mailto:ciar@parqueriomartin.com\">ciar@parqueriomartin.com<\/a><\/p>\n<p align=\"center\"><strong>Parque Cultural del R\u00edo Mart\u00edn<br \/>C\/ Tiro del Bolo s\/n<br \/>44547 Ari\u00f1o (Teruel)<\/strong><\/p>\n<p>[\/dipl_modal][\/et_pb_column][\/et_pb_row][et_pb_row custom_padding_last_edited=\u00a0\u00bbon|phone\u00a0\u00bb _builder_version=\u00a0\u00bb4.18.0&Prime; _module_preset=\u00a0\u00bbdefault\u00a0\u00bb custom_padding=\u00a0\u00bb70px||0px|||\u00a0\u00bb custom_padding_tablet=\u00a0\u00bb50px||||false|false\u00a0\u00bb custom_padding_phone=\u00a0\u00bb40px||||false|false\u00a0\u00bb global_colors_info=\u00a0\u00bb{}\u00a0\u00bb][et_pb_column type=\u00a0\u00bb4_4&Prime; _builder_version=\u00a0\u00bb4.18.0&Prime; _module_preset=\u00a0\u00bbdefault\u00a0\u00bb global_colors_info=\u00a0\u00bb{}\u00a0\u00bb][et_pb_divider _builder_version=\u00a0\u00bb4.18.0&Prime; _module_preset=\u00a0\u00bbdefault\u00a0\u00bb global_colors_info=\u00a0\u00bb{}\u00a0\u00bb][\/et_pb_divider][\/et_pb_column][\/et_pb_row][\/et_pb_section][et_pb_section fb_built=\u00a0\u00bb1&Prime; admin_label=\u00a0\u00bbGu\u00eda de la Flora\u00a0\u00bb module_id=\u00a0\u00bb\u00e0 propos de nous\u00a0\u00bb _builder_version=\u00a0\u00bb4.18.0&Prime; _module_preset=\u00a0\u00bbdefault\u00a0\u00bb background_color_gradient_direction=\u00a0\u00bb-90deg\u00a0\u00bb background_enable_image=\u00a0\u00bboff\u00a0\u00bb custom_padding=\u00a0\u00bb3%||0%||false|false\u00a0\u00bb link_option_url_new_window=\u00a0\u00bbon\u00a0\u00bb locked=\u00a0\u00bboff\u00a0\u00bb collapsed=\u00a0\u00bbon\u00a0\u00bb global_colors_info=\u00a0\u00bb{}\u00a0\u00bb][et_pb_row column_structure=\u00a0\u00bb2_5,3_5&Prime; custom_padding_last_edited=\u00a0\u00bbon|phone\u00a0\u00bb _builder_version=\u00a0\u00bb4.18.0&Prime; _module_preset=\u00a0\u00bbdefault\u00a0\u00bb use_background_color_gradient=\u00a0\u00bbon\u00a0\u00bb background_color_gradient_direction=\u00a0\u00bb270deg\u00a0\u00bb background_color_gradient_stops=\u00a0\u00bb#ffffff 40%|rgba(41,196,169,0) 40%\u00a0\u00bb background_color_gradient_overlays_image=\u00a0\u00bbon\u00a0\u00bb background_color_gradient_start=\u00a0\u00bb#ffffff\u00a0\u00bb background_color_gradient_start_position=\u00a0\u00bb40%\u00a0\u00bb background_color_gradient_end=\u00a0\u00bbrgba(41,196,169,0)\u00a0\u00bb background_color_gradient_end_position=\u00a0\u00bb40%\u00a0\u00bb background_image=\u00a0\u00bbhttps:\/\/parqueriomartin.com\/wp-content\/uploads\/guia-de-flora-parque-cultural-rio-martin.webp\u00a0\u00bb width_tablet=\u00a0\u00bb\u00a0\u00bb width_phone=\u00a0\u00bb\u00a0\u00bb width_last_edited=\u00a0\u00bbon|desktop\u00a0\u00bb custom_padding=\u00a0\u00bb7%||7%||true|false\u00a0\u00bb custom_padding_tablet=\u00a0\u00bb\u00a0\u00bb custom_padding_phone=\u00a0\u00bb0%||0%||true|false\u00a0\u00bb global_colors_info=\u00a0\u00bb{}\u00a0\u00bb][et_pb_column type=\u00a0\u00bb2_5&Prime; _builder_version=\u00a0\u00bb4.16&Prime; _module_preset=\u00a0\u00bbdefault\u00a0\u00bb global_colors_info=\u00a0\u00bb{}\u00a0\u00bb][\/et_pb_column][et_pb_column type=\u00a0\u00bb3_5&Prime; _builder_version=\u00a0\u00bb4.16&Prime; _module_preset=\u00a0\u00bbdefault\u00a0\u00bb background_color=\u00a0\u00bb#FFFFFF\u00a0\u00bb custom_padding=\u00a0\u00bb60px|60px|60px|60px|true|true\u00a0\u00bb custom_padding_tablet=\u00a0\u00bb\u00a0\u00bb custom_padding_phone=\u00a0\u00bb20px|20px|20px|20px|true|true\u00a0\u00bb custom_padding_last_edited=\u00a0\u00bbon|phone\u00a0\u00bb box_shadow_style=\u00a0\u00bbpreset1&Prime; box_shadow_color=\u00a0\u00bbrgba(0,0,0,0.15)\u00a0\u00bb global_colors_info=\u00a0\u00bb{}\u00a0\u00bb][et_pb_text _builder_version=\u00a0\u00bb4.18.0&Prime; _module_preset=\u00a0\u00bbdefault\u00a0\u00bb text_font=\u00a0\u00bbRoboto|700||on|||||\u00a0\u00bb text_text_color=\u00a0\u00bb#aaae6a\u00a0\u00bb text_letter_spacing=\u00a0\u00bb3px\u00a0\u00bb custom_margin=\u00a0\u00bb||20px||false|false\u00a0\u00bb custom_padding=\u00a0\u00bb||||false|false\u00a0\u00bb global_colors_info=\u00a0\u00bb{}\u00a0\u00bb]<\/p>\n<p>Librairie<\/p>\n<p>[\/et_pb_text][et_pb_image src=\u00a0\u00bbhttps:\/\/parqueriomartin.com\/wp-content\/uploads\/guia-de-flora-parque-cultural-rio-martin.webp\u00a0\u00bb title_text=\u00a0\u00bbflore-guide-parque-culturel-rio-martin\u00a0\u00bb disabled_on=\u00a0\u00bboff|off|on\u00a0\u00bb _builder_version=\u00a0\u00bb4.18.0&Prime; _module_preset=\u00a0\u00bbdefault\u00a0\u00bb global_colors_info=\u00a0\u00bb{}\u00a0\u00bb][\/et_pb_image][et_pb_text _builder_version=\u00a0\u00bb4.18.0&Prime; _module_preset=\u00a0\u00bbdefault\u00a0\u00bb header_2_font=\u00a0\u00bbRoboto Condensed|700||on|||||\u00a0\u00bb header_2_text_color=\u00a0\u00bb#3a1b1e\u00a0\u00bb header_2_font_size=\u00a0\u00bb40px\u00a0\u00bb header_2_letter_spacing=\u00a0\u00bb1px\u00a0\u00bb custom_margin=\u00a0\u00bb||20px||false|false\u00a0\u00bb custom_padding=\u00a0\u00bb||||false|false\u00a0\u00bb header_2_font_size_tablet=\u00a0\u00bb\u00a0\u00bb header_2_font_size_phone=\u00a0\u00bb28px\u00a0\u00bb header_2_font_size_last_edited=\u00a0\u00bbon|phone\u00a0\u00bb global_colors_info=\u00a0\u00bb{}\u00a0\u00bb]<\/p>\n<h2>Guide de la flore du parc culturel de R\u00edo Mart\u00edn<\/h2>\n<p>[\/et_pb_text][et_pb_text _builder_version=\u00a0\u00bb4.18.0&Prime; _module_preset=\u00a0\u00bbdefault\u00a0\u00bb text_font=\u00a0\u00bbRoboto||||||||\u00a0\u00bb text_font_size=\u00a0\u00bb16px\u00a0\u00bb background_enable_color=\u00a0\u00bboff\u00a0\u00bb global_colors_info=\u00a0\u00bb{}\u00a0\u00bb]<\/p>\n<p>Un guide des aspects les plus importants de la flore du parc culturel de R\u00edo Mart\u00edn. Ce livre contient les esp\u00e8ces de flore les plus caract\u00e9ristiques, repr\u00e9sentatives et uniques du Parc culturel. Il est structur\u00e9 en trois sections : arbres, arbustes et buissons ligneux, et plantes herbac\u00e9es. Le guide est accompagn\u00e9 d&rsquo;un livret de poche pour l&rsquo;identification lors des sorties sur le terrain.<\/p>\n<p>[\/et_pb_text][dipl_button buttons_alignment=\u00a0\u00bbleft\u00a0\u00bb buttons_alignment_tablet=\u00a0\u00bb\u00a0\u00bb buttons_alignment_phone=\u00a0\u00bbleft\u00a0\u00bb buttons_alignment_last_edited=\u00a0\u00bbon|phone\u00a0\u00bb disabled_on=\u00a0\u00bbon|on|on\u00a0\u00bb _builder_version=\u00a0\u00bb4.18.0&Prime; _module_preset=\u00a0\u00bbdefault\u00a0\u00bb disabled=\u00a0\u00bbon\u00a0\u00bb locked=\u00a0\u00bboff\u00a0\u00bb global_colors_info=\u00a0\u00bb{}\u00a0\u00bb][dipl_button_item button_text=\u00a0\u00bbPVP: 30\u20ac + gastos de env\u00edo\u00a0\u00bb button_url=\u00a0\u00bb#\u00a0\u00bb background_fill_style=\u00a0\u00bbwipe_fill\u00a0\u00bb button_bg_color=\u00a0\u00bb#aaae6a\u00a0\u00bb button_custom_margin=\u00a0\u00bb0px||||false|false\u00a0\u00bb button_custom_padding=\u00a0\u00bb15px|35px|15px|35px|true|false\u00a0\u00bb _builder_version=\u00a0\u00bb4.18.0&Prime; _module_preset=\u00a0\u00bbdefault\u00a0\u00bb button_font=\u00a0\u00bbRoboto|700|||||||\u00a0\u00bb button_text_color=\u00a0\u00bb#ffffff\u00a0\u00bb button_font_size=\u00a0\u00bb18px\u00a0\u00bb button_letter_spacing=\u00a0\u00bb2px\u00a0\u00bb button_font_size_tablet=\u00a0\u00bb\u00a0\u00bb button_font_size_phone=\u00a0\u00bb14px\u00a0\u00bb button_font_size_last_edited=\u00a0\u00bbon|phone\u00a0\u00bb border_color_all=\u00a0\u00bb#ffffff\u00a0\u00bb box_shadow_style=\u00a0\u00bbpreset3&Prime; global_colors_info=\u00a0\u00bb{}\u00a0\u00bb button_icon_color__hover_enabled=\u00a0\u00bbon|hover\u00a0\u00bb button_icon_color__hover=\u00a0\u00bb#000000&Prime; button_bg_color__hover_enabled=\u00a0\u00bbon|desktop\u00a0\u00bb button_bg_color__hover=\u00a0\u00bb#3a1b1e\u00a0\u00bb button_bg_enable_color__hover=\u00a0\u00bbon\u00a0\u00bb button_text_color__hover_enabled=\u00a0\u00bbon|hover\u00a0\u00bb button_text_color__hover=\u00a0\u00bb#FFFFFF\u00a0\u00bb][\/dipl_button_item][\/dipl_button][dipl_modal modal_id=\u00a0\u00bbflora\u00a0\u00bb trigger_button_text=\u00a0\u00bbPVP: 30\u20ac + frais d&rsquo;envoi\u00a0\u00bb close_on_esc=\u00a0\u00bbon\u00a0\u00bb show_modal_title=\u00a0\u00bboff\u00a0\u00bb show_footer=\u00a0\u00bboff\u00a0\u00bb modal_header_custom_padding=\u00a0\u00bb10px|20px|10px|20px|true|true\u00a0\u00bb modal_body_custom_padding=\u00a0\u00bb35px|20px|35px|20px|true|true\u00a0\u00bb _builder_version=\u00a0\u00bb4.18.1&Prime; _module_preset=\u00a0\u00bbdefault\u00a0\u00bb modal_body_text_text_align=\u00a0\u00bbcenter\u00a0\u00bb modal_trigger_text_font=\u00a0\u00bb||||||||\u00a0\u00bb custom_trigger_button=\u00a0\u00bbon\u00a0\u00bb trigger_button_text_size=\u00a0\u00bb18px\u00a0\u00bb trigger_button_border_radius=\u00a0\u00bb3px\u00a0\u00bb trigger_button_letter_spacing=\u00a0\u00bb2px\u00a0\u00bb trigger_button_font=\u00a0\u00bbRoboto|700|||||||\u00a0\u00bb trigger_button_use_icon=\u00a0\u00bboff\u00a0\u00bb trigger_button_custom_padding=\u00a0\u00bb10px|30px|10px|30px|true|true\u00a0\u00bb text_orientation=\u00a0\u00bbleft\u00a0\u00bb hover_enabled=\u00a0\u00bb0&Prime; border_width_all_modal=\u00a0\u00bb2px\u00a0\u00bb border_color_all_modal=\u00a0\u00bb#aaae6a\u00a0\u00bb box_shadow_style_trigger_button=\u00a0\u00bbpreset3&Prime; global_colors_info=\u00a0\u00bb{}\u00a0\u00bb sticky_enabled=\u00a0\u00bb0&Prime;]<\/p>\n<p align=\"center\"><img loading=\"lazy\" decoding=\"async\" class=\"wp-image-106226 alignnone size-medium\" src=\"https:\/\/parqueriomartin.com\/wp-content\/uploads\/portada-guia-de-flora-parque-cultural-rio-martin-174x300.webp\" alt=\"\" width=\"174\" height=\"300\" \/><\/p>\n<p align=\"center\"><span class=\"jCAhz ChMk0b\"><span class=\"ryNqvb\">Si vous \u00eates int\u00e9ress\u00e9 \u00e0 l&rsquo;acqu\u00e9rir, veuillez contacter les bureaux du Parc<\/span><\/span> <span class=\"jCAhz ChMk0b\"><span class=\"ryNqvb\">par t\u00e9l\u00e9phone <strong>978 817 042<\/strong> ou \u00e0 l&rsquo;adresse e-mail<\/span><\/span> <a href=\"mailto:ciar@parqueriomartin.com\">ciar@parqueriomartin.com<\/a><\/p>\n<p align=\"center\"><strong>Parque Cultural del R\u00edo Mart\u00edn<br \/>C\/ Tiro del Bolo s\/n<br \/>44547 Ari\u00f1o (Teruel)<\/strong><\/p>\n<p>[\/dipl_modal][\/et_pb_column][\/et_pb_row][et_pb_row custom_padding_last_edited=\u00a0\u00bbon|phone\u00a0\u00bb _builder_version=\u00a0\u00bb4.18.0&Prime; _module_preset=\u00a0\u00bbdefault\u00a0\u00bb custom_padding=\u00a0\u00bb70px||0px|||\u00a0\u00bb custom_padding_tablet=\u00a0\u00bb50px||||false|false\u00a0\u00bb custom_padding_phone=\u00a0\u00bb40px||||false|false\u00a0\u00bb global_colors_info=\u00a0\u00bb{}\u00a0\u00bb][et_pb_column type=\u00a0\u00bb4_4&Prime; _builder_version=\u00a0\u00bb4.18.0&Prime; _module_preset=\u00a0\u00bbdefault\u00a0\u00bb global_colors_info=\u00a0\u00bb{}\u00a0\u00bb][et_pb_divider _builder_version=\u00a0\u00bb4.18.0&Prime; _module_preset=\u00a0\u00bbdefault\u00a0\u00bb global_colors_info=\u00a0\u00bb{}\u00a0\u00bb][\/et_pb_divider][\/et_pb_column][\/et_pb_row][\/et_pb_section][et_pb_section fb_built=\u00a0\u00bb1&Prime; admin_label=\u00a0\u00bbGu\u00eda de la Fauna\u00a0\u00bb module_id=\u00a0\u00bb\u00e0 propos de nous\u00a0\u00bb _builder_version=\u00a0\u00bb4.18.0&Prime; _module_preset=\u00a0\u00bbdefault\u00a0\u00bb background_color_gradient_direction=\u00a0\u00bb-90deg\u00a0\u00bb background_enable_image=\u00a0\u00bboff\u00a0\u00bb custom_padding=\u00a0\u00bb3%||0%||false|false\u00a0\u00bb link_option_url_new_window=\u00a0\u00bbon\u00a0\u00bb locked=\u00a0\u00bboff\u00a0\u00bb collapsed=\u00a0\u00bbon\u00a0\u00bb global_colors_info=\u00a0\u00bb{}\u00a0\u00bb][et_pb_row column_structure=\u00a0\u00bb2_5,3_5&Prime; custom_padding_last_edited=\u00a0\u00bbon|phone\u00a0\u00bb _builder_version=\u00a0\u00bb4.18.0&Prime; _module_preset=\u00a0\u00bbdefault\u00a0\u00bb use_background_color_gradient=\u00a0\u00bbon\u00a0\u00bb background_color_gradient_direction=\u00a0\u00bb270deg\u00a0\u00bb background_color_gradient_stops=\u00a0\u00bb#ffffff 40%|rgba(41,196,169,0) 40%\u00a0\u00bb background_color_gradient_overlays_image=\u00a0\u00bbon\u00a0\u00bb background_color_gradient_start=\u00a0\u00bb#ffffff\u00a0\u00bb background_color_gradient_start_position=\u00a0\u00bb40%\u00a0\u00bb background_color_gradient_end=\u00a0\u00bbrgba(41,196,169,0)\u00a0\u00bb background_color_gradient_end_position=\u00a0\u00bb40%\u00a0\u00bb background_image=\u00a0\u00bbhttps:\/\/parqueriomartin.com\/wp-content\/uploads\/guia-de-fauna-parque-cultural-rio-martin.webp\u00a0\u00bb width_tablet=\u00a0\u00bb\u00a0\u00bb width_phone=\u00a0\u00bb\u00a0\u00bb width_last_edited=\u00a0\u00bbon|desktop\u00a0\u00bb custom_padding=\u00a0\u00bb7%||7%||true|false\u00a0\u00bb custom_padding_tablet=\u00a0\u00bb\u00a0\u00bb custom_padding_phone=\u00a0\u00bb0%||0%||true|false\u00a0\u00bb global_colors_info=\u00a0\u00bb{}\u00a0\u00bb][et_pb_column type=\u00a0\u00bb2_5&Prime; _builder_version=\u00a0\u00bb4.16&Prime; _module_preset=\u00a0\u00bbdefault\u00a0\u00bb global_colors_info=\u00a0\u00bb{}\u00a0\u00bb][\/et_pb_column][et_pb_column type=\u00a0\u00bb3_5&Prime; _builder_version=\u00a0\u00bb4.16&Prime; _module_preset=\u00a0\u00bbdefault\u00a0\u00bb background_color=\u00a0\u00bb#FFFFFF\u00a0\u00bb custom_padding=\u00a0\u00bb60px|60px|60px|60px|true|true\u00a0\u00bb custom_padding_tablet=\u00a0\u00bb\u00a0\u00bb custom_padding_phone=\u00a0\u00bb20px|20px|20px|20px|true|true\u00a0\u00bb custom_padding_last_edited=\u00a0\u00bbon|phone\u00a0\u00bb box_shadow_style=\u00a0\u00bbpreset1&Prime; box_shadow_color=\u00a0\u00bbrgba(0,0,0,0.15)\u00a0\u00bb global_colors_info=\u00a0\u00bb{}\u00a0\u00bb][et_pb_text _builder_version=\u00a0\u00bb4.18.0&Prime; _module_preset=\u00a0\u00bbdefault\u00a0\u00bb text_font=\u00a0\u00bbRoboto|700||on|||||\u00a0\u00bb text_text_color=\u00a0\u00bb#aaae6a\u00a0\u00bb text_letter_spacing=\u00a0\u00bb3px\u00a0\u00bb custom_margin=\u00a0\u00bb||20px||false|false\u00a0\u00bb custom_padding=\u00a0\u00bb||||false|false\u00a0\u00bb global_colors_info=\u00a0\u00bb{}\u00a0\u00bb]<\/p>\n<p>Librairie<\/p>\n<p>[\/et_pb_text][et_pb_image src=\u00a0\u00bbhttps:\/\/parqueriomartin.com\/wp-content\/uploads\/guia-de-fauna-parque-cultural-rio-martin.webp\u00a0\u00bb title_text=\u00a0\u00bbguide-to-fauna-cultural-park-rio-martin\u00a0\u00bb disabled_on=\u00a0\u00bboff|off|on\u00a0\u00bb _builder_version=\u00a0\u00bb4.18.0&Prime; _module_preset=\u00a0\u00bbdefault\u00a0\u00bb global_colors_info=\u00a0\u00bb{}\u00a0\u00bb][\/et_pb_image][et_pb_text _builder_version=\u00a0\u00bb4.18.0&Prime; _module_preset=\u00a0\u00bbdefault\u00a0\u00bb header_2_font=\u00a0\u00bbRoboto Condensed|700||on|||||\u00a0\u00bb header_2_text_color=\u00a0\u00bb#3a1b1e\u00a0\u00bb header_2_font_size=\u00a0\u00bb40px\u00a0\u00bb header_2_letter_spacing=\u00a0\u00bb1px\u00a0\u00bb custom_margin=\u00a0\u00bb||20px||false|false\u00a0\u00bb custom_padding=\u00a0\u00bb||||false|false\u00a0\u00bb header_2_font_size_tablet=\u00a0\u00bb\u00a0\u00bb header_2_font_size_phone=\u00a0\u00bb28px\u00a0\u00bb header_2_font_size_last_edited=\u00a0\u00bbon|phone\u00a0\u00bb global_colors_info=\u00a0\u00bb{}\u00a0\u00bb]<\/p>\n<h2>Guide de la faune du parc culturel de R\u00edo Mart\u00edn<\/h2>\n<p>[\/et_pb_text][et_pb_text _builder_version=\u00a0\u00bb4.18.0&Prime; _module_preset=\u00a0\u00bbdefault\u00a0\u00bb text_font=\u00a0\u00bbRoboto||||||||\u00a0\u00bb text_font_size=\u00a0\u00bb16px\u00a0\u00bb background_enable_color=\u00a0\u00bboff\u00a0\u00bb global_colors_info=\u00a0\u00bb{}\u00a0\u00bb]<\/p>\n<p>Ce guide vise \u00e0 montrer, \u00e0 travers des photographies exceptionnelles prises par le coordinateur du guide, Jonathan D\u00edaz, la richesse de la faune dans son habitat naturel dans le parc culturel.<\/p>\n<p>[\/et_pb_text][dipl_button buttons_alignment=\u00a0\u00bbleft\u00a0\u00bb buttons_alignment_tablet=\u00a0\u00bb\u00a0\u00bb buttons_alignment_phone=\u00a0\u00bbleft\u00a0\u00bb buttons_alignment_last_edited=\u00a0\u00bbon|phone\u00a0\u00bb disabled_on=\u00a0\u00bbon|on|on\u00a0\u00bb _builder_version=\u00a0\u00bb4.18.0&Prime; _module_preset=\u00a0\u00bbdefault\u00a0\u00bb disabled=\u00a0\u00bbon\u00a0\u00bb locked=\u00a0\u00bboff\u00a0\u00bb global_colors_info=\u00a0\u00bb{}\u00a0\u00bb][dipl_button_item button_text=\u00a0\u00bbPVP: 30\u20ac + gastos de env\u00edo\u00a0\u00bb button_url=\u00a0\u00bb#\u00a0\u00bb background_fill_style=\u00a0\u00bbwipe_fill\u00a0\u00bb button_bg_color=\u00a0\u00bb#aaae6a\u00a0\u00bb button_custom_margin=\u00a0\u00bb0px||||false|false\u00a0\u00bb button_custom_padding=\u00a0\u00bb15px|35px|15px|35px|true|false\u00a0\u00bb _builder_version=\u00a0\u00bb4.18.0&Prime; _module_preset=\u00a0\u00bbdefault\u00a0\u00bb button_font=\u00a0\u00bbRoboto|700|||||||\u00a0\u00bb button_text_color=\u00a0\u00bb#ffffff\u00a0\u00bb button_font_size=\u00a0\u00bb18px\u00a0\u00bb button_letter_spacing=\u00a0\u00bb2px\u00a0\u00bb button_font_size_tablet=\u00a0\u00bb\u00a0\u00bb button_font_size_phone=\u00a0\u00bb14px\u00a0\u00bb button_font_size_last_edited=\u00a0\u00bbon|phone\u00a0\u00bb border_color_all=\u00a0\u00bb#ffffff\u00a0\u00bb box_shadow_style=\u00a0\u00bbpreset3&Prime; global_colors_info=\u00a0\u00bb{}\u00a0\u00bb button_icon_color__hover_enabled=\u00a0\u00bbon|hover\u00a0\u00bb button_icon_color__hover=\u00a0\u00bb#000000&Prime; button_bg_color__hover_enabled=\u00a0\u00bbon|desktop\u00a0\u00bb button_bg_color__hover=\u00a0\u00bb#3a1b1e\u00a0\u00bb button_bg_enable_color__hover=\u00a0\u00bbon\u00a0\u00bb button_text_color__hover_enabled=\u00a0\u00bbon|hover\u00a0\u00bb button_text_color__hover=\u00a0\u00bb#FFFFFF\u00a0\u00bb][\/dipl_button_item][\/dipl_button][dipl_modal modal_id=\u00a0\u00bbfauna\u00a0\u00bb trigger_button_text=\u00a0\u00bbPVP: 30\u20ac + frais d&rsquo;envoi\u00a0\u00bb close_on_esc=\u00a0\u00bbon\u00a0\u00bb show_modal_title=\u00a0\u00bboff\u00a0\u00bb show_footer=\u00a0\u00bboff\u00a0\u00bb modal_header_custom_padding=\u00a0\u00bb10px|20px|10px|20px|true|true\u00a0\u00bb modal_body_custom_padding=\u00a0\u00bb35px|20px|35px|20px|true|true\u00a0\u00bb _builder_version=\u00a0\u00bb4.18.1&Prime; _module_preset=\u00a0\u00bbdefault\u00a0\u00bb modal_body_text_text_align=\u00a0\u00bbcenter\u00a0\u00bb modal_trigger_text_font=\u00a0\u00bb||||||||\u00a0\u00bb custom_trigger_button=\u00a0\u00bbon\u00a0\u00bb trigger_button_text_size=\u00a0\u00bb18px\u00a0\u00bb trigger_button_border_radius=\u00a0\u00bb3px\u00a0\u00bb trigger_button_letter_spacing=\u00a0\u00bb2px\u00a0\u00bb trigger_button_font=\u00a0\u00bbRoboto|700|||||||\u00a0\u00bb trigger_button_use_icon=\u00a0\u00bboff\u00a0\u00bb trigger_button_custom_padding=\u00a0\u00bb10px|30px|10px|30px|true|true\u00a0\u00bb text_orientation=\u00a0\u00bbleft\u00a0\u00bb hover_enabled=\u00a0\u00bb0&Prime; border_width_all_modal=\u00a0\u00bb2px\u00a0\u00bb border_color_all_modal=\u00a0\u00bb#aaae6a\u00a0\u00bb box_shadow_style_trigger_button=\u00a0\u00bbpreset3&Prime; global_colors_info=\u00a0\u00bb{}\u00a0\u00bb sticky_enabled=\u00a0\u00bb0&Prime;]<\/p>\n<p align=\"center\"><img loading=\"lazy\" decoding=\"async\" class=\"wp-image-106232 alignnone size-medium\" src=\"https:\/\/parqueriomartin.com\/wp-content\/uploads\/portada-guia-de-fauna-parque-cultural-rio-martin-170x300.webp\" alt=\"\" width=\"170\" height=\"300\" \/><\/p>\n<p align=\"center\"><span class=\"jCAhz ChMk0b\"><span class=\"ryNqvb\">Si vous \u00eates int\u00e9ress\u00e9 \u00e0 l&rsquo;acqu\u00e9rir, veuillez contacter les bureaux du Parc<\/span><\/span> <span class=\"jCAhz ChMk0b\"><span class=\"ryNqvb\">par t\u00e9l\u00e9phone <strong>978 817 042<\/strong> ou \u00e0 l&rsquo;adresse e-mail<\/span><\/span> <a href=\"mailto:ciar@parqueriomartin.com\">ciar@parqueriomartin.com<\/a><\/p>\n<p align=\"center\"><strong>Parque Cultural del R\u00edo Mart\u00edn<br \/>C\/ Tiro del Bolo s\/n<br \/>44547 Ari\u00f1o (Teruel)<\/strong><\/p>\n<p>[\/dipl_modal][\/et_pb_column][\/et_pb_row][et_pb_row custom_padding_last_edited=\u00a0\u00bbon|phone\u00a0\u00bb _builder_version=\u00a0\u00bb4.18.0&Prime; _module_preset=\u00a0\u00bbdefault\u00a0\u00bb custom_padding=\u00a0\u00bb70px||0px|||\u00a0\u00bb custom_padding_tablet=\u00a0\u00bb50px||||false|false\u00a0\u00bb custom_padding_phone=\u00a0\u00bb40px||||false|false\u00a0\u00bb global_colors_info=\u00a0\u00bb{}\u00a0\u00bb][et_pb_column type=\u00a0\u00bb4_4&Prime; _builder_version=\u00a0\u00bb4.18.0&Prime; _module_preset=\u00a0\u00bbdefault\u00a0\u00bb global_colors_info=\u00a0\u00bb{}\u00a0\u00bb][et_pb_divider _builder_version=\u00a0\u00bb4.18.0&Prime; _module_preset=\u00a0\u00bbdefault\u00a0\u00bb global_colors_info=\u00a0\u00bb{}\u00a0\u00bb][\/et_pb_divider][\/et_pb_column][\/et_pb_row][\/et_pb_section][et_pb_section fb_built=\u00a0\u00bb1&Prime; admin_label=\u00a0\u00bbGu\u00eda de la Geolog\u00eda y Paleontolog\u00eda\u00a0\u00bb module_id=\u00a0\u00bb\u00e0 propos de nous\u00a0\u00bb _builder_version=\u00a0\u00bb4.18.0&Prime; _module_preset=\u00a0\u00bbdefault\u00a0\u00bb background_color_gradient_direction=\u00a0\u00bb-90deg\u00a0\u00bb background_enable_image=\u00a0\u00bboff\u00a0\u00bb custom_padding=\u00a0\u00bb3%||0%||false|false\u00a0\u00bb link_option_url_new_window=\u00a0\u00bbon\u00a0\u00bb locked=\u00a0\u00bboff\u00a0\u00bb collapsed=\u00a0\u00bbon\u00a0\u00bb global_colors_info=\u00a0\u00bb{}\u00a0\u00bb][et_pb_row column_structure=\u00a0\u00bb2_5,3_5&Prime; custom_padding_last_edited=\u00a0\u00bbon|phone\u00a0\u00bb _builder_version=\u00a0\u00bb4.18.0&Prime; _module_preset=\u00a0\u00bbdefault\u00a0\u00bb use_background_color_gradient=\u00a0\u00bbon\u00a0\u00bb background_color_gradient_direction=\u00a0\u00bb270deg\u00a0\u00bb background_color_gradient_stops=\u00a0\u00bb#ffffff 40%|rgba(41,196,169,0) 40%\u00a0\u00bb background_color_gradient_overlays_image=\u00a0\u00bbon\u00a0\u00bb background_color_gradient_start=\u00a0\u00bb#ffffff\u00a0\u00bb background_color_gradient_start_position=\u00a0\u00bb40%\u00a0\u00bb background_color_gradient_end=\u00a0\u00bbrgba(41,196,169,0)\u00a0\u00bb background_color_gradient_end_position=\u00a0\u00bb40%\u00a0\u00bb background_image=\u00a0\u00bbhttps:\/\/parqueriomartin.com\/wp-content\/uploads\/guia-de-geologia-y-paleontologia-parque-cultural-rio-martin.webp\u00a0\u00bb width_tablet=\u00a0\u00bb\u00a0\u00bb width_phone=\u00a0\u00bb\u00a0\u00bb width_last_edited=\u00a0\u00bbon|desktop\u00a0\u00bb custom_padding=\u00a0\u00bb7%||7%||true|false\u00a0\u00bb custom_padding_tablet=\u00a0\u00bb\u00a0\u00bb custom_padding_phone=\u00a0\u00bb0%||0%||true|false\u00a0\u00bb global_colors_info=\u00a0\u00bb{}\u00a0\u00bb][et_pb_column type=\u00a0\u00bb2_5&Prime; _builder_version=\u00a0\u00bb4.16&Prime; _module_preset=\u00a0\u00bbdefault\u00a0\u00bb global_colors_info=\u00a0\u00bb{}\u00a0\u00bb][\/et_pb_column][et_pb_column type=\u00a0\u00bb3_5&Prime; _builder_version=\u00a0\u00bb4.16&Prime; _module_preset=\u00a0\u00bbdefault\u00a0\u00bb background_color=\u00a0\u00bb#FFFFFF\u00a0\u00bb custom_padding=\u00a0\u00bb60px|60px|60px|60px|true|true\u00a0\u00bb custom_padding_tablet=\u00a0\u00bb\u00a0\u00bb custom_padding_phone=\u00a0\u00bb20px|20px|20px|20px|true|true\u00a0\u00bb custom_padding_last_edited=\u00a0\u00bbon|phone\u00a0\u00bb box_shadow_style=\u00a0\u00bbpreset1&Prime; box_shadow_color=\u00a0\u00bbrgba(0,0,0,0.15)\u00a0\u00bb global_colors_info=\u00a0\u00bb{}\u00a0\u00bb][et_pb_text _builder_version=\u00a0\u00bb4.18.0&Prime; _module_preset=\u00a0\u00bbdefault\u00a0\u00bb text_font=\u00a0\u00bbRoboto|700||on|||||\u00a0\u00bb text_text_color=\u00a0\u00bb#aaae6a\u00a0\u00bb text_letter_spacing=\u00a0\u00bb3px\u00a0\u00bb custom_margin=\u00a0\u00bb||20px||false|false\u00a0\u00bb custom_padding=\u00a0\u00bb||||false|false\u00a0\u00bb global_colors_info=\u00a0\u00bb{}\u00a0\u00bb]<\/p>\n<p>Librairie<\/p>\n<p>[\/et_pb_text][et_pb_image src=\u00a0\u00bbhttps:\/\/parqueriomartin.com\/wp-content\/uploads\/guia-de-geologia-y-paleontologia-parque-cultural-rio-martin.webp\u00a0\u00bb title_text=\u00a0\u00bbguide-g\u00e9ologie-et-pal\u00e9ontologie-culturel-park-rio-martin\u00a0\u00bb disabled_on=\u00a0\u00bboff|off|on\u00a0\u00bb _builder_version=\u00a0\u00bb4.18.0&Prime; _module_preset=\u00a0\u00bbdefault\u00a0\u00bb global_colors_info=\u00a0\u00bb{}\u00a0\u00bb][\/et_pb_image][et_pb_text _builder_version=\u00a0\u00bb4.18.0&Prime; _module_preset=\u00a0\u00bbdefault\u00a0\u00bb header_2_font=\u00a0\u00bbRoboto Condensed|700||on|||||\u00a0\u00bb header_2_text_color=\u00a0\u00bb#3a1b1e\u00a0\u00bb header_2_font_size=\u00a0\u00bb40px\u00a0\u00bb header_2_letter_spacing=\u00a0\u00bb1px\u00a0\u00bb custom_margin=\u00a0\u00bb||20px||false|false\u00a0\u00bb custom_padding=\u00a0\u00bb||||false|false\u00a0\u00bb header_2_font_size_tablet=\u00a0\u00bb\u00a0\u00bb header_2_font_size_phone=\u00a0\u00bb28px\u00a0\u00bb header_2_font_size_last_edited=\u00a0\u00bbon|phone\u00a0\u00bb global_colors_info=\u00a0\u00bb{}\u00a0\u00bb]<\/p>\n<h2>Guide de la g\u00e9ologie et de la pal\u00e9ontologie du parc culturel de la rivi\u00e8re Mart\u00edn<\/h2>\n<p>[\/et_pb_text][et_pb_text _builder_version=\u00a0\u00bb4.18.0&Prime; _module_preset=\u00a0\u00bbdefault\u00a0\u00bb text_font=\u00a0\u00bbRoboto||||||||\u00a0\u00bb text_font_size=\u00a0\u00bb16px\u00a0\u00bb background_enable_color=\u00a0\u00bboff\u00a0\u00bb global_colors_info=\u00a0\u00bb{}\u00a0\u00bb]<\/p>\n<p>Ce livre vise \u00e0 pr\u00e9senter les aspects les plus pertinents de la g\u00e9ologie et de la pal\u00e9ontologie du parc culturel de la rivi\u00e8re Mart\u00edn. Il s&rsquo;agit d&rsquo;une \u00e9dition renouvel\u00e9e et elle est structur\u00e9e en une premi\u00e8re partie comme une introduction \u00e0 la g\u00e9ologie, un regard particulier pour voir au-del\u00e0 du paysage et une deuxi\u00e8me partie sur l&rsquo;histoire g\u00e9ologique et pal\u00e9ontologique du parc culturel. Enfin, 50 points d&rsquo;int\u00e9r\u00eat g\u00e9ologique du Parc sont d\u00e9crits, tous accompagn\u00e9s d&rsquo;abondantes photographies et de graphiques explicatifs.<\/p>\n<p>Il s&rsquo;adresse aussi bien aux sp\u00e9cialistes du domaine qu&rsquo;aux personnes d\u00e9sireuses de d\u00e9couvrir l&rsquo;aspect et l&rsquo;origine du paysage qui les entoure.<\/p>\n<p>[\/et_pb_text][dipl_button buttons_alignment=\u00a0\u00bbleft\u00a0\u00bb buttons_alignment_tablet=\u00a0\u00bb\u00a0\u00bb buttons_alignment_phone=\u00a0\u00bbleft\u00a0\u00bb buttons_alignment_last_edited=\u00a0\u00bbon|phone\u00a0\u00bb disabled_on=\u00a0\u00bbon|on|on\u00a0\u00bb _builder_version=\u00a0\u00bb4.18.0&Prime; _module_preset=\u00a0\u00bbdefault\u00a0\u00bb disabled=\u00a0\u00bbon\u00a0\u00bb locked=\u00a0\u00bboff\u00a0\u00bb global_colors_info=\u00a0\u00bb{}\u00a0\u00bb][dipl_button_item button_text=\u00a0\u00bbPVP: 30\u20ac + gastos de env\u00edo\u00a0\u00bb button_url=\u00a0\u00bb#\u00a0\u00bb background_fill_style=\u00a0\u00bbwipe_fill\u00a0\u00bb button_bg_color=\u00a0\u00bb#aaae6a\u00a0\u00bb button_custom_margin=\u00a0\u00bb0px||||false|false\u00a0\u00bb button_custom_padding=\u00a0\u00bb15px|35px|15px|35px|true|false\u00a0\u00bb _builder_version=\u00a0\u00bb4.18.0&Prime; _module_preset=\u00a0\u00bbdefault\u00a0\u00bb button_font=\u00a0\u00bbRoboto|700|||||||\u00a0\u00bb button_text_color=\u00a0\u00bb#ffffff\u00a0\u00bb button_font_size=\u00a0\u00bb18px\u00a0\u00bb button_letter_spacing=\u00a0\u00bb2px\u00a0\u00bb button_font_size_tablet=\u00a0\u00bb\u00a0\u00bb button_font_size_phone=\u00a0\u00bb14px\u00a0\u00bb button_font_size_last_edited=\u00a0\u00bbon|phone\u00a0\u00bb border_color_all=\u00a0\u00bb#ffffff\u00a0\u00bb box_shadow_style=\u00a0\u00bbpreset3&Prime; global_colors_info=\u00a0\u00bb{}\u00a0\u00bb button_icon_color__hover_enabled=\u00a0\u00bbon|hover\u00a0\u00bb button_icon_color__hover=\u00a0\u00bb#000000&Prime; button_bg_color__hover_enabled=\u00a0\u00bbon|desktop\u00a0\u00bb button_bg_color__hover=\u00a0\u00bb#3a1b1e\u00a0\u00bb button_bg_enable_color__hover=\u00a0\u00bbon\u00a0\u00bb button_text_color__hover_enabled=\u00a0\u00bbon|hover\u00a0\u00bb button_text_color__hover=\u00a0\u00bb#FFFFFF\u00a0\u00bb][\/dipl_button_item][\/dipl_button][dipl_modal modal_id=\u00a0\u00bbgeologia\u00a0\u00bb trigger_button_text=\u00a0\u00bbPVP: 30\u20ac + frais d&rsquo;envoi\u00a0\u00bb close_on_esc=\u00a0\u00bbon\u00a0\u00bb show_modal_title=\u00a0\u00bboff\u00a0\u00bb show_footer=\u00a0\u00bboff\u00a0\u00bb modal_header_custom_padding=\u00a0\u00bb10px|20px|10px|20px|true|true\u00a0\u00bb modal_body_custom_padding=\u00a0\u00bb35px|20px|35px|20px|true|true\u00a0\u00bb _builder_version=\u00a0\u00bb4.18.1&Prime; _module_preset=\u00a0\u00bbdefault\u00a0\u00bb modal_body_text_text_align=\u00a0\u00bbcenter\u00a0\u00bb modal_trigger_text_font=\u00a0\u00bb||||||||\u00a0\u00bb custom_trigger_button=\u00a0\u00bbon\u00a0\u00bb trigger_button_text_size=\u00a0\u00bb18px\u00a0\u00bb trigger_button_border_radius=\u00a0\u00bb3px\u00a0\u00bb trigger_button_letter_spacing=\u00a0\u00bb2px\u00a0\u00bb trigger_button_font=\u00a0\u00bbRoboto|700|||||||\u00a0\u00bb trigger_button_use_icon=\u00a0\u00bboff\u00a0\u00bb trigger_button_custom_padding=\u00a0\u00bb10px|30px|10px|30px|true|true\u00a0\u00bb text_orientation=\u00a0\u00bbleft\u00a0\u00bb hover_enabled=\u00a0\u00bb0&Prime; border_width_all_modal=\u00a0\u00bb2px\u00a0\u00bb border_color_all_modal=\u00a0\u00bb#aaae6a\u00a0\u00bb box_shadow_style_trigger_button=\u00a0\u00bbpreset3&Prime; global_colors_info=\u00a0\u00bb{}\u00a0\u00bb sticky_enabled=\u00a0\u00bb0&Prime;]<\/p>\n<p align=\"center\"><img loading=\"lazy\" decoding=\"async\" class=\"wp-image-106238 alignnone size-medium\" src=\"https:\/\/parqueriomartin.com\/wp-content\/uploads\/portada-guia-de-geologia-y-paleontologia-parque-cultural-rio-martin-171x300.webp\" alt=\"\" width=\"171\" height=\"300\" \/><\/p>\n<p align=\"center\"><span class=\"jCAhz ChMk0b\"><span class=\"ryNqvb\">Si vous \u00eates int\u00e9ress\u00e9 \u00e0 l&rsquo;acqu\u00e9rir, veuillez contacter les bureaux du Parc<\/span><\/span> <span class=\"jCAhz ChMk0b\"><span class=\"ryNqvb\">par t\u00e9l\u00e9phone <strong>978 817 042<\/strong> ou \u00e0 l&rsquo;adresse e-mail<\/span><\/span> <a href=\"mailto:ciar@parqueriomartin.com\">ciar@parqueriomartin.com<\/a><\/p>\n<p align=\"center\"><strong>Parque Cultural del R\u00edo Mart\u00edn<br \/>C\/ Tiro del Bolo s\/n<br \/>44547 Ari\u00f1o (Teruel)<\/strong><\/p>\n<p>[\/dipl_modal][\/et_pb_column][\/et_pb_row][et_pb_row custom_padding_last_edited=\u00a0\u00bbon|phone\u00a0\u00bb _builder_version=\u00a0\u00bb4.18.0&Prime; _module_preset=\u00a0\u00bbdefault\u00a0\u00bb custom_padding=\u00a0\u00bb70px||0px|||\u00a0\u00bb custom_padding_tablet=\u00a0\u00bb50px||||false|false\u00a0\u00bb custom_padding_phone=\u00a0\u00bb40px||||false|false\u00a0\u00bb global_colors_info=\u00a0\u00bb{}\u00a0\u00bb][et_pb_column type=\u00a0\u00bb4_4&Prime; _builder_version=\u00a0\u00bb4.18.0&Prime; _module_preset=\u00a0\u00bbdefault\u00a0\u00bb global_colors_info=\u00a0\u00bb{}\u00a0\u00bb][et_pb_divider _builder_version=\u00a0\u00bb4.18.0&Prime; _module_preset=\u00a0\u00bbdefault\u00a0\u00bb global_colors_info=\u00a0\u00bb{}\u00a0\u00bb][\/et_pb_divider][\/et_pb_column][\/et_pb_row][\/et_pb_section][et_pb_section fb_built=\u00a0\u00bb1&Prime; admin_label=\u00a0\u00bbHacer hablar a las piedras\u00a0\u00bb module_id=\u00a0\u00bb\u00e0 propos de nous\u00a0\u00bb _builder_version=\u00a0\u00bb4.18.0&Prime; _module_preset=\u00a0\u00bbdefault\u00a0\u00bb background_color_gradient_direction=\u00a0\u00bb-90deg\u00a0\u00bb background_enable_image=\u00a0\u00bboff\u00a0\u00bb custom_padding=\u00a0\u00bb3%||0%||false|false\u00a0\u00bb link_option_url_new_window=\u00a0\u00bbon\u00a0\u00bb locked=\u00a0\u00bboff\u00a0\u00bb collapsed=\u00a0\u00bbon\u00a0\u00bb global_colors_info=\u00a0\u00bb{}\u00a0\u00bb][et_pb_row column_structure=\u00a0\u00bb2_5,3_5&Prime; custom_padding_last_edited=\u00a0\u00bbon|phone\u00a0\u00bb _builder_version=\u00a0\u00bb4.18.0&Prime; _module_preset=\u00a0\u00bbdefault\u00a0\u00bb use_background_color_gradient=\u00a0\u00bbon\u00a0\u00bb background_color_gradient_direction=\u00a0\u00bb270deg\u00a0\u00bb background_color_gradient_stops=\u00a0\u00bb#ffffff 40%|rgba(41,196,169,0) 40%\u00a0\u00bb background_color_gradient_overlays_image=\u00a0\u00bbon\u00a0\u00bb background_color_gradient_start=\u00a0\u00bb#ffffff\u00a0\u00bb background_color_gradient_start_position=\u00a0\u00bb40%\u00a0\u00bb background_color_gradient_end=\u00a0\u00bbrgba(41,196,169,0)\u00a0\u00bb background_color_gradient_end_position=\u00a0\u00bb40%\u00a0\u00bb background_image=\u00a0\u00bbhttps:\/\/parqueriomartin.com\/wp-content\/uploads\/hacer-hablar-a-las-piedras-parque-cultural-rio-martin.webp\u00a0\u00bb width_tablet=\u00a0\u00bb\u00a0\u00bb width_phone=\u00a0\u00bb\u00a0\u00bb width_last_edited=\u00a0\u00bbon|desktop\u00a0\u00bb custom_padding=\u00a0\u00bb7%||7%||true|false\u00a0\u00bb custom_padding_tablet=\u00a0\u00bb\u00a0\u00bb custom_padding_phone=\u00a0\u00bb0%||0%||true|false\u00a0\u00bb global_colors_info=\u00a0\u00bb{}\u00a0\u00bb][et_pb_column type=\u00a0\u00bb2_5&Prime; _builder_version=\u00a0\u00bb4.16&Prime; _module_preset=\u00a0\u00bbdefault\u00a0\u00bb global_colors_info=\u00a0\u00bb{}\u00a0\u00bb][\/et_pb_column][et_pb_column type=\u00a0\u00bb3_5&Prime; _builder_version=\u00a0\u00bb4.16&Prime; _module_preset=\u00a0\u00bbdefault\u00a0\u00bb background_color=\u00a0\u00bb#FFFFFF\u00a0\u00bb custom_padding=\u00a0\u00bb60px|60px|60px|60px|true|true\u00a0\u00bb custom_padding_tablet=\u00a0\u00bb\u00a0\u00bb custom_padding_phone=\u00a0\u00bb20px|20px|20px|20px|true|true\u00a0\u00bb custom_padding_last_edited=\u00a0\u00bbon|phone\u00a0\u00bb box_shadow_style=\u00a0\u00bbpreset1&Prime; box_shadow_color=\u00a0\u00bbrgba(0,0,0,0.15)\u00a0\u00bb global_colors_info=\u00a0\u00bb{}\u00a0\u00bb][et_pb_text _builder_version=\u00a0\u00bb4.18.0&Prime; _module_preset=\u00a0\u00bbdefault\u00a0\u00bb text_font=\u00a0\u00bbRoboto|700||on|||||\u00a0\u00bb text_text_color=\u00a0\u00bb#aaae6a\u00a0\u00bb text_letter_spacing=\u00a0\u00bb3px\u00a0\u00bb custom_margin=\u00a0\u00bb||20px||false|false\u00a0\u00bb custom_padding=\u00a0\u00bb||||false|false\u00a0\u00bb global_colors_info=\u00a0\u00bb{}\u00a0\u00bb]<\/p>\n<p>Librairie<\/p>\n<p>[\/et_pb_text][et_pb_image src=\u00a0\u00bbhttps:\/\/parqueriomartin.com\/wp-content\/uploads\/hacer-hablar-a-las-piedras-parque-cultural-rio-martin.webp\u00a0\u00bb title_text=\u00a0\u00bbdo-talk-to-the-stones-cultural-park-rio-martin\u00a0\u00bb disabled_on=\u00a0\u00bboff|off|on\u00a0\u00bb _builder_version=\u00a0\u00bb4.18.0&Prime; _module_preset=\u00a0\u00bbdefault\u00a0\u00bb global_colors_info=\u00a0\u00bb{}\u00a0\u00bb][\/et_pb_image][et_pb_text _builder_version=\u00a0\u00bb4.18.0&Prime; _module_preset=\u00a0\u00bbdefault\u00a0\u00bb header_2_font=\u00a0\u00bbRoboto Condensed|700||on|||||\u00a0\u00bb header_2_text_color=\u00a0\u00bb#3a1b1e\u00a0\u00bb header_2_font_size=\u00a0\u00bb40px\u00a0\u00bb header_2_letter_spacing=\u00a0\u00bb1px\u00a0\u00bb custom_margin=\u00a0\u00bb||20px||false|false\u00a0\u00bb custom_padding=\u00a0\u00bb||||false|false\u00a0\u00bb header_2_font_size_tablet=\u00a0\u00bb\u00a0\u00bb header_2_font_size_phone=\u00a0\u00bb28px\u00a0\u00bb header_2_font_size_last_edited=\u00a0\u00bbon|phone\u00a0\u00bb global_colors_info=\u00a0\u00bb{}\u00a0\u00bb]<\/p>\n<h2>Faire parler les pierres<\/h2>\n<p>[\/et_pb_text][et_pb_text _builder_version=\u00a0\u00bb4.18.0&Prime; _module_preset=\u00a0\u00bbdefault\u00a0\u00bb text_font=\u00a0\u00bbRoboto||||||||\u00a0\u00bb text_font_size=\u00a0\u00bb16px\u00a0\u00bb background_enable_color=\u00a0\u00bboff\u00a0\u00bb global_colors_info=\u00a0\u00bb{}\u00a0\u00bb]<\/p>\n<p>La Piedra Seca, dans le parc culturel de la rivi\u00e8re Mart\u00edn et dans la r\u00e9gion de Cuencas Mineras. Le livre pr\u00e9sente un \u00e9chantillon exceptionnel de ces constructions traditionnelles \u00e0 Piedra Seca.<\/p>\n<p>[\/et_pb_text][dipl_button buttons_alignment=\u00a0\u00bbleft\u00a0\u00bb buttons_alignment_tablet=\u00a0\u00bb\u00a0\u00bb buttons_alignment_phone=\u00a0\u00bbleft\u00a0\u00bb buttons_alignment_last_edited=\u00a0\u00bbon|phone\u00a0\u00bb disabled_on=\u00a0\u00bbon|on|on\u00a0\u00bb _builder_version=\u00a0\u00bb4.18.0&Prime; _module_preset=\u00a0\u00bbdefault\u00a0\u00bb disabled=\u00a0\u00bbon\u00a0\u00bb locked=\u00a0\u00bboff\u00a0\u00bb global_colors_info=\u00a0\u00bb{}\u00a0\u00bb][dipl_button_item button_text=\u00a0\u00bbPVP: 30\u20ac + gastos de env\u00edo\u00a0\u00bb button_url=\u00a0\u00bb#\u00a0\u00bb background_fill_style=\u00a0\u00bbwipe_fill\u00a0\u00bb button_bg_color=\u00a0\u00bb#aaae6a\u00a0\u00bb button_custom_margin=\u00a0\u00bb0px||||false|false\u00a0\u00bb button_custom_padding=\u00a0\u00bb15px|35px|15px|35px|true|false\u00a0\u00bb _builder_version=\u00a0\u00bb4.18.0&Prime; _module_preset=\u00a0\u00bbdefault\u00a0\u00bb button_font=\u00a0\u00bbRoboto|700|||||||\u00a0\u00bb button_text_color=\u00a0\u00bb#ffffff\u00a0\u00bb button_font_size=\u00a0\u00bb18px\u00a0\u00bb button_letter_spacing=\u00a0\u00bb2px\u00a0\u00bb button_font_size_tablet=\u00a0\u00bb\u00a0\u00bb button_font_size_phone=\u00a0\u00bb14px\u00a0\u00bb button_font_size_last_edited=\u00a0\u00bbon|phone\u00a0\u00bb border_color_all=\u00a0\u00bb#ffffff\u00a0\u00bb box_shadow_style=\u00a0\u00bbpreset3&Prime; global_colors_info=\u00a0\u00bb{}\u00a0\u00bb button_icon_color__hover_enabled=\u00a0\u00bbon|hover\u00a0\u00bb button_icon_color__hover=\u00a0\u00bb#000000&Prime; button_bg_color__hover_enabled=\u00a0\u00bbon|desktop\u00a0\u00bb button_bg_color__hover=\u00a0\u00bb#3a1b1e\u00a0\u00bb button_bg_enable_color__hover=\u00a0\u00bbon\u00a0\u00bb button_text_color__hover_enabled=\u00a0\u00bbon|hover\u00a0\u00bb button_text_color__hover=\u00a0\u00bb#FFFFFF\u00a0\u00bb][\/dipl_button_item][\/dipl_button][dipl_modal modal_id=\u00a0\u00bbpiedras\u00a0\u00bb trigger_button_text=\u00a0\u00bbPVP: 18\u20ac + frais d&rsquo;envoi\u00a0\u00bb close_on_esc=\u00a0\u00bbon\u00a0\u00bb show_modal_title=\u00a0\u00bboff\u00a0\u00bb show_footer=\u00a0\u00bboff\u00a0\u00bb modal_header_custom_padding=\u00a0\u00bb10px|20px|10px|20px|true|true\u00a0\u00bb modal_body_custom_padding=\u00a0\u00bb35px|20px|35px|20px|true|true\u00a0\u00bb _builder_version=\u00a0\u00bb4.18.1&Prime; _module_preset=\u00a0\u00bbdefault\u00a0\u00bb modal_body_text_text_align=\u00a0\u00bbcenter\u00a0\u00bb modal_trigger_text_font=\u00a0\u00bb||||||||\u00a0\u00bb custom_trigger_button=\u00a0\u00bbon\u00a0\u00bb trigger_button_text_size=\u00a0\u00bb18px\u00a0\u00bb trigger_button_border_radius=\u00a0\u00bb3px\u00a0\u00bb trigger_button_letter_spacing=\u00a0\u00bb2px\u00a0\u00bb trigger_button_font=\u00a0\u00bbRoboto|700|||||||\u00a0\u00bb trigger_button_use_icon=\u00a0\u00bboff\u00a0\u00bb trigger_button_custom_padding=\u00a0\u00bb10px|30px|10px|30px|true|true\u00a0\u00bb text_orientation=\u00a0\u00bbleft\u00a0\u00bb hover_enabled=\u00a0\u00bb0&Prime; border_width_all_modal=\u00a0\u00bb2px\u00a0\u00bb border_color_all_modal=\u00a0\u00bb#aaae6a\u00a0\u00bb box_shadow_style_trigger_button=\u00a0\u00bbpreset3&Prime; global_colors_info=\u00a0\u00bb{}\u00a0\u00bb sticky_enabled=\u00a0\u00bb0&Prime;]<\/p>\n<p align=\"center\"><img loading=\"lazy\" decoding=\"async\" class=\"wp-image-106244 alignnone size-medium\" src=\"https:\/\/parqueriomartin.com\/wp-content\/uploads\/portada-hacer-hablar-a-las-piedras-parque-cultural-rio-martin-257x300.webp\" alt=\"\" width=\"257\" height=\"300\" \/><\/p>\n<p align=\"center\"><span class=\"jCAhz ChMk0b\"><span class=\"ryNqvb\">Si vous \u00eates int\u00e9ress\u00e9 \u00e0 l&rsquo;acqu\u00e9rir, veuillez contacter les bureaux du Parc<\/span><\/span> <span class=\"jCAhz ChMk0b\"><span class=\"ryNqvb\">par t\u00e9l\u00e9phone <strong>978 817 042<\/strong> ou \u00e0 l&rsquo;adresse e-mail<\/span><\/span> <a href=\"mailto:ciar@parqueriomartin.com\">ciar@parqueriomartin.com<\/a><\/p>\n<p align=\"center\"><strong>Parque Cultural del R\u00edo Mart\u00edn<br \/>C\/ Tiro del Bolo s\/n<br \/>44547 Ari\u00f1o (Teruel)<\/strong><\/p>\n<p>[\/dipl_modal][\/et_pb_column][\/et_pb_row][et_pb_row custom_padding_last_edited=\u00a0\u00bbon|phone\u00a0\u00bb _builder_version=\u00a0\u00bb4.18.0&Prime; _module_preset=\u00a0\u00bbdefault\u00a0\u00bb custom_padding=\u00a0\u00bb70px||0px|||\u00a0\u00bb custom_padding_tablet=\u00a0\u00bb50px||||false|false\u00a0\u00bb custom_padding_phone=\u00a0\u00bb40px||||false|false\u00a0\u00bb global_colors_info=\u00a0\u00bb{}\u00a0\u00bb][et_pb_column type=\u00a0\u00bb4_4&Prime; _builder_version=\u00a0\u00bb4.18.0&Prime; _module_preset=\u00a0\u00bbdefault\u00a0\u00bb global_colors_info=\u00a0\u00bb{}\u00a0\u00bb][et_pb_divider _builder_version=\u00a0\u00bb4.18.0&Prime; _module_preset=\u00a0\u00bbdefault\u00a0\u00bb global_colors_info=\u00a0\u00bb{}\u00a0\u00bb][\/et_pb_divider][\/et_pb_column][\/et_pb_row][\/et_pb_section][et_pb_section fb_built=\u00a0\u00bb1&Prime; admin_label=\u00a0\u00bbMapa excursionista\u00a0\u00bb module_id=\u00a0\u00bb\u00e0 propos de nous\u00a0\u00bb _builder_version=\u00a0\u00bb4.18.0&Prime; _module_preset=\u00a0\u00bbdefault\u00a0\u00bb background_color_gradient_direction=\u00a0\u00bb-90deg\u00a0\u00bb background_enable_image=\u00a0\u00bboff\u00a0\u00bb custom_padding=\u00a0\u00bb3%||0%||false|false\u00a0\u00bb link_option_url_new_window=\u00a0\u00bbon\u00a0\u00bb locked=\u00a0\u00bboff\u00a0\u00bb collapsed=\u00a0\u00bbon\u00a0\u00bb global_colors_info=\u00a0\u00bb{}\u00a0\u00bb][et_pb_row column_structure=\u00a0\u00bb2_5,3_5&Prime; custom_padding_last_edited=\u00a0\u00bbon|phone\u00a0\u00bb _builder_version=\u00a0\u00bb4.18.0&Prime; _module_preset=\u00a0\u00bbdefault\u00a0\u00bb use_background_color_gradient=\u00a0\u00bbon\u00a0\u00bb background_color_gradient_direction=\u00a0\u00bb270deg\u00a0\u00bb background_color_gradient_stops=\u00a0\u00bb#ffffff 40%|rgba(41,196,169,0) 40%\u00a0\u00bb background_color_gradient_overlays_image=\u00a0\u00bbon\u00a0\u00bb background_color_gradient_start=\u00a0\u00bb#ffffff\u00a0\u00bb background_color_gradient_start_position=\u00a0\u00bb40%\u00a0\u00bb background_color_gradient_end=\u00a0\u00bbrgba(41,196,169,0)\u00a0\u00bb background_color_gradient_end_position=\u00a0\u00bb40%\u00a0\u00bb background_image=\u00a0\u00bbhttps:\/\/parqueriomartin.com\/wp-content\/uploads\/mapa-excursionista-parque-cultural-rio-martin.webp\u00a0\u00bb width_tablet=\u00a0\u00bb\u00a0\u00bb width_phone=\u00a0\u00bb\u00a0\u00bb width_last_edited=\u00a0\u00bbon|desktop\u00a0\u00bb custom_padding=\u00a0\u00bb7%||7%||true|false\u00a0\u00bb custom_padding_tablet=\u00a0\u00bb\u00a0\u00bb custom_padding_phone=\u00a0\u00bb0%||0%||true|false\u00a0\u00bb global_colors_info=\u00a0\u00bb{}\u00a0\u00bb][et_pb_column type=\u00a0\u00bb2_5&Prime; _builder_version=\u00a0\u00bb4.16&Prime; _module_preset=\u00a0\u00bbdefault\u00a0\u00bb global_colors_info=\u00a0\u00bb{}\u00a0\u00bb][\/et_pb_column][et_pb_column type=\u00a0\u00bb3_5&Prime; _builder_version=\u00a0\u00bb4.16&Prime; _module_preset=\u00a0\u00bbdefault\u00a0\u00bb background_color=\u00a0\u00bb#FFFFFF\u00a0\u00bb custom_padding=\u00a0\u00bb60px|60px|60px|60px|true|true\u00a0\u00bb custom_padding_tablet=\u00a0\u00bb\u00a0\u00bb custom_padding_phone=\u00a0\u00bb20px|20px|20px|20px|true|true\u00a0\u00bb custom_padding_last_edited=\u00a0\u00bbon|phone\u00a0\u00bb box_shadow_style=\u00a0\u00bbpreset1&Prime; box_shadow_color=\u00a0\u00bbrgba(0,0,0,0.15)\u00a0\u00bb global_colors_info=\u00a0\u00bb{}\u00a0\u00bb][et_pb_text _builder_version=\u00a0\u00bb4.18.0&Prime; _module_preset=\u00a0\u00bbdefault\u00a0\u00bb text_font=\u00a0\u00bbRoboto|700||on|||||\u00a0\u00bb text_text_color=\u00a0\u00bb#aaae6a\u00a0\u00bb text_letter_spacing=\u00a0\u00bb3px\u00a0\u00bb custom_margin=\u00a0\u00bb||20px||false|false\u00a0\u00bb custom_padding=\u00a0\u00bb||||false|false\u00a0\u00bb global_colors_info=\u00a0\u00bb{}\u00a0\u00bb]<\/p>\n<p>Librairie<\/p>\n<p>[\/et_pb_text][et_pb_image src=\u00a0\u00bbhttps:\/\/parqueriomartin.com\/wp-content\/uploads\/mapa-excursionista-parque-cultural-rio-martin.webp\u00a0\u00bb title_text=\u00a0\u00bbcarte-excursionniste-excursionniste-parc-culturel-river-martin\u00a0\u00bb disabled_on=\u00a0\u00bboff|off|on\u00a0\u00bb _builder_version=\u00a0\u00bb4.18.0&Prime; _module_preset=\u00a0\u00bbdefault\u00a0\u00bb global_colors_info=\u00a0\u00bb{}\u00a0\u00bb][\/et_pb_image][et_pb_text _builder_version=\u00a0\u00bb4.18.0&Prime; _module_preset=\u00a0\u00bbdefault\u00a0\u00bb header_2_font=\u00a0\u00bbRoboto Condensed|700||on|||||\u00a0\u00bb header_2_text_color=\u00a0\u00bb#3a1b1e\u00a0\u00bb header_2_font_size=\u00a0\u00bb40px\u00a0\u00bb header_2_letter_spacing=\u00a0\u00bb1px\u00a0\u00bb custom_margin=\u00a0\u00bb||20px||false|false\u00a0\u00bb custom_padding=\u00a0\u00bb||||false|false\u00a0\u00bb header_2_font_size_tablet=\u00a0\u00bb\u00a0\u00bb header_2_font_size_phone=\u00a0\u00bb28px\u00a0\u00bb header_2_font_size_last_edited=\u00a0\u00bbon|phone\u00a0\u00bb global_colors_info=\u00a0\u00bb{}\u00a0\u00bb]<\/p>\n<h2>Carte de randonn\u00e9e du parc culturel de la rivi\u00e8re Mart\u00edn<\/h2>\n<p>[\/et_pb_text][et_pb_text _builder_version=\u00a0\u00bb4.18.0&Prime; _module_preset=\u00a0\u00bbdefault\u00a0\u00bb text_font=\u00a0\u00bbRoboto||||||||\u00a0\u00bb text_font_size=\u00a0\u00bb16px\u00a0\u00bb background_enable_color=\u00a0\u00bboff\u00a0\u00bb global_colors_info=\u00a0\u00bb{}\u00a0\u00bb]<\/p>\n<p>Carte touristique \u00e0 l&rsquo;\u00e9chelle 1:40.000, grand d\u00e9pliant, couvrant les municipalit\u00e9s de Montalb\u00e1n, Torre de las Arcas, Ob\u00f3n, Alcaine, Alac\u00f3n, Oliete, Ari\u00f1o et Albalate del Arzobispo concern\u00e9es par le Parc culturel de la rivi\u00e8re Mart\u00edn.<\/p>\n<p>[\/et_pb_text][dipl_button buttons_alignment=\u00a0\u00bbleft\u00a0\u00bb buttons_alignment_tablet=\u00a0\u00bb\u00a0\u00bb buttons_alignment_phone=\u00a0\u00bbleft\u00a0\u00bb buttons_alignment_last_edited=\u00a0\u00bbon|phone\u00a0\u00bb disabled_on=\u00a0\u00bbon|on|on\u00a0\u00bb _builder_version=\u00a0\u00bb4.18.0&Prime; _module_preset=\u00a0\u00bbdefault\u00a0\u00bb disabled=\u00a0\u00bbon\u00a0\u00bb locked=\u00a0\u00bboff\u00a0\u00bb global_colors_info=\u00a0\u00bb{}\u00a0\u00bb][dipl_button_item button_text=\u00a0\u00bbPVP: 30\u20ac + gastos de env\u00edo\u00a0\u00bb button_url=\u00a0\u00bb#\u00a0\u00bb background_fill_style=\u00a0\u00bbwipe_fill\u00a0\u00bb button_bg_color=\u00a0\u00bb#aaae6a\u00a0\u00bb button_custom_margin=\u00a0\u00bb0px||||false|false\u00a0\u00bb button_custom_padding=\u00a0\u00bb15px|35px|15px|35px|true|false\u00a0\u00bb _builder_version=\u00a0\u00bb4.18.0&Prime; _module_preset=\u00a0\u00bbdefault\u00a0\u00bb button_font=\u00a0\u00bbRoboto|700|||||||\u00a0\u00bb button_text_color=\u00a0\u00bb#ffffff\u00a0\u00bb button_font_size=\u00a0\u00bb18px\u00a0\u00bb button_letter_spacing=\u00a0\u00bb2px\u00a0\u00bb button_font_size_tablet=\u00a0\u00bb\u00a0\u00bb button_font_size_phone=\u00a0\u00bb14px\u00a0\u00bb button_font_size_last_edited=\u00a0\u00bbon|phone\u00a0\u00bb border_color_all=\u00a0\u00bb#ffffff\u00a0\u00bb box_shadow_style=\u00a0\u00bbpreset3&Prime; global_colors_info=\u00a0\u00bb{}\u00a0\u00bb button_icon_color__hover_enabled=\u00a0\u00bbon|hover\u00a0\u00bb button_icon_color__hover=\u00a0\u00bb#000000&Prime; button_bg_color__hover_enabled=\u00a0\u00bbon|desktop\u00a0\u00bb button_bg_color__hover=\u00a0\u00bb#3a1b1e\u00a0\u00bb button_bg_enable_color__hover=\u00a0\u00bbon\u00a0\u00bb button_text_color__hover_enabled=\u00a0\u00bbon|hover\u00a0\u00bb button_text_color__hover=\u00a0\u00bb#FFFFFF\u00a0\u00bb][\/dipl_button_item][\/dipl_button][dipl_modal modal_id=\u00a0\u00bbmapa\u00a0\u00bb trigger_button_text=\u00a0\u00bbPVP: 4,50\u20ac + frais d&rsquo;envoi\u00a0\u00bb close_on_esc=\u00a0\u00bbon\u00a0\u00bb show_modal_title=\u00a0\u00bboff\u00a0\u00bb show_footer=\u00a0\u00bboff\u00a0\u00bb modal_header_custom_padding=\u00a0\u00bb10px|20px|10px|20px|true|true\u00a0\u00bb modal_body_custom_padding=\u00a0\u00bb35px|20px|35px|20px|true|true\u00a0\u00bb _builder_version=\u00a0\u00bb4.18.1&Prime; _module_preset=\u00a0\u00bbdefault\u00a0\u00bb modal_body_text_text_align=\u00a0\u00bbcenter\u00a0\u00bb modal_trigger_text_font=\u00a0\u00bb||||||||\u00a0\u00bb custom_trigger_button=\u00a0\u00bbon\u00a0\u00bb trigger_button_text_size=\u00a0\u00bb18px\u00a0\u00bb trigger_button_border_radius=\u00a0\u00bb3px\u00a0\u00bb trigger_button_letter_spacing=\u00a0\u00bb2px\u00a0\u00bb trigger_button_font=\u00a0\u00bbRoboto|700|||||||\u00a0\u00bb trigger_button_use_icon=\u00a0\u00bboff\u00a0\u00bb trigger_button_custom_padding=\u00a0\u00bb10px|30px|10px|30px|true|true\u00a0\u00bb text_orientation=\u00a0\u00bbleft\u00a0\u00bb hover_enabled=\u00a0\u00bb0&Prime; border_width_all_modal=\u00a0\u00bb2px\u00a0\u00bb border_color_all_modal=\u00a0\u00bb#aaae6a\u00a0\u00bb box_shadow_style_trigger_button=\u00a0\u00bbpreset3&Prime; global_colors_info=\u00a0\u00bb{}\u00a0\u00bb sticky_enabled=\u00a0\u00bb0&Prime;]<\/p>\n<p align=\"center\"><img loading=\"lazy\" decoding=\"async\" class=\"wp-image-106250 alignnone size-medium\" src=\"https:\/\/parqueriomartin.com\/wp-content\/uploads\/portada-mapa-excursionista-parque-cultural-rio-martin-159x300.webp\" alt=\"\" width=\"159\" height=\"300\" srcset=\"https:\/\/parqueriomartin.com\/wp-content\/uploads\/portada-mapa-excursionista-parque-cultural-rio-martin-159x300.webp 159w, https:\/\/parqueriomartin.com\/wp-content\/uploads\/portada-mapa-excursionista-parque-cultural-rio-martin.webp 476w\" sizes=\"(max-width: 159px) 100vw, 159px\" \/><\/p>\n<p align=\"center\"><span class=\"jCAhz ChMk0b\"><span class=\"ryNqvb\">Si vous \u00eates int\u00e9ress\u00e9 \u00e0 l&rsquo;acqu\u00e9rir, veuillez contacter les bureaux du Parc<\/span><\/span> <span class=\"jCAhz ChMk0b\"><span class=\"ryNqvb\">par t\u00e9l\u00e9phone <strong>978 817 042<\/strong> ou \u00e0 l&rsquo;adresse e-mail<\/span><\/span> <a href=\"mailto:ciar@parqueriomartin.com\">ciar@parqueriomartin.com<\/a><\/p>\n<p align=\"center\"><strong>Parque Cultural del R\u00edo Mart\u00edn<br \/>C\/ Tiro del Bolo s\/n<br \/>44547 Ari\u00f1o (Teruel)<\/strong><\/p>\n<p>[\/dipl_modal][\/et_pb_column][\/et_pb_row][et_pb_row custom_padding_last_edited=\u00a0\u00bbon|phone\u00a0\u00bb _builder_version=\u00a0\u00bb4.18.0&Prime; _module_preset=\u00a0\u00bbdefault\u00a0\u00bb custom_padding=\u00a0\u00bb70px||0px|||\u00a0\u00bb custom_padding_tablet=\u00a0\u00bb50px||||false|false\u00a0\u00bb custom_padding_phone=\u00a0\u00bb40px||||false|false\u00a0\u00bb global_colors_info=\u00a0\u00bb{}\u00a0\u00bb][et_pb_column type=\u00a0\u00bb4_4&Prime; _builder_version=\u00a0\u00bb4.18.0&Prime; _module_preset=\u00a0\u00bbdefault\u00a0\u00bb global_colors_info=\u00a0\u00bb{}\u00a0\u00bb][et_pb_divider _builder_version=\u00a0\u00bb4.18.0&Prime; _module_preset=\u00a0\u00bbdefault\u00a0\u00bb global_colors_info=\u00a0\u00bb{}\u00a0\u00bb][\/et_pb_divider][\/et_pb_column][\/et_pb_row][\/et_pb_section][et_pb_section fb_built=\u00a0\u00bb1&Prime; admin_label=\u00a0\u00bbLos pintores de la Prehistoria\u00a0\u00bb module_id=\u00a0\u00bb\u00e0 propos de nous\u00a0\u00bb _builder_version=\u00a0\u00bb4.18.0&Prime; _module_preset=\u00a0\u00bbdefault\u00a0\u00bb background_color_gradient_direction=\u00a0\u00bb-90deg\u00a0\u00bb background_enable_image=\u00a0\u00bboff\u00a0\u00bb custom_padding=\u00a0\u00bb3%||0%||false|false\u00a0\u00bb link_option_url_new_window=\u00a0\u00bbon\u00a0\u00bb locked=\u00a0\u00bboff\u00a0\u00bb collapsed=\u00a0\u00bbon\u00a0\u00bb global_colors_info=\u00a0\u00bb{}\u00a0\u00bb][et_pb_row column_structure=\u00a0\u00bb2_5,3_5&Prime; custom_padding_last_edited=\u00a0\u00bbon|phone\u00a0\u00bb _builder_version=\u00a0\u00bb4.18.0&Prime; _module_preset=\u00a0\u00bbdefault\u00a0\u00bb use_background_color_gradient=\u00a0\u00bbon\u00a0\u00bb background_color_gradient_direction=\u00a0\u00bb270deg\u00a0\u00bb background_color_gradient_stops=\u00a0\u00bb#ffffff 40%|rgba(41,196,169,0) 40%\u00a0\u00bb background_color_gradient_overlays_image=\u00a0\u00bbon\u00a0\u00bb background_color_gradient_start=\u00a0\u00bb#ffffff\u00a0\u00bb background_color_gradient_start_position=\u00a0\u00bb40%\u00a0\u00bb background_color_gradient_end=\u00a0\u00bbrgba(41,196,169,0)\u00a0\u00bb background_color_gradient_end_position=\u00a0\u00bb40%\u00a0\u00bb background_image=\u00a0\u00bbhttps:\/\/parqueriomartin.com\/wp-content\/uploads\/los-pintores-de-la-prehistoria-parque-cultural-rio-martin.webp\u00a0\u00bb width_tablet=\u00a0\u00bb\u00a0\u00bb width_phone=\u00a0\u00bb\u00a0\u00bb width_last_edited=\u00a0\u00bbon|desktop\u00a0\u00bb custom_padding=\u00a0\u00bb7%||7%||true|false\u00a0\u00bb custom_padding_tablet=\u00a0\u00bb\u00a0\u00bb custom_padding_phone=\u00a0\u00bb0%||0%||true|false\u00a0\u00bb global_colors_info=\u00a0\u00bb{}\u00a0\u00bb][et_pb_column type=\u00a0\u00bb2_5&Prime; _builder_version=\u00a0\u00bb4.16&Prime; _module_preset=\u00a0\u00bbdefault\u00a0\u00bb global_colors_info=\u00a0\u00bb{}\u00a0\u00bb][\/et_pb_column][et_pb_column type=\u00a0\u00bb3_5&Prime; _builder_version=\u00a0\u00bb4.16&Prime; _module_preset=\u00a0\u00bbdefault\u00a0\u00bb background_color=\u00a0\u00bb#FFFFFF\u00a0\u00bb custom_padding=\u00a0\u00bb60px|60px|60px|60px|true|true\u00a0\u00bb custom_padding_tablet=\u00a0\u00bb\u00a0\u00bb custom_padding_phone=\u00a0\u00bb20px|20px|20px|20px|true|true\u00a0\u00bb custom_padding_last_edited=\u00a0\u00bbon|phone\u00a0\u00bb box_shadow_style=\u00a0\u00bbpreset1&Prime; box_shadow_color=\u00a0\u00bbrgba(0,0,0,0.15)\u00a0\u00bb global_colors_info=\u00a0\u00bb{}\u00a0\u00bb][et_pb_text _builder_version=\u00a0\u00bb4.18.0&Prime; _module_preset=\u00a0\u00bbdefault\u00a0\u00bb text_font=\u00a0\u00bbRoboto|700||on|||||\u00a0\u00bb text_text_color=\u00a0\u00bb#aaae6a\u00a0\u00bb text_letter_spacing=\u00a0\u00bb3px\u00a0\u00bb custom_margin=\u00a0\u00bb||20px||false|false\u00a0\u00bb custom_padding=\u00a0\u00bb||||false|false\u00a0\u00bb global_colors_info=\u00a0\u00bb{}\u00a0\u00bb]<\/p>\n<p>Librairie<\/p>\n<p>[\/et_pb_text][et_pb_image src=\u00a0\u00bbhttps:\/\/parqueriomartin.com\/wp-content\/uploads\/los-pintores-de-la-prehistoria-parque-cultural-rio-martin.webp\u00a0\u00bb title_text=\u00a0\u00bblos-pintores-de-la-prehistoria-parque-culturel-rio-martin\u00a0\u00bb disabled_on=\u00a0\u00bboff|off|on\u00a0\u00bb _builder_version=\u00a0\u00bb4.18.0&Prime; _module_preset=\u00a0\u00bbdefault\u00a0\u00bb global_colors_info=\u00a0\u00bb{}\u00a0\u00bb][\/et_pb_image][et_pb_text _builder_version=\u00a0\u00bb4.18.0&Prime; _module_preset=\u00a0\u00bbdefault\u00a0\u00bb header_2_font=\u00a0\u00bbRoboto Condensed|700||on|||||\u00a0\u00bb header_2_text_color=\u00a0\u00bb#3a1b1e\u00a0\u00bb header_2_font_size=\u00a0\u00bb40px\u00a0\u00bb header_2_letter_spacing=\u00a0\u00bb1px\u00a0\u00bb custom_margin=\u00a0\u00bb||20px||false|false\u00a0\u00bb custom_padding=\u00a0\u00bb||||false|false\u00a0\u00bb header_2_font_size_tablet=\u00a0\u00bb\u00a0\u00bb header_2_font_size_phone=\u00a0\u00bb28px\u00a0\u00bb header_2_font_size_last_edited=\u00a0\u00bbon|phone\u00a0\u00bb global_colors_info=\u00a0\u00bb{}\u00a0\u00bb]<\/p>\n<h2>Peintres pr\u00e9historiques. Sa vie et son \u0153uvre<\/h2>\n<p>[\/et_pb_text][et_pb_text _builder_version=\u00a0\u00bb4.18.0&Prime; _module_preset=\u00a0\u00bbdefault\u00a0\u00bb text_font=\u00a0\u00bbRoboto||||||||\u00a0\u00bb text_font_size=\u00a0\u00bb16px\u00a0\u00bb background_enable_color=\u00a0\u00bboff\u00a0\u00bb global_colors_info=\u00a0\u00bb{}\u00a0\u00bb]<\/p>\n<p>Les peintres de la pr\u00e9histoire, leur vie et leur \u0153uvre, est un livre avec des illustrations qui permettront de comprendre tr\u00e8s facilement les modes de vie, les croyances et les conceptions artistiques de nos anc\u00eatres de la pr\u00e9histoire du parc culturel de la rivi\u00e8re Mart\u00edn. Il s&rsquo;agit de la deuxi\u00e8me \u00e9dition.<\/p>\n<p>[\/et_pb_text][dipl_button buttons_alignment=\u00a0\u00bbleft\u00a0\u00bb buttons_alignment_tablet=\u00a0\u00bb\u00a0\u00bb buttons_alignment_phone=\u00a0\u00bbleft\u00a0\u00bb buttons_alignment_last_edited=\u00a0\u00bbon|phone\u00a0\u00bb disabled_on=\u00a0\u00bbon|on|on\u00a0\u00bb _builder_version=\u00a0\u00bb4.18.0&Prime; _module_preset=\u00a0\u00bbdefault\u00a0\u00bb disabled=\u00a0\u00bbon\u00a0\u00bb locked=\u00a0\u00bboff\u00a0\u00bb global_colors_info=\u00a0\u00bb{}\u00a0\u00bb][dipl_button_item button_text=\u00a0\u00bbPVP: 30\u20ac + gastos de env\u00edo\u00a0\u00bb button_url=\u00a0\u00bb#\u00a0\u00bb background_fill_style=\u00a0\u00bbwipe_fill\u00a0\u00bb button_bg_color=\u00a0\u00bb#aaae6a\u00a0\u00bb button_custom_margin=\u00a0\u00bb0px||||false|false\u00a0\u00bb button_custom_padding=\u00a0\u00bb15px|35px|15px|35px|true|false\u00a0\u00bb _builder_version=\u00a0\u00bb4.18.0&Prime; _module_preset=\u00a0\u00bbdefault\u00a0\u00bb button_font=\u00a0\u00bbRoboto|700|||||||\u00a0\u00bb button_text_color=\u00a0\u00bb#ffffff\u00a0\u00bb button_font_size=\u00a0\u00bb18px\u00a0\u00bb button_letter_spacing=\u00a0\u00bb2px\u00a0\u00bb button_font_size_tablet=\u00a0\u00bb\u00a0\u00bb button_font_size_phone=\u00a0\u00bb14px\u00a0\u00bb button_font_size_last_edited=\u00a0\u00bbon|phone\u00a0\u00bb border_color_all=\u00a0\u00bb#ffffff\u00a0\u00bb box_shadow_style=\u00a0\u00bbpreset3&Prime; global_colors_info=\u00a0\u00bb{}\u00a0\u00bb button_icon_color__hover_enabled=\u00a0\u00bbon|hover\u00a0\u00bb button_icon_color__hover=\u00a0\u00bb#000000&Prime; button_bg_color__hover_enabled=\u00a0\u00bbon|desktop\u00a0\u00bb button_bg_color__hover=\u00a0\u00bb#3a1b1e\u00a0\u00bb button_bg_enable_color__hover=\u00a0\u00bbon\u00a0\u00bb button_text_color__hover_enabled=\u00a0\u00bbon|hover\u00a0\u00bb button_text_color__hover=\u00a0\u00bb#FFFFFF\u00a0\u00bb][\/dipl_button_item][\/dipl_button][dipl_modal modal_id=\u00a0\u00bbpintores\u00a0\u00bb trigger_button_text=\u00a0\u00bbPVP: 4\u20ac + frais d&rsquo;envoi\u00a0\u00bb close_on_esc=\u00a0\u00bbon\u00a0\u00bb show_modal_title=\u00a0\u00bboff\u00a0\u00bb show_footer=\u00a0\u00bboff\u00a0\u00bb modal_header_custom_padding=\u00a0\u00bb10px|20px|10px|20px|true|true\u00a0\u00bb modal_body_custom_padding=\u00a0\u00bb35px|20px|35px|20px|true|true\u00a0\u00bb _builder_version=\u00a0\u00bb4.18.1&Prime; _module_preset=\u00a0\u00bbdefault\u00a0\u00bb modal_body_text_text_align=\u00a0\u00bbcenter\u00a0\u00bb modal_trigger_text_font=\u00a0\u00bb||||||||\u00a0\u00bb custom_trigger_button=\u00a0\u00bbon\u00a0\u00bb trigger_button_text_size=\u00a0\u00bb18px\u00a0\u00bb trigger_button_border_radius=\u00a0\u00bb3px\u00a0\u00bb trigger_button_letter_spacing=\u00a0\u00bb2px\u00a0\u00bb trigger_button_font=\u00a0\u00bbRoboto|700|||||||\u00a0\u00bb trigger_button_use_icon=\u00a0\u00bboff\u00a0\u00bb trigger_button_custom_padding=\u00a0\u00bb10px|30px|10px|30px|true|true\u00a0\u00bb text_orientation=\u00a0\u00bbleft\u00a0\u00bb hover_enabled=\u00a0\u00bb0&Prime; border_width_all_modal=\u00a0\u00bb2px\u00a0\u00bb border_color_all_modal=\u00a0\u00bb#aaae6a\u00a0\u00bb box_shadow_style_trigger_button=\u00a0\u00bbpreset3&Prime; global_colors_info=\u00a0\u00bb{}\u00a0\u00bb sticky_enabled=\u00a0\u00bb0&Prime;]<\/p>\n<p align=\"center\"><img loading=\"lazy\" decoding=\"async\" class=\"wp-image-106256 alignnone size-medium\" src=\"https:\/\/parqueriomartin.com\/wp-content\/uploads\/portada-los-pintores-de-la-prehistoria-parque-cultural-rio-martin-287x300.webp\" alt=\"\" width=\"287\" height=\"300\" \/><\/p>\n<p align=\"center\"><span class=\"jCAhz ChMk0b\"><span class=\"ryNqvb\">Si vous \u00eates int\u00e9ress\u00e9 \u00e0 l&rsquo;acqu\u00e9rir, veuillez contacter les bureaux du Parc<\/span><\/span> <span class=\"jCAhz ChMk0b\"><span class=\"ryNqvb\">par t\u00e9l\u00e9phone <strong>978 817 042<\/strong> ou \u00e0 l&rsquo;adresse e-mail<\/span><\/span> <a href=\"mailto:ciar@parqueriomartin.com\">ciar@parqueriomartin.com<\/a><\/p>\n<p align=\"center\"><strong>Parque Cultural del R\u00edo Mart\u00edn<br \/>C\/ Tiro del Bolo s\/n<br \/>44547 Ari\u00f1o (Teruel)<\/strong><\/p>\n<p>[\/dipl_modal][\/et_pb_column][\/et_pb_row][et_pb_row custom_padding_last_edited=\u00a0\u00bbon|phone\u00a0\u00bb _builder_version=\u00a0\u00bb4.18.0&Prime; _module_preset=\u00a0\u00bbdefault\u00a0\u00bb custom_padding=\u00a0\u00bb70px||0px|||\u00a0\u00bb custom_padding_tablet=\u00a0\u00bb50px||||false|false\u00a0\u00bb custom_padding_phone=\u00a0\u00bb40px||||false|false\u00a0\u00bb global_colors_info=\u00a0\u00bb{}\u00a0\u00bb][et_pb_column type=\u00a0\u00bb4_4&Prime; _builder_version=\u00a0\u00bb4.18.0&Prime; _module_preset=\u00a0\u00bbdefault\u00a0\u00bb global_colors_info=\u00a0\u00bb{}\u00a0\u00bb][et_pb_divider _builder_version=\u00a0\u00bb4.18.0&Prime; _module_preset=\u00a0\u00bbdefault\u00a0\u00bb global_colors_info=\u00a0\u00bb{}\u00a0\u00bb][\/et_pb_divider][\/et_pb_column][\/et_pb_row][\/et_pb_section][et_pb_section fb_built=\u00a0\u00bb1&Prime; admin_label=\u00a0\u00bbGu\u00eda del Parque Cultural del r\u00edo Mart\u00edn\u00a0\u00bb module_id=\u00a0\u00bb\u00e0 propos de nous\u00a0\u00bb _builder_version=\u00a0\u00bb4.18.0&Prime; _module_preset=\u00a0\u00bbdefault\u00a0\u00bb background_color_gradient_direction=\u00a0\u00bb-90deg\u00a0\u00bb background_enable_image=\u00a0\u00bboff\u00a0\u00bb custom_padding=\u00a0\u00bb3%||0%||false|false\u00a0\u00bb link_option_url_new_window=\u00a0\u00bbon\u00a0\u00bb locked=\u00a0\u00bboff\u00a0\u00bb collapsed=\u00a0\u00bbon\u00a0\u00bb global_colors_info=\u00a0\u00bb{}\u00a0\u00bb][et_pb_row column_structure=\u00a0\u00bb2_5,3_5&Prime; custom_padding_last_edited=\u00a0\u00bbon|phone\u00a0\u00bb _builder_version=\u00a0\u00bb4.18.0&Prime; _module_preset=\u00a0\u00bbdefault\u00a0\u00bb use_background_color_gradient=\u00a0\u00bbon\u00a0\u00bb background_color_gradient_direction=\u00a0\u00bb270deg\u00a0\u00bb background_color_gradient_stops=\u00a0\u00bb#ffffff 40%|rgba(41,196,169,0) 40%\u00a0\u00bb background_color_gradient_overlays_image=\u00a0\u00bbon\u00a0\u00bb background_color_gradient_start=\u00a0\u00bb#ffffff\u00a0\u00bb background_color_gradient_start_position=\u00a0\u00bb40%\u00a0\u00bb background_color_gradient_end=\u00a0\u00bbrgba(41,196,169,0)\u00a0\u00bb background_color_gradient_end_position=\u00a0\u00bb40%\u00a0\u00bb background_image=\u00a0\u00bbhttps:\/\/parqueriomartin.com\/wp-content\/uploads\/guia-del-parque-cultural-del-rio-martin-parque-cultural-rio-martin.webp\u00a0\u00bb width_tablet=\u00a0\u00bb\u00a0\u00bb width_phone=\u00a0\u00bb\u00a0\u00bb width_last_edited=\u00a0\u00bbon|desktop\u00a0\u00bb custom_padding=\u00a0\u00bb7%||7%||true|false\u00a0\u00bb custom_padding_tablet=\u00a0\u00bb\u00a0\u00bb custom_padding_phone=\u00a0\u00bb0%||0%||true|false\u00a0\u00bb global_colors_info=\u00a0\u00bb{}\u00a0\u00bb][et_pb_column type=\u00a0\u00bb2_5&Prime; _builder_version=\u00a0\u00bb4.16&Prime; _module_preset=\u00a0\u00bbdefault\u00a0\u00bb global_colors_info=\u00a0\u00bb{}\u00a0\u00bb][\/et_pb_column][et_pb_column type=\u00a0\u00bb3_5&Prime; _builder_version=\u00a0\u00bb4.16&Prime; _module_preset=\u00a0\u00bbdefault\u00a0\u00bb background_color=\u00a0\u00bb#FFFFFF\u00a0\u00bb custom_padding=\u00a0\u00bb60px|60px|60px|60px|true|true\u00a0\u00bb custom_padding_tablet=\u00a0\u00bb\u00a0\u00bb custom_padding_phone=\u00a0\u00bb20px|20px|20px|20px|true|true\u00a0\u00bb custom_padding_last_edited=\u00a0\u00bbon|phone\u00a0\u00bb box_shadow_style=\u00a0\u00bbpreset1&Prime; box_shadow_color=\u00a0\u00bbrgba(0,0,0,0.15)\u00a0\u00bb global_colors_info=\u00a0\u00bb{}\u00a0\u00bb][et_pb_text _builder_version=\u00a0\u00bb4.18.0&Prime; _module_preset=\u00a0\u00bbdefault\u00a0\u00bb text_font=\u00a0\u00bbRoboto|700||on|||||\u00a0\u00bb text_text_color=\u00a0\u00bb#aaae6a\u00a0\u00bb text_letter_spacing=\u00a0\u00bb3px\u00a0\u00bb custom_margin=\u00a0\u00bb||20px||false|false\u00a0\u00bb custom_padding=\u00a0\u00bb||||false|false\u00a0\u00bb global_colors_info=\u00a0\u00bb{}\u00a0\u00bb]<\/p>\n<p>Librairie<\/p>\n<p>[\/et_pb_text][et_pb_image src=\u00a0\u00bbhttps:\/\/parqueriomartin.com\/wp-content\/uploads\/guia-del-parque-cultural-del-rio-martin-parque-cultural-rio-martin.webp\u00a0\u00bb title_text=\u00a0\u00bbguide-to-the-cultural-park-of-the-river-martin-cultural-park-of-the-river-martin\u00a0\u00bb disabled_on=\u00a0\u00bboff|off|on\u00a0\u00bb _builder_version=\u00a0\u00bb4.18.0&Prime; _module_preset=\u00a0\u00bbdefault\u00a0\u00bb global_colors_info=\u00a0\u00bb{}\u00a0\u00bb][\/et_pb_image][et_pb_text _builder_version=\u00a0\u00bb4.18.0&Prime; _module_preset=\u00a0\u00bbdefault\u00a0\u00bb header_2_font=\u00a0\u00bbRoboto Condensed|700||on|||||\u00a0\u00bb header_2_text_color=\u00a0\u00bb#3a1b1e\u00a0\u00bb header_2_font_size=\u00a0\u00bb40px\u00a0\u00bb header_2_letter_spacing=\u00a0\u00bb1px\u00a0\u00bb custom_margin=\u00a0\u00bb||20px||false|false\u00a0\u00bb custom_padding=\u00a0\u00bb||||false|false\u00a0\u00bb header_2_font_size_tablet=\u00a0\u00bb\u00a0\u00bb header_2_font_size_phone=\u00a0\u00bb28px\u00a0\u00bb header_2_font_size_last_edited=\u00a0\u00bbon|phone\u00a0\u00bb global_colors_info=\u00a0\u00bb{}\u00a0\u00bb]<\/p>\n<h2>Guide du parc culturel de la rivi\u00e8re Mart\u00edn (4e \u00e9dition renouvel\u00e9e et mise \u00e0 jour)<\/h2>\n<p>[\/et_pb_text][et_pb_text _builder_version=\u00a0\u00bb4.18.0&Prime; _module_preset=\u00a0\u00bbdefault\u00a0\u00bb text_font=\u00a0\u00bbRoboto||||||||\u00a0\u00bb text_font_size=\u00a0\u00bb16px\u00a0\u00bb background_enable_color=\u00a0\u00bboff\u00a0\u00bb global_colors_info=\u00a0\u00bb{}\u00a0\u00bb]<\/p>\n<p>Ce guide du parc culturel de la rivi\u00e8re Mart\u00edn est la 4e \u00e9dition actualis\u00e9e et enti\u00e8rement renouvel\u00e9e, publi\u00e9e \u00e0 l&rsquo;occasion du 25e anniversaire du parc culturel 1995-2020.<\/p>\n<p>Le guide est structur\u00e9 en cinq parties. Le premier est une introduction \u00e0 l&rsquo;environnement g\u00e9ographique physique, avec une pr\u00e9sentation du Parc, \u00ab\u00a0l&rsquo;homme et la nature\u00a0\u00bb, par le professeur A. Beltr\u00e1n, qu&rsquo;il a publi\u00e9 en 2002 en tant que pr\u00e9sident honoraire du Parc et qui est toujours d&rsquo;actualit\u00e9. Il y a \u00e9galement un encart sur les centres d&rsquo;interpr\u00e9tation et de visiteurs. Les autres sections sont consacr\u00e9es aux itin\u00e9raires monumentaux, de randonn\u00e9e, festifs-traditionnels et \u00e0 ceux de la zone p\u00e9riph\u00e9rique du Parc auxquels le Parc culturel a collabor\u00e9 parce qu&rsquo;ils le concernent directement.<\/p>\n<p>Le guide est accompagn\u00e9 d&rsquo;une carte montrant le parcours complet du GR-262 \u00e0 travers le parc culturel \u00e0 partir du km 0, et les itin\u00e9raires courts associ\u00e9s. Ils ont tous \u00e9t\u00e9 d\u00e9clar\u00e9s Chemins touristiques d&rsquo;Aragon.<\/p>\n<p>[\/et_pb_text][dipl_button buttons_alignment=\u00a0\u00bbleft\u00a0\u00bb buttons_alignment_tablet=\u00a0\u00bb\u00a0\u00bb buttons_alignment_phone=\u00a0\u00bbleft\u00a0\u00bb buttons_alignment_last_edited=\u00a0\u00bbon|phone\u00a0\u00bb disabled_on=\u00a0\u00bbon|on|on\u00a0\u00bb _builder_version=\u00a0\u00bb4.18.0&Prime; _module_preset=\u00a0\u00bbdefault\u00a0\u00bb hover_enabled=\u00a0\u00bb0&Prime; disabled=\u00a0\u00bbon\u00a0\u00bb locked=\u00a0\u00bboff\u00a0\u00bb global_colors_info=\u00a0\u00bb{}\u00a0\u00bb sticky_enabled=\u00a0\u00bb0&Prime;][dipl_button_item button_text=\u00a0\u00bbPVP: 30\u20ac + gastos de env\u00edo\u00a0\u00bb button_url=\u00a0\u00bb#\u00a0\u00bb background_fill_style=\u00a0\u00bbwipe_fill\u00a0\u00bb button_bg_color=\u00a0\u00bb#aaae6a\u00a0\u00bb button_custom_margin=\u00a0\u00bb0px||||false|false\u00a0\u00bb button_custom_padding=\u00a0\u00bb15px|35px|15px|35px|true|false\u00a0\u00bb _builder_version=\u00a0\u00bb4.18.0&Prime; _module_preset=\u00a0\u00bbdefault\u00a0\u00bb button_font=\u00a0\u00bbRoboto|700|||||||\u00a0\u00bb button_text_color=\u00a0\u00bb#ffffff\u00a0\u00bb button_font_size=\u00a0\u00bb18px\u00a0\u00bb button_letter_spacing=\u00a0\u00bb2px\u00a0\u00bb button_font_size_tablet=\u00a0\u00bb\u00a0\u00bb button_font_size_phone=\u00a0\u00bb14px\u00a0\u00bb button_font_size_last_edited=\u00a0\u00bbon|phone\u00a0\u00bb border_color_all=\u00a0\u00bb#ffffff\u00a0\u00bb box_shadow_style=\u00a0\u00bbpreset3&Prime; global_colors_info=\u00a0\u00bb{}\u00a0\u00bb button_icon_color__hover_enabled=\u00a0\u00bbon|hover\u00a0\u00bb button_icon_color__hover=\u00a0\u00bb#000000&Prime; button_bg_color__hover_enabled=\u00a0\u00bbon|desktop\u00a0\u00bb button_bg_color__hover=\u00a0\u00bb#3a1b1e\u00a0\u00bb button_bg_enable_color__hover=\u00a0\u00bbon\u00a0\u00bb button_text_color__hover_enabled=\u00a0\u00bbon|hover\u00a0\u00bb button_text_color__hover=\u00a0\u00bb#FFFFFF\u00a0\u00bb][\/dipl_button_item][\/dipl_button][dipl_modal modal_id=\u00a0\u00bbguiaparque\u00a0\u00bb trigger_button_text=\u00a0\u00bbPVP: 10\u20ac + frais d&rsquo;envoi\u00a0\u00bb close_on_esc=\u00a0\u00bbon\u00a0\u00bb show_modal_title=\u00a0\u00bboff\u00a0\u00bb show_footer=\u00a0\u00bboff\u00a0\u00bb modal_header_custom_padding=\u00a0\u00bb10px|20px|10px|20px|true|true\u00a0\u00bb modal_body_custom_padding=\u00a0\u00bb35px|20px|35px|20px|true|true\u00a0\u00bb _builder_version=\u00a0\u00bb4.18.1&Prime; _module_preset=\u00a0\u00bbdefault\u00a0\u00bb modal_body_text_text_align=\u00a0\u00bbcenter\u00a0\u00bb modal_trigger_text_font=\u00a0\u00bb||||||||\u00a0\u00bb custom_trigger_button=\u00a0\u00bbon\u00a0\u00bb trigger_button_text_size=\u00a0\u00bb18px\u00a0\u00bb trigger_button_border_radius=\u00a0\u00bb3px\u00a0\u00bb trigger_button_letter_spacing=\u00a0\u00bb2px\u00a0\u00bb trigger_button_font=\u00a0\u00bbRoboto|700|||||||\u00a0\u00bb trigger_button_use_icon=\u00a0\u00bboff\u00a0\u00bb trigger_button_custom_padding=\u00a0\u00bb10px|30px|10px|30px|true|true\u00a0\u00bb text_orientation=\u00a0\u00bbleft\u00a0\u00bb hover_enabled=\u00a0\u00bb0&Prime; border_width_all_modal=\u00a0\u00bb2px\u00a0\u00bb border_color_all_modal=\u00a0\u00bb#aaae6a\u00a0\u00bb box_shadow_style_trigger_button=\u00a0\u00bbpreset3&Prime; global_colors_info=\u00a0\u00bb{}\u00a0\u00bb sticky_enabled=\u00a0\u00bb0&Prime;]<\/p>\n<p align=\"center\"><img loading=\"lazy\" decoding=\"async\" class=\"wp-image-106262 alignnone size-medium\" src=\"https:\/\/parqueriomartin.com\/wp-content\/uploads\/portada-guia-del-parque-cultural-del-rio-martin-parque-cultural-rio-martin-157x300.webp\" alt=\"\" width=\"157\" height=\"300\" srcset=\"https:\/\/parqueriomartin.com\/wp-content\/uploads\/portada-guia-del-parque-cultural-del-rio-martin-parque-cultural-rio-martin-157x300.webp 157w, https:\/\/parqueriomartin.com\/wp-content\/uploads\/portada-guia-del-parque-cultural-del-rio-martin-parque-cultural-rio-martin.webp 470w\" sizes=\"(max-width: 157px) 100vw, 157px\" \/><\/p>\n<p align=\"center\"><span class=\"jCAhz ChMk0b\"><span class=\"ryNqvb\">Si vous \u00eates int\u00e9ress\u00e9 \u00e0 l&rsquo;acqu\u00e9rir, veuillez contacter les bureaux du Parc<\/span><\/span> <span class=\"jCAhz ChMk0b\"><span class=\"ryNqvb\">par t\u00e9l\u00e9phone <strong>978 817 042<\/strong> ou \u00e0 l&rsquo;adresse e-mail<\/span><\/span> <a href=\"mailto:ciar@parqueriomartin.com\">ciar@parqueriomartin.com<\/a><\/p>\n<p align=\"center\"><strong>Parque Cultural del R\u00edo Mart\u00edn<br \/>C\/ Tiro del Bolo s\/n<br \/>44547 Ari\u00f1o (Teruel)<\/strong><\/p>\n<p>[\/dipl_modal][\/et_pb_column][\/et_pb_row][et_pb_row custom_padding_last_edited=\u00a0\u00bbon|phone\u00a0\u00bb _builder_version=\u00a0\u00bb4.18.0&Prime; _module_preset=\u00a0\u00bbdefault\u00a0\u00bb custom_padding=\u00a0\u00bb70px||0px|||\u00a0\u00bb custom_padding_tablet=\u00a0\u00bb50px||||false|false\u00a0\u00bb custom_padding_phone=\u00a0\u00bb40px||||false|false\u00a0\u00bb global_colors_info=\u00a0\u00bb{}\u00a0\u00bb][et_pb_column type=\u00a0\u00bb4_4&Prime; _builder_version=\u00a0\u00bb4.18.0&Prime; _module_preset=\u00a0\u00bbdefault\u00a0\u00bb global_colors_info=\u00a0\u00bb{}\u00a0\u00bb][et_pb_divider _builder_version=\u00a0\u00bb4.18.0&Prime; _module_preset=\u00a0\u00bbdefault\u00a0\u00bb global_colors_info=\u00a0\u00bb{}\u00a0\u00bb][\/et_pb_divider][\/et_pb_column][\/et_pb_row][\/et_pb_section][et_pb_section fb_built=\u00a0\u00bb1&Prime; admin_label=\u00a0\u00bbUnidad Did\u00e1ctica. El Arte Rupestre del Arco Mediterr\u00e1neo\u00a0\u00bb module_id=\u00a0\u00bb\u00e0 propos de nous\u00a0\u00bb _builder_version=\u00a0\u00bb4.18.0&Prime; _module_preset=\u00a0\u00bbdefault\u00a0\u00bb background_color_gradient_direction=\u00a0\u00bb-90deg\u00a0\u00bb background_enable_image=\u00a0\u00bboff\u00a0\u00bb custom_padding=\u00a0\u00bb3%||0%||false|false\u00a0\u00bb link_option_url_new_window=\u00a0\u00bbon\u00a0\u00bb locked=\u00a0\u00bboff\u00a0\u00bb collapsed=\u00a0\u00bbon\u00a0\u00bb global_colors_info=\u00a0\u00bb{}\u00a0\u00bb][et_pb_row column_structure=\u00a0\u00bb2_5,3_5&Prime; custom_padding_last_edited=\u00a0\u00bbon|phone\u00a0\u00bb _builder_version=\u00a0\u00bb4.18.0&Prime; _module_preset=\u00a0\u00bbdefault\u00a0\u00bb use_background_color_gradient=\u00a0\u00bbon\u00a0\u00bb background_color_gradient_direction=\u00a0\u00bb270deg\u00a0\u00bb background_color_gradient_stops=\u00a0\u00bb#ffffff 40%|rgba(41,196,169,0) 40%\u00a0\u00bb background_color_gradient_overlays_image=\u00a0\u00bbon\u00a0\u00bb background_color_gradient_start=\u00a0\u00bb#ffffff\u00a0\u00bb background_color_gradient_start_position=\u00a0\u00bb40%\u00a0\u00bb background_color_gradient_end=\u00a0\u00bbrgba(41,196,169,0)\u00a0\u00bb background_color_gradient_end_position=\u00a0\u00bb40%\u00a0\u00bb background_image=\u00a0\u00bbhttps:\/\/parqueriomartin.com\/wp-content\/uploads\/unidad-didactica-el-arte-rupestre-del-arco-mediterraneo-parque-cultural-rio-martin.webp\u00a0\u00bb width_tablet=\u00a0\u00bb\u00a0\u00bb width_phone=\u00a0\u00bb\u00a0\u00bb width_last_edited=\u00a0\u00bbon|desktop\u00a0\u00bb custom_padding=\u00a0\u00bb7%||7%||true|false\u00a0\u00bb custom_padding_tablet=\u00a0\u00bb\u00a0\u00bb custom_padding_phone=\u00a0\u00bb0%||0%||true|false\u00a0\u00bb global_colors_info=\u00a0\u00bb{}\u00a0\u00bb][et_pb_column type=\u00a0\u00bb2_5&Prime; _builder_version=\u00a0\u00bb4.16&Prime; _module_preset=\u00a0\u00bbdefault\u00a0\u00bb global_colors_info=\u00a0\u00bb{}\u00a0\u00bb][\/et_pb_column][et_pb_column type=\u00a0\u00bb3_5&Prime; _builder_version=\u00a0\u00bb4.16&Prime; _module_preset=\u00a0\u00bbdefault\u00a0\u00bb background_color=\u00a0\u00bb#FFFFFF\u00a0\u00bb custom_padding=\u00a0\u00bb60px|60px|60px|60px|true|true\u00a0\u00bb custom_padding_tablet=\u00a0\u00bb\u00a0\u00bb custom_padding_phone=\u00a0\u00bb20px|20px|20px|20px|true|true\u00a0\u00bb custom_padding_last_edited=\u00a0\u00bbon|phone\u00a0\u00bb box_shadow_style=\u00a0\u00bbpreset1&Prime; box_shadow_color=\u00a0\u00bbrgba(0,0,0,0.15)\u00a0\u00bb global_colors_info=\u00a0\u00bb{}\u00a0\u00bb][et_pb_text _builder_version=\u00a0\u00bb4.18.0&Prime; _module_preset=\u00a0\u00bbdefault\u00a0\u00bb text_font=\u00a0\u00bbRoboto|700||on|||||\u00a0\u00bb text_text_color=\u00a0\u00bb#aaae6a\u00a0\u00bb text_letter_spacing=\u00a0\u00bb3px\u00a0\u00bb custom_margin=\u00a0\u00bb||20px||false|false\u00a0\u00bb custom_padding=\u00a0\u00bb||||false|false\u00a0\u00bb global_colors_info=\u00a0\u00bb{}\u00a0\u00bb]<\/p>\n<p>Librairie<\/p>\n<p>[\/et_pb_text][et_pb_image src=\u00a0\u00bbhttps:\/\/parqueriomartin.com\/wp-content\/uploads\/unidad-didactica-el-arte-rupestre-del-arco-mediterraneo-parque-cultural-rio-martin.webp\u00a0\u00bb title_text=\u00a0\u00bbunidad-didactica-el-arte-rupestre-del-arco-arco-mediterraneo-parque-cultural-rio-martin\u00a0\u00bb disabled_on=\u00a0\u00bboff|off|on\u00a0\u00bb _builder_version=\u00a0\u00bb4.18.0&Prime; _module_preset=\u00a0\u00bbdefault\u00a0\u00bb global_colors_info=\u00a0\u00bb{}\u00a0\u00bb][\/et_pb_image][et_pb_text _builder_version=\u00a0\u00bb4.18.0&Prime; _module_preset=\u00a0\u00bbdefault\u00a0\u00bb header_2_font=\u00a0\u00bbRoboto Condensed|700||on|||||\u00a0\u00bb header_2_text_color=\u00a0\u00bb#3a1b1e\u00a0\u00bb header_2_font_size=\u00a0\u00bb40px\u00a0\u00bb header_2_letter_spacing=\u00a0\u00bb1px\u00a0\u00bb custom_margin=\u00a0\u00bb||20px||false|false\u00a0\u00bb custom_padding=\u00a0\u00bb||||false|false\u00a0\u00bb header_2_font_size_tablet=\u00a0\u00bb\u00a0\u00bb header_2_font_size_phone=\u00a0\u00bb28px\u00a0\u00bb header_2_font_size_last_edited=\u00a0\u00bbon|phone\u00a0\u00bb global_colors_info=\u00a0\u00bb{}\u00a0\u00bb]<\/p>\n<h2>Unit\u00e9 didactique. L&rsquo;art rupestre de l&rsquo;arc m\u00e9diterran\u00e9en<\/h2>\n<p>[\/et_pb_text][et_pb_text _builder_version=\u00a0\u00bb4.18.0&Prime; _module_preset=\u00a0\u00bbdefault\u00a0\u00bb text_font=\u00a0\u00bbRoboto||||||||\u00a0\u00bb text_font_size=\u00a0\u00bb16px\u00a0\u00bb background_enable_color=\u00a0\u00bboff\u00a0\u00bb global_colors_info=\u00a0\u00bb{}\u00a0\u00bb]<\/p>\n<p>L&rsquo;unit\u00e9 didactique \u00ab\u00a0L&rsquo;art pari\u00e9tal de l&rsquo;arc m\u00e9diterran\u00e9en de la p\u00e9ninsule ib\u00e9rique\u00a0\u00bb du centre d&rsquo;art pari\u00e9tal \u00ab\u00a0A. Beltr\u00e1n\u00a0\u00bb du parc culturel de R\u00edo Mart\u00edn, est une \u0153uvre con\u00e7ue dans le cadre du projet didactique pour l&rsquo;enseignement de l&rsquo;art pari\u00e9tal de l&rsquo;arc m\u00e9diterran\u00e9en aux niveaux primaire et secondaire dans les communaut\u00e9s autonomes d&rsquo;Aragon, la Communaut\u00e9 de Valence et la r\u00e9gion de Murcie.<\/p>\n<p>Les contenus de l&rsquo;exposition \u00a0\u00bb Entre deux mondes \u00a0\u00bb du centre pr\u00e9cit\u00e9 et les contenus g\u00e9n\u00e9raux pour l&rsquo;enseignement de l&rsquo;art rupestre ont \u00e9t\u00e9 utilis\u00e9s pour la conception des supports p\u00e9dagogiques pr\u00e9sent\u00e9s lors des \u00a0\u00bb Jornadas de Formaci\u00f3n en relaci\u00f3n al Arte Rupestre del Arco Mediterr\u00e1neo de la Pen\u00ednsula Ib\u00e9rica \u00a0\u00bb qui se sont tenues les 25, 26 et 27 novembre 2016 au Centro de arte rupestre \u00a0\u00bb A. Beltr\u00e1n\u00a0\u00bb (Ari\u00f1o-Teruel) et qui peut \u00eatre consult\u00e9 dans la revue num\u00e9rique \u00ab\u00a0Cuadernos de arte rupestre\u00a0\u00bb, n\u00ba 8, 2017.<\/p>\n<p>[\/et_pb_text][dipl_button inline_buttons=\u00a0\u00bbon\u00a0\u00bb buttons_alignment=\u00a0\u00bbleft\u00a0\u00bb buttons_alignment_tablet=\u00a0\u00bb\u00a0\u00bb buttons_alignment_phone=\u00a0\u00bbleft\u00a0\u00bb buttons_alignment_last_edited=\u00a0\u00bbon|phone\u00a0\u00bb disabled_on=\u00a0\u00bboff|off|off\u00a0\u00bb _builder_version=\u00a0\u00bb4.18.1&Prime; _module_preset=\u00a0\u00bbdefault\u00a0\u00bb hover_enabled=\u00a0\u00bb0&Prime; locked=\u00a0\u00bboff\u00a0\u00bb global_colors_info=\u00a0\u00bb{}\u00a0\u00bb button_text_color__hover_enabled=\u00a0\u00bbon|desktop\u00a0\u00bb sticky_enabled=\u00a0\u00bb0&Prime;][dipl_button_item button_text=\u00a0\u00bbT\u00e9l\u00e9charger\u00a0\u00bb button_url=\u00a0\u00bb@ET-DC@eyJkeW5hbWljIjp0cnVlLCJjb250ZW50IjoicG9zdF9saW5rX3VybF9hdHRhY2htZW50Iiwic2V0dGluZ3MiOnsicG9zdF9pZCI6IjEwMTU2OSJ9fQ==@\u00a0\u00bb url_new_window=\u00a0\u00bbon\u00a0\u00bb button_bg_color=\u00a0\u00bb#aaae6a\u00a0\u00bb button_custom_margin=\u00a0\u00bb0px||||false|false\u00a0\u00bb button_custom_padding=\u00a0\u00bb10px|35px|10px|30px|true|false\u00a0\u00bb _builder_version=\u00a0\u00bb4.18.1&Prime; _dynamic_attributes=\u00a0\u00bbbutton_url\u00a0\u00bb _module_preset=\u00a0\u00bbdefault\u00a0\u00bb button_font=\u00a0\u00bbRoboto|700|||||||\u00a0\u00bb button_text_color=\u00a0\u00bb#FFFFFF\u00a0\u00bb button_font_size=\u00a0\u00bb18px\u00a0\u00bb button_letter_spacing=\u00a0\u00bb2px\u00a0\u00bb hover_enabled=\u00a0\u00bb0&Prime; button_font_size_tablet=\u00a0\u00bb\u00a0\u00bb button_font_size_phone=\u00a0\u00bb18px\u00a0\u00bb button_font_size_last_edited=\u00a0\u00bbon|desktop\u00a0\u00bb border_radii=\u00a0\u00bbon|3px|3px|3px|3px\u00a0\u00bb border_width_all=\u00a0\u00bb2px\u00a0\u00bb border_color_all=\u00a0\u00bb#aaae6a\u00a0\u00bb box_shadow_style=\u00a0\u00bbpreset3&Prime; global_colors_info=\u00a0\u00bb{}\u00a0\u00bb button_icon_color__hover_enabled=\u00a0\u00bbon|hover\u00a0\u00bb button_icon_color__hover=\u00a0\u00bb#000000&Prime; button_bg_color__hover_enabled=\u00a0\u00bbon|hover\u00a0\u00bb button_bg_color__hover=\u00a0\u00bb#FFFFFF\u00a0\u00bb button_bg_enable_color__hover=\u00a0\u00bbon\u00a0\u00bb button_text_color__hover_enabled=\u00a0\u00bbon|desktop\u00a0\u00bb button_text_color__hover=\u00a0\u00bb#aaae6a\u00a0\u00bb sticky_enabled=\u00a0\u00bb0&Prime;][\/dipl_button_item][\/dipl_button][dipl_modal modal_id=\u00a0\u00bbunidad\u00a0\u00bb trigger_button_text=\u00a0\u00bbPVP: 10\u20ac + gastos de env\u00edo\u00a0\u00bb close_on_esc=\u00a0\u00bbon\u00a0\u00bb show_modal_title=\u00a0\u00bboff\u00a0\u00bb show_footer=\u00a0\u00bboff\u00a0\u00bb modal_header_custom_padding=\u00a0\u00bb10px|20px|10px|20px|true|true\u00a0\u00bb modal_body_custom_padding=\u00a0\u00bb35px|20px|35px|20px|true|true\u00a0\u00bb disabled_on=\u00a0\u00bbon|on|on\u00a0\u00bb _builder_version=\u00a0\u00bb4.18.1&Prime; _module_preset=\u00a0\u00bbdefault\u00a0\u00bb modal_body_text_text_align=\u00a0\u00bbcenter\u00a0\u00bb modal_trigger_text_font=\u00a0\u00bb||||||||\u00a0\u00bb custom_trigger_button=\u00a0\u00bbon\u00a0\u00bb trigger_button_text_size=\u00a0\u00bb18px\u00a0\u00bb trigger_button_border_radius=\u00a0\u00bb3px\u00a0\u00bb trigger_button_letter_spacing=\u00a0\u00bb2px\u00a0\u00bb trigger_button_font=\u00a0\u00bbRoboto|700|||||||\u00a0\u00bb trigger_button_use_icon=\u00a0\u00bboff\u00a0\u00bb trigger_button_custom_padding=\u00a0\u00bb10px|30px|10px|30px|true|true\u00a0\u00bb text_orientation=\u00a0\u00bbleft\u00a0\u00bb trigger_button_text_size_tablet=\u00a0\u00bb18px\u00a0\u00bb trigger_button_text_size_phone=\u00a0\u00bb18px\u00a0\u00bb trigger_button_text_size_last_edited=\u00a0\u00bbon|desktop\u00a0\u00bb trigger_button_border_width_tablet=\u00a0\u00bb\u00a0\u00bb trigger_button_border_width_phone=\u00a0\u00bb\u00a0\u00bb trigger_button_border_width_last_edited=\u00a0\u00bbon|desktop\u00a0\u00bb border_width_all_modal=\u00a0\u00bb2px\u00a0\u00bb border_color_all_modal=\u00a0\u00bb#aaae6a\u00a0\u00bb box_shadow_style_trigger_button=\u00a0\u00bbpreset3&Prime; disabled=\u00a0\u00bbon\u00a0\u00bb global_colors_info=\u00a0\u00bb{}\u00a0\u00bb]<\/p>\n<p align=\"center\"><img loading=\"lazy\" decoding=\"async\" class=\"wp-image-106262 alignnone size-medium\" src=\"https:\/\/parqueriomartin.com\/wp-content\/uploads\/portada-guia-del-parque-cultural-del-rio-martin-parque-cultural-rio-martin-157x300.webp\" alt=\"\" width=\"157\" height=\"300\" srcset=\"https:\/\/parqueriomartin.com\/wp-content\/uploads\/portada-guia-del-parque-cultural-del-rio-martin-parque-cultural-rio-martin-157x300.webp 157w, https:\/\/parqueriomartin.com\/wp-content\/uploads\/portada-guia-del-parque-cultural-del-rio-martin-parque-cultural-rio-martin.webp 470w\" sizes=\"(max-width: 157px) 100vw, 157px\" \/><\/p>\n<p align=\"center\">Si est\u00e1 interesado en su adquisici\u00f3n, rem\u00edtanse a las oficinas del Parque<br \/>al tel\u00e9fono <strong>978 817 042<\/strong> o en la direcci\u00f3n de correo electr\u00f3nico <a href=\"mailto:ciar@parqueriomartin.com\">ciar@parqueriomartin.com<\/a><\/p>\n<p align=\"center\"><strong>Parque Cultural del R\u00edo Mart\u00edn<br \/>C\/ Tiro del Bolo s\/n<br \/>44547 Ari\u00f1o (Teruel)<\/strong><\/p>\n<p>[\/dipl_modal][\/et_pb_column][\/et_pb_row][et_pb_row custom_padding_last_edited=\u00a0\u00bbon|phone\u00a0\u00bb _builder_version=\u00a0\u00bb4.18.0&Prime; _module_preset=\u00a0\u00bbdefault\u00a0\u00bb custom_padding=\u00a0\u00bb70px||0px|||\u00a0\u00bb custom_padding_tablet=\u00a0\u00bb50px||||false|false\u00a0\u00bb custom_padding_phone=\u00a0\u00bb40px||||false|false\u00a0\u00bb global_colors_info=\u00a0\u00bb{}\u00a0\u00bb][et_pb_column type=\u00a0\u00bb4_4&Prime; _builder_version=\u00a0\u00bb4.18.0&Prime; _module_preset=\u00a0\u00bbdefault\u00a0\u00bb global_colors_info=\u00a0\u00bb{}\u00a0\u00bb][et_pb_divider _builder_version=\u00a0\u00bb4.18.0&Prime; _module_preset=\u00a0\u00bbdefault\u00a0\u00bb global_colors_info=\u00a0\u00bb{}\u00a0\u00bb][\/et_pb_divider][\/et_pb_column][\/et_pb_row][\/et_pb_section]<\/p>\n","protected":false},"excerpt":{"rendered":"<p>LibrairieCorpus d&rsquo;art rupestre du parc culturel de la rivi\u00e8re Mart\u00ednLe Corpus d&rsquo;art rupestre du parc culturel de la rivi\u00e8re Mart\u00edn compile toutes les cartes et les trac\u00e9s d\u00e9pliants des abris rocheux avec art rupestre (peintures et gravures). [&hellip;]<\/p>\n","protected":false},"author":1,"featured_media":106118,"parent":0,"menu_order":0,"comment_status":"closed","ping_status":"closed","template":"","meta":{"_acf_changed":false,"_et_pb_use_builder":"on","_et_pb_old_content":"","_et_gb_content_width":"","footnotes":""},"categorias_tipos":[122],"acf":[],"yoast_head":"<!-- This site is optimized with the Yoast SEO plugin v22.5 - https:\/\/yoast.com\/wordpress\/plugins\/seo\/ -->\n<title>Publications du Parc Culturel de R\u00edo Mart\u00edn - Parque Cultural del R\u00edo Mart\u00edn<\/title>\n<meta name=\"robots\" content=\"index, follow, max-snippet:-1, max-image-preview:large, max-video-preview:-1\" \/>\n<link rel=\"canonical\" href=\"https:\/\/parqueriomartin.com\/fr\/publications-du-parc-culturel-de-rio-martin\/\" \/>\n<meta property=\"og:locale\" content=\"fr_FR\" \/>\n<meta property=\"og:type\" content=\"article\" \/>\n<meta property=\"og:title\" content=\"Publications du Parc Culturel de R\u00edo Mart\u00edn - Parque Cultural del R\u00edo Mart\u00edn\" \/>\n<meta property=\"og:description\" content=\"LibrairieCorpus d&#039;art rupestre du parc culturel de la rivi\u00e8re Mart\u00ednLe Corpus d&#039;art rupestre du parc culturel de la rivi\u00e8re Mart\u00edn compile toutes les cartes et les trac\u00e9s d\u00e9pliants des abris rocheux avec art rupestre (peintures et gravures). [&hellip;]\" \/>\n<meta property=\"og:url\" content=\"https:\/\/parqueriomartin.com\/fr\/publications-du-parc-culturel-de-rio-martin\/\" \/>\n<meta property=\"og:site_name\" content=\"Parque Cultural del R\u00edo Mart\u00edn\" \/>\n<meta property=\"article:modified_time\" content=\"2022-11-14T16:28:18+00:00\" \/>\n<meta property=\"og:image\" content=\"https:\/\/parqueriomartin.com\/wp-content\/uploads\/cabecera-librerias-parque-cultural-rio-martin.webp\" \/>\n\t<meta property=\"og:image:width\" content=\"1500\" \/>\n\t<meta property=\"og:image:height\" content=\"1500\" \/>\n\t<meta property=\"og:image:type\" content=\"image\/webp\" \/>\n<meta name=\"twitter:card\" content=\"summary_large_image\" \/>\n<meta name=\"twitter:label1\" content=\"Dur\u00e9e de lecture estim\u00e9e\" \/>\n\t<meta name=\"twitter:data1\" content=\"16 minutes\" \/>\n<script type=\"application\/ld+json\" class=\"yoast-schema-graph\">{\"@context\":\"https:\/\/schema.org\",\"@graph\":[{\"@type\":\"WebPage\",\"@id\":\"https:\/\/parqueriomartin.com\/fr\/publications-du-parc-culturel-de-rio-martin\/\",\"url\":\"https:\/\/parqueriomartin.com\/fr\/publications-du-parc-culturel-de-rio-martin\/\",\"name\":\"Publications du Parc Culturel de R\u00edo Mart\u00edn - Parque Cultural del R\u00edo Mart\u00edn\",\"isPartOf\":{\"@id\":\"https:\/\/parqueriomartin.com\/fr\/#website\"},\"primaryImageOfPage\":{\"@id\":\"https:\/\/parqueriomartin.com\/fr\/publications-du-parc-culturel-de-rio-martin\/#primaryimage\"},\"image\":{\"@id\":\"https:\/\/parqueriomartin.com\/fr\/publications-du-parc-culturel-de-rio-martin\/#primaryimage\"},\"thumbnailUrl\":\"https:\/\/parqueriomartin.com\/wp-content\/uploads\/cabecera-librerias-parque-cultural-rio-martin.webp\",\"datePublished\":\"2022-10-26T08:51:35+00:00\",\"dateModified\":\"2022-11-14T16:28:18+00:00\",\"breadcrumb\":{\"@id\":\"https:\/\/parqueriomartin.com\/fr\/publications-du-parc-culturel-de-rio-martin\/#breadcrumb\"},\"inLanguage\":\"fr-FR\",\"potentialAction\":[{\"@type\":\"ReadAction\",\"target\":[\"https:\/\/parqueriomartin.com\/fr\/publications-du-parc-culturel-de-rio-martin\/\"]}]},{\"@type\":\"ImageObject\",\"inLanguage\":\"fr-FR\",\"@id\":\"https:\/\/parqueriomartin.com\/fr\/publications-du-parc-culturel-de-rio-martin\/#primaryimage\",\"url\":\"https:\/\/parqueriomartin.com\/wp-content\/uploads\/cabecera-librerias-parque-cultural-rio-martin.webp\",\"contentUrl\":\"https:\/\/parqueriomartin.com\/wp-content\/uploads\/cabecera-librerias-parque-cultural-rio-martin.webp\",\"width\":1500,\"height\":1500},{\"@type\":\"BreadcrumbList\",\"@id\":\"https:\/\/parqueriomartin.com\/fr\/publications-du-parc-culturel-de-rio-martin\/#breadcrumb\",\"itemListElement\":[{\"@type\":\"ListItem\",\"position\":1,\"name\":\"Portada\",\"item\":\"https:\/\/parqueriomartin.com\/fr\/\"},{\"@type\":\"ListItem\",\"position\":2,\"name\":\"Publications du Parc Culturel de R\u00edo Mart\u00edn\"}]},{\"@type\":\"WebSite\",\"@id\":\"https:\/\/parqueriomartin.com\/fr\/#website\",\"url\":\"https:\/\/parqueriomartin.com\/fr\/\",\"name\":\"Parque Cultural del R\u00edo Mart\u00edn\",\"description\":\"Conoce los pueblos, las rutas, los centros de interpretaci\u00f3n, las gentes... del Parque Cultural del R\u00edo Mart\u00edn\",\"potentialAction\":[{\"@type\":\"SearchAction\",\"target\":{\"@type\":\"EntryPoint\",\"urlTemplate\":\"https:\/\/parqueriomartin.com\/fr\/?s={search_term_string}\"},\"query-input\":\"required name=search_term_string\"}],\"inLanguage\":\"fr-FR\"}]}<\/script>\n<!-- \/ Yoast SEO plugin. -->","yoast_head_json":{"title":"Publications du Parc Culturel de R\u00edo Mart\u00edn - Parque Cultural del R\u00edo Mart\u00edn","robots":{"index":"index","follow":"follow","max-snippet":"max-snippet:-1","max-image-preview":"max-image-preview:large","max-video-preview":"max-video-preview:-1"},"canonical":"https:\/\/parqueriomartin.com\/fr\/publications-du-parc-culturel-de-rio-martin\/","og_locale":"fr_FR","og_type":"article","og_title":"Publications du Parc Culturel de R\u00edo Mart\u00edn - Parque Cultural del R\u00edo Mart\u00edn","og_description":"LibrairieCorpus d'art rupestre du parc culturel de la rivi\u00e8re Mart\u00ednLe Corpus d'art rupestre du parc culturel de la rivi\u00e8re Mart\u00edn compile toutes les cartes et les trac\u00e9s d\u00e9pliants des abris rocheux avec art rupestre (peintures et gravures). [&hellip;]","og_url":"https:\/\/parqueriomartin.com\/fr\/publications-du-parc-culturel-de-rio-martin\/","og_site_name":"Parque Cultural del R\u00edo Mart\u00edn","article_modified_time":"2022-11-14T16:28:18+00:00","og_image":[{"width":1500,"height":1500,"url":"https:\/\/parqueriomartin.com\/wp-content\/uploads\/cabecera-librerias-parque-cultural-rio-martin.webp","type":"image\/webp"}],"twitter_card":"summary_large_image","twitter_misc":{"Dur\u00e9e de lecture estim\u00e9e":"16 minutes"},"schema":{"@context":"https:\/\/schema.org","@graph":[{"@type":"WebPage","@id":"https:\/\/parqueriomartin.com\/fr\/publications-du-parc-culturel-de-rio-martin\/","url":"https:\/\/parqueriomartin.com\/fr\/publications-du-parc-culturel-de-rio-martin\/","name":"Publications du Parc Culturel de R\u00edo Mart\u00edn - Parque Cultural del R\u00edo Mart\u00edn","isPartOf":{"@id":"https:\/\/parqueriomartin.com\/fr\/#website"},"primaryImageOfPage":{"@id":"https:\/\/parqueriomartin.com\/fr\/publications-du-parc-culturel-de-rio-martin\/#primaryimage"},"image":{"@id":"https:\/\/parqueriomartin.com\/fr\/publications-du-parc-culturel-de-rio-martin\/#primaryimage"},"thumbnailUrl":"https:\/\/parqueriomartin.com\/wp-content\/uploads\/cabecera-librerias-parque-cultural-rio-martin.webp","datePublished":"2022-10-26T08:51:35+00:00","dateModified":"2022-11-14T16:28:18+00:00","breadcrumb":{"@id":"https:\/\/parqueriomartin.com\/fr\/publications-du-parc-culturel-de-rio-martin\/#breadcrumb"},"inLanguage":"fr-FR","potentialAction":[{"@type":"ReadAction","target":["https:\/\/parqueriomartin.com\/fr\/publications-du-parc-culturel-de-rio-martin\/"]}]},{"@type":"ImageObject","inLanguage":"fr-FR","@id":"https:\/\/parqueriomartin.com\/fr\/publications-du-parc-culturel-de-rio-martin\/#primaryimage","url":"https:\/\/parqueriomartin.com\/wp-content\/uploads\/cabecera-librerias-parque-cultural-rio-martin.webp","contentUrl":"https:\/\/parqueriomartin.com\/wp-content\/uploads\/cabecera-librerias-parque-cultural-rio-martin.webp","width":1500,"height":1500},{"@type":"BreadcrumbList","@id":"https:\/\/parqueriomartin.com\/fr\/publications-du-parc-culturel-de-rio-martin\/#breadcrumb","itemListElement":[{"@type":"ListItem","position":1,"name":"Portada","item":"https:\/\/parqueriomartin.com\/fr\/"},{"@type":"ListItem","position":2,"name":"Publications du Parc Culturel de R\u00edo Mart\u00edn"}]},{"@type":"WebSite","@id":"https:\/\/parqueriomartin.com\/fr\/#website","url":"https:\/\/parqueriomartin.com\/fr\/","name":"Parque Cultural del R\u00edo Mart\u00edn","description":"Conoce los pueblos, las rutas, los centros de interpretaci\u00f3n, las gentes... del Parque Cultural del R\u00edo Mart\u00edn","potentialAction":[{"@type":"SearchAction","target":{"@type":"EntryPoint","urlTemplate":"https:\/\/parqueriomartin.com\/fr\/?s={search_term_string}"},"query-input":"required name=search_term_string"}],"inLanguage":"fr-FR"}]}},"_links":{"self":[{"href":"https:\/\/parqueriomartin.com\/fr\/wp-json\/wp\/v2\/pages\/107605"}],"collection":[{"href":"https:\/\/parqueriomartin.com\/fr\/wp-json\/wp\/v2\/pages"}],"about":[{"href":"https:\/\/parqueriomartin.com\/fr\/wp-json\/wp\/v2\/types\/page"}],"author":[{"embeddable":true,"href":"https:\/\/parqueriomartin.com\/fr\/wp-json\/wp\/v2\/users\/1"}],"replies":[{"embeddable":true,"href":"https:\/\/parqueriomartin.com\/fr\/wp-json\/wp\/v2\/comments?post=107605"}],"version-history":[{"count":15,"href":"https:\/\/parqueriomartin.com\/fr\/wp-json\/wp\/v2\/pages\/107605\/revisions"}],"predecessor-version":[{"id":107639,"href":"https:\/\/parqueriomartin.com\/fr\/wp-json\/wp\/v2\/pages\/107605\/revisions\/107639"}],"wp:featuredmedia":[{"embeddable":true,"href":"https:\/\/parqueriomartin.com\/fr\/wp-json\/wp\/v2\/media\/106118"}],"wp:attachment":[{"href":"https:\/\/parqueriomartin.com\/fr\/wp-json\/wp\/v2\/media?parent=107605"}],"wp:term":[{"taxonomy":"categorias_tipos","embeddable":true,"href":"https:\/\/parqueriomartin.com\/fr\/wp-json\/wp\/v2\/categorias_tipos?post=107605"}],"curies":[{"name":"wp","href":"https:\/\/api.w.org\/{rel}","templated":true}]}}