{"id":102651,"date":"2022-10-04T13:00:39","date_gmt":"2022-10-04T13:00:39","guid":{"rendered":"http:\/\/parqueculturalriomartin.com.mialias.net\/pueblos\/penarroyas\/"},"modified":"2022-11-15T20:19:29","modified_gmt":"2022-11-15T20:19:29","slug":"penarroyas","status":"publish","type":"pueblos","link":"https:\/\/parqueriomartin.com\/fr\/pueblos\/penarroyas\/","title":{"rendered":"Pe\u00f1arroyas"},"content":{"rendered":"<p>Le village de Pe\u00f1arroyas, situ\u00e9 sur la rive gauche de la rivi\u00e8re Mart\u00edn, est actuellement un hameau de la municipalit\u00e9 de Montalb\u00e1n. Elle est encore commun\u00e9ment appel\u00e9e Pe\u00f1as Royas, en raison de la couleur rouge marqu\u00e9e des rochers abrupts qui composent les formations de gr\u00e8s, au pied desquelles la ville s&rsquo;est d\u00e9velopp\u00e9e et qui canalisent la rivi\u00e8re Mart\u00edn et bordent la ville au nord. Ces gr\u00e8s du Trias (gr\u00e8s rouge de Buntsandstein), populairement connus sous le nom de Rodeno, ne fa\u00e7onnent pas seulement le paysage de la r\u00e9gion mais ont \u00e9galement fa\u00e7onn\u00e9 l&rsquo;<strong>architecture<\/strong> particuli\u00e8re de ce village, qui est bien pr\u00e9serv\u00e9e tout en conservant la saveur populaire traditionnelle. Pe\u00f1arroyas nous offre des b\u00e2timents dans lesquels se distinguent la pr\u00e9sence de pierres de taille bien travaill\u00e9es en pierre odeno et l&rsquo;abondance de points de vue &#8211; terrasses ensoleill\u00e9es sur les hauteurs<strong>. <\/strong> <\/p>\n<p>D&rsquo;autre part, les affleurements de mat\u00e9riaux carbonif\u00e8res au sud de la localit\u00e9 &#8211; les plus anciens du parc culturel &#8211; font \u00e9galement partie de l&rsquo;architecture, en utilisant les dalles caract\u00e9ristiques de couleur gris\u00e2tre qui, entrem\u00eal\u00e9es dans certains cas avec les gr\u00e8s rouges des constructions, forment de beaux contrastes. Il convient de noter l&rsquo;abondance de petites constructions traditionnelles, connues sous le nom de <strong>\u00ab\u00a0cochiqueras\u00a0\u00bb<\/strong>, utilis\u00e9es pour l&rsquo;\u00e9levage et l&rsquo;engraissement des porcs pour les \u00ab\u00a0matac\u00edas\u00a0\u00bb (abattage) typiques de l&rsquo;hiver, qui constituent le pilier de l&rsquo;\u00e9conomie familiale.<\/p>\n<p>La rue principale est un prolongement de la route locale de Montalb\u00e1n, qui se termine dans le village, mais qui, \u00e9tant donn\u00e9 l&rsquo;\u00e9troitesse des b\u00e2timents \u00e0 son entr\u00e9e, ne permet pas la circulation routi\u00e8re. La rue suit le niveau de la courbe de niveau, de sorte que les pentes ne sont pas importantes, et traverse le village en direction du nord, parall\u00e8lement au cours de la rivi\u00e8re Mart\u00edn. Des deux c\u00f4t\u00e9s de la rue, les b\u00e2timents se sont d\u00e9velopp\u00e9s, s&rsquo;adaptant aux terrasses au pied de la colline sur laquelle se trouve la ville. La plupart d&rsquo;entre eux ont trois \u00e9tages. La place abrite les deux b\u00e2timents les plus importants de Pe\u00f1arroyas, l&rsquo;ancien h\u00f4tel de ville et l&rsquo;\u00e9glise de Santa Mar\u00eda la Mayor.<\/p>\n<p>L&rsquo;<strong>h\u00f4tel de ville<\/strong> a deux \u00e9tages et est r\u00e9alis\u00e9 en ma\u00e7onnerie de ch\u00eane, conservant dans l&rsquo;\u00e9tage inf\u00e9rieur l&rsquo;ancienne halle du march\u00e9 avec deux arcs en plein cintre sur une colonne centrale, ferm\u00e9e par des menuiseries et des vitres qui ont permis d&rsquo;adapter son utilisation pour en faire aujourd&rsquo;hui un bar et un centre social. \u00c0 l&rsquo;\u00e9tage sup\u00e9rieur, il y a encore deux pi\u00e8ces o\u00f9 se trouve l&rsquo;<strong>ancienne \u00e9cole locale<\/strong>, aujourd&rsquo;hui un mus\u00e9e.<\/p>\n<p>Ce b\u00e2timent est rattach\u00e9 \u00e0 l&rsquo;<strong>\u00e9glise de Santa Mar\u00eda La Mayor<\/strong>, et suit sa typologie de construction, en ma\u00e7onnerie. Bien que dans le cas de l&rsquo;\u00e9glise, elle pr\u00e9sente une bonne ma\u00e7onnerie dans les coins. Cette petite mais charmante \u00e9glise poss\u00e8de une simple porte semi-circulaire donnant sur la place, au-dessus de laquelle se trouve une niche qui devait \u00eatre pr\u00e9sid\u00e9e par le saint patron de l&rsquo;\u00e9glise. Au-dessus, une ouverture permet \u00e0 la lumi\u00e8re naturelle d&rsquo;\u00e9clairer l&rsquo;int\u00e9rieur de l&rsquo;\u00e9glise. Du c\u00f4t\u00e9 de l&rsquo;\u00e9p\u00eetre s&rsquo;\u00e9l\u00e8ve une petite tour, \u00e9galement en ma\u00e7onnerie et en bonne pierre de taille, qui forme deux corps, le inf\u00e9rieur carr\u00e9 avec une corniche et le sup\u00e9rieur octogonal et avec des ouvertures en demi-cercle. Dans la partie sup\u00e9rieure du village, on trouve la construction en pierre de taille de l&rsquo;<strong>ermitage de Santa B\u00e1rbara<\/strong>.<\/p>\n<p>Apr\u00e8s la place, l&rsquo;axe principal se ramifie dans deux directions. D&rsquo;une part, en poursuivant le niveau, il continue sur un chemin vers le  <strong>quartier traditionnel des \u00e9poques<\/strong>  -Les rues de la p\u00e9riph\u00e9rie de la ville qui, dans de nombreux cas, sont pav\u00e9es de dalles d&rsquo;odeno, formant des silhouettes g\u00e9om\u00e9triques et radioconcentriques autour d&rsquo;une dalle centrale, et passant par les  <strong>gravures rupestres des puits de Bolletes<\/strong>Le chemin meurt dans la rivi\u00e8re \u00e0 un d\u00e9troit dont les puits portent le nom de la rivi\u00e8re. De l&rsquo;autre, la rue meurt apr\u00e8s s&rsquo;\u00eatre connect\u00e9e \u00e0 la hauteur d&rsquo;une ancienne  <strong>un petit monument en pierre d\u00e9di\u00e9 \u00e0 Saint Antoine l&rsquo;Abb\u00e9<\/strong>  qui marque et indique la direction, avec un  <strong>chauss\u00e9e pav\u00e9e<\/strong>  qui nous aide \u00e0 nous \u00e9lever vers le  <strong>Alto del Portillo<\/strong>Il se trouve \u00e0 la confluence des chemins menant aux villes voisines d&rsquo;Ob\u00f3n et de La Hoz de la Vieja et constitue un point de vue spectaculaire qui montre la richesse exceptionnelle des vues et la vari\u00e9t\u00e9 chromatique du paysage harmonieux de Pe\u00f1arroyas et de ses environs.<\/p>\n","protected":false},"featured_media":102197,"template":"","categorias_tipos":[106],"acf":[],"yoast_head":"<!-- This site is optimized with the Yoast SEO plugin v22.5 - https:\/\/yoast.com\/wordpress\/plugins\/seo\/ -->\n<title>Pe\u00f1arroyas - Parque Cultural del R\u00edo Mart\u00edn<\/title>\n<meta name=\"robots\" content=\"index, follow, max-snippet:-1, max-image-preview:large, max-video-preview:-1\" \/>\n<link rel=\"canonical\" href=\"https:\/\/parqueriomartin.com\/fr\/pueblos\/penarroyas\/\" \/>\n<meta property=\"og:locale\" content=\"fr_FR\" \/>\n<meta property=\"og:type\" content=\"article\" \/>\n<meta property=\"og:title\" content=\"Pe\u00f1arroyas - Parque Cultural del R\u00edo Mart\u00edn\" \/>\n<meta property=\"og:description\" content=\"Le village de Pe\u00f1arroyas, situ\u00e9 sur la rive gauche de la rivi\u00e8re Mart\u00edn, est actuellement un hameau de la municipalit\u00e9 de Montalb\u00e1n. Elle est encore commun\u00e9ment appel\u00e9e Pe\u00f1as Royas, en raison de la couleur rouge marqu\u00e9e des rochers abrupts qui composent les formations de gr\u00e8s, au pied desquelles la ville s&rsquo;est d\u00e9velopp\u00e9e et qui canalisent [&hellip;]\" \/>\n<meta property=\"og:url\" content=\"https:\/\/parqueriomartin.com\/fr\/pueblos\/penarroyas\/\" \/>\n<meta property=\"og:site_name\" content=\"Parque Cultural del R\u00edo Mart\u00edn\" \/>\n<meta property=\"article:modified_time\" content=\"2022-11-15T20:19:29+00:00\" \/>\n<meta property=\"og:image\" content=\"https:\/\/parqueriomartin.com\/wp-content\/uploads\/cabecera-pueblo-penarroyas-parque-cultural-rio-martin.webp\" \/>\n\t<meta property=\"og:image:width\" content=\"1920\" \/>\n\t<meta property=\"og:image:height\" content=\"1440\" \/>\n\t<meta property=\"og:image:type\" content=\"image\/webp\" \/>\n<meta name=\"twitter:card\" content=\"summary_large_image\" \/>\n<meta name=\"twitter:label1\" content=\"Dur\u00e9e de lecture estim\u00e9e\" \/>\n\t<meta name=\"twitter:data1\" content=\"4 minutes\" \/>\n<script type=\"application\/ld+json\" class=\"yoast-schema-graph\">{\"@context\":\"https:\/\/schema.org\",\"@graph\":[{\"@type\":\"WebPage\",\"@id\":\"https:\/\/parqueriomartin.com\/fr\/pueblos\/penarroyas\/\",\"url\":\"https:\/\/parqueriomartin.com\/fr\/pueblos\/penarroyas\/\",\"name\":\"Pe\u00f1arroyas - Parque Cultural del R\u00edo Mart\u00edn\",\"isPartOf\":{\"@id\":\"https:\/\/parqueriomartin.com\/fr\/#website\"},\"primaryImageOfPage\":{\"@id\":\"https:\/\/parqueriomartin.com\/fr\/pueblos\/penarroyas\/#primaryimage\"},\"image\":{\"@id\":\"https:\/\/parqueriomartin.com\/fr\/pueblos\/penarroyas\/#primaryimage\"},\"thumbnailUrl\":\"https:\/\/parqueriomartin.com\/wp-content\/uploads\/cabecera-pueblo-penarroyas-parque-cultural-rio-martin.webp\",\"datePublished\":\"2022-10-04T13:00:39+00:00\",\"dateModified\":\"2022-11-15T20:19:29+00:00\",\"breadcrumb\":{\"@id\":\"https:\/\/parqueriomartin.com\/fr\/pueblos\/penarroyas\/#breadcrumb\"},\"inLanguage\":\"fr-FR\",\"potentialAction\":[{\"@type\":\"ReadAction\",\"target\":[\"https:\/\/parqueriomartin.com\/fr\/pueblos\/penarroyas\/\"]}]},{\"@type\":\"ImageObject\",\"inLanguage\":\"fr-FR\",\"@id\":\"https:\/\/parqueriomartin.com\/fr\/pueblos\/penarroyas\/#primaryimage\",\"url\":\"https:\/\/parqueriomartin.com\/wp-content\/uploads\/cabecera-pueblo-penarroyas-parque-cultural-rio-martin.webp\",\"contentUrl\":\"https:\/\/parqueriomartin.com\/wp-content\/uploads\/cabecera-pueblo-penarroyas-parque-cultural-rio-martin.webp\",\"width\":1920,\"height\":1440},{\"@type\":\"BreadcrumbList\",\"@id\":\"https:\/\/parqueriomartin.com\/fr\/pueblos\/penarroyas\/#breadcrumb\",\"itemListElement\":[{\"@type\":\"ListItem\",\"position\":1,\"name\":\"Portada\",\"item\":\"https:\/\/parqueriomartin.com\/fr\/\"},{\"@type\":\"ListItem\",\"position\":2,\"name\":\"Pe\u00f1arroyas\"}]},{\"@type\":\"WebSite\",\"@id\":\"https:\/\/parqueriomartin.com\/fr\/#website\",\"url\":\"https:\/\/parqueriomartin.com\/fr\/\",\"name\":\"Parque Cultural del R\u00edo Mart\u00edn\",\"description\":\"Conoce los pueblos, las rutas, los centros de interpretaci\u00f3n, las gentes... del Parque Cultural del R\u00edo Mart\u00edn\",\"potentialAction\":[{\"@type\":\"SearchAction\",\"target\":{\"@type\":\"EntryPoint\",\"urlTemplate\":\"https:\/\/parqueriomartin.com\/fr\/?s={search_term_string}\"},\"query-input\":\"required name=search_term_string\"}],\"inLanguage\":\"fr-FR\"}]}<\/script>\n<!-- \/ Yoast SEO plugin. -->","yoast_head_json":{"title":"Pe\u00f1arroyas - Parque Cultural del R\u00edo Mart\u00edn","robots":{"index":"index","follow":"follow","max-snippet":"max-snippet:-1","max-image-preview":"max-image-preview:large","max-video-preview":"max-video-preview:-1"},"canonical":"https:\/\/parqueriomartin.com\/fr\/pueblos\/penarroyas\/","og_locale":"fr_FR","og_type":"article","og_title":"Pe\u00f1arroyas - Parque Cultural del R\u00edo Mart\u00edn","og_description":"Le village de Pe\u00f1arroyas, situ\u00e9 sur la rive gauche de la rivi\u00e8re Mart\u00edn, est actuellement un hameau de la municipalit\u00e9 de Montalb\u00e1n. Elle est encore commun\u00e9ment appel\u00e9e Pe\u00f1as Royas, en raison de la couleur rouge marqu\u00e9e des rochers abrupts qui composent les formations de gr\u00e8s, au pied desquelles la ville s&rsquo;est d\u00e9velopp\u00e9e et qui canalisent [&hellip;]","og_url":"https:\/\/parqueriomartin.com\/fr\/pueblos\/penarroyas\/","og_site_name":"Parque Cultural del R\u00edo Mart\u00edn","article_modified_time":"2022-11-15T20:19:29+00:00","og_image":[{"width":1920,"height":1440,"url":"https:\/\/parqueriomartin.com\/wp-content\/uploads\/cabecera-pueblo-penarroyas-parque-cultural-rio-martin.webp","type":"image\/webp"}],"twitter_card":"summary_large_image","twitter_misc":{"Dur\u00e9e de lecture estim\u00e9e":"4 minutes"},"schema":{"@context":"https:\/\/schema.org","@graph":[{"@type":"WebPage","@id":"https:\/\/parqueriomartin.com\/fr\/pueblos\/penarroyas\/","url":"https:\/\/parqueriomartin.com\/fr\/pueblos\/penarroyas\/","name":"Pe\u00f1arroyas - Parque Cultural del R\u00edo Mart\u00edn","isPartOf":{"@id":"https:\/\/parqueriomartin.com\/fr\/#website"},"primaryImageOfPage":{"@id":"https:\/\/parqueriomartin.com\/fr\/pueblos\/penarroyas\/#primaryimage"},"image":{"@id":"https:\/\/parqueriomartin.com\/fr\/pueblos\/penarroyas\/#primaryimage"},"thumbnailUrl":"https:\/\/parqueriomartin.com\/wp-content\/uploads\/cabecera-pueblo-penarroyas-parque-cultural-rio-martin.webp","datePublished":"2022-10-04T13:00:39+00:00","dateModified":"2022-11-15T20:19:29+00:00","breadcrumb":{"@id":"https:\/\/parqueriomartin.com\/fr\/pueblos\/penarroyas\/#breadcrumb"},"inLanguage":"fr-FR","potentialAction":[{"@type":"ReadAction","target":["https:\/\/parqueriomartin.com\/fr\/pueblos\/penarroyas\/"]}]},{"@type":"ImageObject","inLanguage":"fr-FR","@id":"https:\/\/parqueriomartin.com\/fr\/pueblos\/penarroyas\/#primaryimage","url":"https:\/\/parqueriomartin.com\/wp-content\/uploads\/cabecera-pueblo-penarroyas-parque-cultural-rio-martin.webp","contentUrl":"https:\/\/parqueriomartin.com\/wp-content\/uploads\/cabecera-pueblo-penarroyas-parque-cultural-rio-martin.webp","width":1920,"height":1440},{"@type":"BreadcrumbList","@id":"https:\/\/parqueriomartin.com\/fr\/pueblos\/penarroyas\/#breadcrumb","itemListElement":[{"@type":"ListItem","position":1,"name":"Portada","item":"https:\/\/parqueriomartin.com\/fr\/"},{"@type":"ListItem","position":2,"name":"Pe\u00f1arroyas"}]},{"@type":"WebSite","@id":"https:\/\/parqueriomartin.com\/fr\/#website","url":"https:\/\/parqueriomartin.com\/fr\/","name":"Parque Cultural del R\u00edo Mart\u00edn","description":"Conoce los pueblos, las rutas, los centros de interpretaci\u00f3n, las gentes... del Parque Cultural del R\u00edo Mart\u00edn","potentialAction":[{"@type":"SearchAction","target":{"@type":"EntryPoint","urlTemplate":"https:\/\/parqueriomartin.com\/fr\/?s={search_term_string}"},"query-input":"required name=search_term_string"}],"inLanguage":"fr-FR"}]}},"_links":{"self":[{"href":"https:\/\/parqueriomartin.com\/fr\/wp-json\/wp\/v2\/pueblos\/102651"}],"collection":[{"href":"https:\/\/parqueriomartin.com\/fr\/wp-json\/wp\/v2\/pueblos"}],"about":[{"href":"https:\/\/parqueriomartin.com\/fr\/wp-json\/wp\/v2\/types\/pueblos"}],"wp:featuredmedia":[{"embeddable":true,"href":"https:\/\/parqueriomartin.com\/fr\/wp-json\/wp\/v2\/media\/102197"}],"wp:attachment":[{"href":"https:\/\/parqueriomartin.com\/fr\/wp-json\/wp\/v2\/media?parent=102651"}],"wp:term":[{"taxonomy":"categorias_tipos","embeddable":true,"href":"https:\/\/parqueriomartin.com\/fr\/wp-json\/wp\/v2\/categorias_tipos?post=102651"}],"curies":[{"name":"wp","href":"https:\/\/api.w.org\/{rel}","templated":true}]}}