{"id":102652,"date":"2022-10-05T15:07:52","date_gmt":"2022-10-05T15:07:52","guid":{"rendered":"http:\/\/parqueculturalriomartin.com.mialias.net\/pueblos\/oliete\/"},"modified":"2023-03-13T15:48:33","modified_gmt":"2023-03-13T15:48:33","slug":"oliete","status":"publish","type":"pueblos","link":"https:\/\/parqueriomartin.com\/fr\/pueblos\/oliete\/","title":{"rendered":"Oliete"},"content":{"rendered":"<p>Oliete est situ\u00e9e sur une colline escarp\u00e9e, sur le versant nord de la cha\u00eene de montagnes Sancho Abarca, sur la rive droite de la rivi\u00e8re Mart\u00edn, ce qui donne \u00e0 ses rues une forte pente.<\/p>\n<p>Au 13\u00e8me si\u00e8cle, Oliete est apparu dans les mains de la famille Alag\u00f3n. En 1297, apr\u00e8s une p\u00e9riode pendant laquelle elle a appartenu \u00e0 la Couronne, Oliete a \u00e9t\u00e9 donn\u00e9e par le roi Jacques II \u00e0 son \u00e9cuyer Raimundo de Cardona. En 1333, la famille Sesse, Don Juan Galindez de Sesse, acquiert la seigneurie, ainsi qu&rsquo;Alcaine et d&rsquo;autres lieux de la r\u00e9gion. \u00c0 partir du XVe si\u00e8cle, le lieu est associ\u00e9 \u00e0 l&rsquo;h\u00e9ritage noble de la famille Bardax\u00ed, tout comme Alcaine, Ob\u00f3n et Alac\u00f3n. Les liens familiaux de cette famille relient la ville au domaine de la famille Berm\u00fadez de Castro (XVIIIe si\u00e8cle) et de la famille Rebolledo de Palafox jusqu&rsquo;au XVIIIe si\u00e8cle. XIX.<\/p>\n<p>Sa situation, qui permet de contr\u00f4ler l&rsquo;acc\u00e8s \u00e0 l&rsquo;int\u00e9rieur du pays par la vall\u00e9e de la rivi\u00e8re Mart\u00edn, et de garder le passage du d\u00e9troit d&rsquo;Alaska, a permis \u00e0 l&rsquo;Espagne d&rsquo;atteindre le niveau de la mer.  <strong>Grotte de Foradada<\/strong>o\u00f9 un  <strong>r\u00e9servoir<\/strong>  La grotte a \u00e9t\u00e9 construite au d\u00e9but du XXe si\u00e8cle et a pris le nom de la grotte, ce qui lui a permis de devenir un point fortifi\u00e9 dont on peut encore voir quelques rares vestiges de l&rsquo;ancien mur de mortier camoufl\u00e9 parmi les constructions et les b\u00e2timents.<\/p>\n<p>Cette situation privil\u00e9gi\u00e9e \u00e9tait d\u00e9j\u00e0 prise en compte \u00e0 l&rsquo;\u00e9poque ib\u00e9rique, comme en t\u00e9moignent les nombreux \u00e9tablissements qui ont \u00e9t\u00e9 d\u00e9couverts et qui montrent la n\u00e9cessit\u00e9 de fortifier et de contr\u00f4ler la vall\u00e9e. Le <strong>centre d&rsquo;interpr\u00e9tation de la culture ib\u00e9rique <\/strong>du parc culturel est situ\u00e9 dans les anciennes \u00e9coles.<\/p>\n<p>Les trois \u00e9l\u00e9ments les plus importants de cette enceinte fortifi\u00e9e dans la ville sont les suivants  Les <strong>portes d&rsquo;entr\u00e9e<\/strong> ont \u00e9t\u00e9 construites \u00e0 la fin du XVIIe si\u00e8cle ou au d\u00e9but du XVIIIe si\u00e8cle, comme la plupart des \u00e9difices religieux de la ville et selon les canons traditionnels de la r\u00e9gion,  <strong>trois chapelles ouvertes : celle de Santa Barbara \u00e0 l&rsquo;ouest, celle du Pilar au centre-nord et celle des Saints Martyrs (Saint Fabien et Saint S\u00e9bastien) \u00e0 l&rsquo;est.<\/strong><\/p>\n<p>Le tissu urbain s&rsquo;articule autour de trois axes principaux : la rue inf\u00e9rieure, qui longe le bord int\u00e9rieur de la ligne des murailles et suit le principal canal d&rsquo;irrigation du village, dont l&rsquo;origine remonte \u00e0 l&rsquo;\u00e9poque musulmane o\u00f9 ces terres \u00e9taient irrigu\u00e9es, et qui longe les trois arcs d&rsquo;acc\u00e8s \u00e0 l&rsquo;enceinte et leurs chapelles respectives, avec des fa\u00e7ades remarquables le long du chemin, des avant-toits baroques uniques et des galeries aragonaises.<\/p>\n<p>Le deuxi\u00e8me et principal axe est la Calle Mayor, une rue pav\u00e9e d&rsquo;une grande qualit\u00e9 urbaine qui, comme la pr\u00e9c\u00e9dente, part de la porte la plus \u00e0 l&rsquo;est et s&rsquo;\u00e9tend, en suivant la courbe de la colline et en adoucissant ainsi la pente, jusqu&rsquo;\u00e0 la place qui prend le nom de la ville.  L&rsquo;<strong>\u00e9glise de l&rsquo;Assomption de Notre-Dame<\/strong> date de la fin du XIXe si\u00e8cle. Elle poss\u00e8de un singulier <strong>clocher de tradition mud\u00e9jar <\/strong>en brique du XVIIe si\u00e8cle. XVIII. Sur cette place, nous trouvons le b\u00e2timent ancestral le plus remarquable du centre ville, un  <strong>manoir de la renaissance<\/strong>  (16\u00e8me si\u00e8cle) connu sous le nom de \u00ab\u00a0<strong>La maison des Donjuana<\/strong>\u00ab\u00a0Elle poss\u00e8de une belle porte semi-circulaire avec un blason sur le portail et une galerie allong\u00e9e d&rsquo;arcs en plein cintre sur une frise d\u00e9cor\u00e9e.<\/p>\n<p>Le troisi\u00e8me axe est constitu\u00e9 des rues de la partie sup\u00e9rieure du village, connue sous le nom de muraille, o\u00f9 se trouve l&rsquo;<strong>ermitage de San Bartolom\u00e9<\/strong>, qui a r\u00e9cemment \u00e9t\u00e9 mis en relation avec l&rsquo;ancienne synagogue, car il est situ\u00e9 \u00e0 l&rsquo;extr\u00e9mit\u00e9 de la zone de l&rsquo;ancien quartier juif.<\/p>\n<p>Une s\u00e9rie de rues \u00e9troites avec des ruelles et des passages couverts en pente raide traversent les axes d\u00e9crits ci-dessus, montant les marches sur lesquelles le tissu urbain s&rsquo;est construit sur la colline. Le c\u00f4t\u00e9 le plus escarp\u00e9 est le c\u00f4t\u00e9 ouest, o\u00f9 les maisons s&rsquo;adossent \u00e0 une pente rocheuse abrupte face \u00e0 la rivi\u00e8re et aux cultures mara\u00eech\u00e8res et o\u00f9 se trouvaient de nombreuses caves \u00e0 vin. Cette zone est connue sous le nom de transcastillo, o\u00f9 les b\u00e2timents les plus populaires sont regroup\u00e9s, donnant \u00e0 la ville une forme ovale. Cela a oblig\u00e9 la croissance de la structure urbaine \u00e0 se faire dans le secteur oriental, o\u00f9 le quartier hors des murs est connu sous le nom de \u00ab\u00a0arrabal\u00a0\u00bb de <em>ar-rabad<\/em>, la banlieue.<\/p>\n<p>\u00c0 l&rsquo;ext\u00e9rieur du centre ville, on trouve deux <strong>ermitages<\/strong>: le <strong>Santo Sepulcro<\/strong> -calvaire-, d&rsquo;o\u00f9 l&rsquo;on a une belle vue sur le village et la vall\u00e9e de la rivi\u00e8re Mart\u00edn, et l&rsquo;<strong>ermitage de la Virgen del Cantal<\/strong>, pr\u00e8s d&rsquo;une fontaine et flanqu\u00e9 d&rsquo;oliviers et de cypr\u00e8s centenaires.<\/p>\n","protected":false},"featured_media":102301,"template":"","categorias_tipos":[106],"acf":[],"yoast_head":"<!-- This site is optimized with the Yoast SEO plugin v22.5 - https:\/\/yoast.com\/wordpress\/plugins\/seo\/ -->\n<title>Oliete - Parque Cultural del R\u00edo Mart\u00edn<\/title>\n<meta name=\"robots\" content=\"index, follow, max-snippet:-1, max-image-preview:large, max-video-preview:-1\" \/>\n<link rel=\"canonical\" href=\"https:\/\/parqueriomartin.com\/fr\/pueblos\/oliete\/\" \/>\n<meta property=\"og:locale\" content=\"fr_FR\" \/>\n<meta property=\"og:type\" content=\"article\" \/>\n<meta property=\"og:title\" content=\"Oliete - Parque Cultural del R\u00edo Mart\u00edn\" \/>\n<meta property=\"og:description\" content=\"Oliete est situ\u00e9e sur une colline escarp\u00e9e, sur le versant nord de la cha\u00eene de montagnes Sancho Abarca, sur la rive droite de la rivi\u00e8re Mart\u00edn, ce qui donne \u00e0 ses rues une forte pente. Au 13\u00e8me si\u00e8cle, Oliete est apparu dans les mains de la famille Alag\u00f3n. En 1297, apr\u00e8s une p\u00e9riode pendant laquelle [&hellip;]\" \/>\n<meta property=\"og:url\" content=\"https:\/\/parqueriomartin.com\/fr\/pueblos\/oliete\/\" \/>\n<meta property=\"og:site_name\" content=\"Parque Cultural del R\u00edo Mart\u00edn\" \/>\n<meta property=\"article:modified_time\" content=\"2023-03-13T15:48:33+00:00\" \/>\n<meta property=\"og:image\" content=\"https:\/\/parqueriomartin.com\/wp-content\/uploads\/cabecera-pueblo-oliete-parque-cultural-rio-martin.webp\" \/>\n\t<meta property=\"og:image:width\" content=\"1920\" \/>\n\t<meta property=\"og:image:height\" content=\"1275\" \/>\n\t<meta property=\"og:image:type\" content=\"image\/webp\" \/>\n<meta name=\"twitter:card\" content=\"summary_large_image\" \/>\n<meta name=\"twitter:label1\" content=\"Dur\u00e9e de lecture estim\u00e9e\" \/>\n\t<meta name=\"twitter:data1\" content=\"4 minutes\" \/>\n<script type=\"application\/ld+json\" class=\"yoast-schema-graph\">{\"@context\":\"https:\/\/schema.org\",\"@graph\":[{\"@type\":\"WebPage\",\"@id\":\"https:\/\/parqueriomartin.com\/fr\/pueblos\/oliete\/\",\"url\":\"https:\/\/parqueriomartin.com\/fr\/pueblos\/oliete\/\",\"name\":\"Oliete - Parque Cultural del R\u00edo Mart\u00edn\",\"isPartOf\":{\"@id\":\"https:\/\/parqueriomartin.com\/fr\/#website\"},\"primaryImageOfPage\":{\"@id\":\"https:\/\/parqueriomartin.com\/fr\/pueblos\/oliete\/#primaryimage\"},\"image\":{\"@id\":\"https:\/\/parqueriomartin.com\/fr\/pueblos\/oliete\/#primaryimage\"},\"thumbnailUrl\":\"https:\/\/parqueriomartin.com\/wp-content\/uploads\/cabecera-pueblo-oliete-parque-cultural-rio-martin.webp\",\"datePublished\":\"2022-10-05T15:07:52+00:00\",\"dateModified\":\"2023-03-13T15:48:33+00:00\",\"breadcrumb\":{\"@id\":\"https:\/\/parqueriomartin.com\/fr\/pueblos\/oliete\/#breadcrumb\"},\"inLanguage\":\"fr-FR\",\"potentialAction\":[{\"@type\":\"ReadAction\",\"target\":[\"https:\/\/parqueriomartin.com\/fr\/pueblos\/oliete\/\"]}]},{\"@type\":\"ImageObject\",\"inLanguage\":\"fr-FR\",\"@id\":\"https:\/\/parqueriomartin.com\/fr\/pueblos\/oliete\/#primaryimage\",\"url\":\"https:\/\/parqueriomartin.com\/wp-content\/uploads\/cabecera-pueblo-oliete-parque-cultural-rio-martin.webp\",\"contentUrl\":\"https:\/\/parqueriomartin.com\/wp-content\/uploads\/cabecera-pueblo-oliete-parque-cultural-rio-martin.webp\",\"width\":1920,\"height\":1275},{\"@type\":\"BreadcrumbList\",\"@id\":\"https:\/\/parqueriomartin.com\/fr\/pueblos\/oliete\/#breadcrumb\",\"itemListElement\":[{\"@type\":\"ListItem\",\"position\":1,\"name\":\"Portada\",\"item\":\"https:\/\/parqueriomartin.com\/fr\/\"},{\"@type\":\"ListItem\",\"position\":2,\"name\":\"Oliete\"}]},{\"@type\":\"WebSite\",\"@id\":\"https:\/\/parqueriomartin.com\/fr\/#website\",\"url\":\"https:\/\/parqueriomartin.com\/fr\/\",\"name\":\"Parque Cultural del R\u00edo Mart\u00edn\",\"description\":\"Conoce los pueblos, las rutas, los centros de interpretaci\u00f3n, las gentes... del Parque Cultural del R\u00edo Mart\u00edn\",\"potentialAction\":[{\"@type\":\"SearchAction\",\"target\":{\"@type\":\"EntryPoint\",\"urlTemplate\":\"https:\/\/parqueriomartin.com\/fr\/?s={search_term_string}\"},\"query-input\":\"required name=search_term_string\"}],\"inLanguage\":\"fr-FR\"}]}<\/script>\n<!-- \/ Yoast SEO plugin. -->","yoast_head_json":{"title":"Oliete - Parque Cultural del R\u00edo Mart\u00edn","robots":{"index":"index","follow":"follow","max-snippet":"max-snippet:-1","max-image-preview":"max-image-preview:large","max-video-preview":"max-video-preview:-1"},"canonical":"https:\/\/parqueriomartin.com\/fr\/pueblos\/oliete\/","og_locale":"fr_FR","og_type":"article","og_title":"Oliete - Parque Cultural del R\u00edo Mart\u00edn","og_description":"Oliete est situ\u00e9e sur une colline escarp\u00e9e, sur le versant nord de la cha\u00eene de montagnes Sancho Abarca, sur la rive droite de la rivi\u00e8re Mart\u00edn, ce qui donne \u00e0 ses rues une forte pente. Au 13\u00e8me si\u00e8cle, Oliete est apparu dans les mains de la famille Alag\u00f3n. En 1297, apr\u00e8s une p\u00e9riode pendant laquelle [&hellip;]","og_url":"https:\/\/parqueriomartin.com\/fr\/pueblos\/oliete\/","og_site_name":"Parque Cultural del R\u00edo Mart\u00edn","article_modified_time":"2023-03-13T15:48:33+00:00","og_image":[{"width":1920,"height":1275,"url":"https:\/\/parqueriomartin.com\/wp-content\/uploads\/cabecera-pueblo-oliete-parque-cultural-rio-martin.webp","type":"image\/webp"}],"twitter_card":"summary_large_image","twitter_misc":{"Dur\u00e9e de lecture estim\u00e9e":"4 minutes"},"schema":{"@context":"https:\/\/schema.org","@graph":[{"@type":"WebPage","@id":"https:\/\/parqueriomartin.com\/fr\/pueblos\/oliete\/","url":"https:\/\/parqueriomartin.com\/fr\/pueblos\/oliete\/","name":"Oliete - Parque Cultural del R\u00edo Mart\u00edn","isPartOf":{"@id":"https:\/\/parqueriomartin.com\/fr\/#website"},"primaryImageOfPage":{"@id":"https:\/\/parqueriomartin.com\/fr\/pueblos\/oliete\/#primaryimage"},"image":{"@id":"https:\/\/parqueriomartin.com\/fr\/pueblos\/oliete\/#primaryimage"},"thumbnailUrl":"https:\/\/parqueriomartin.com\/wp-content\/uploads\/cabecera-pueblo-oliete-parque-cultural-rio-martin.webp","datePublished":"2022-10-05T15:07:52+00:00","dateModified":"2023-03-13T15:48:33+00:00","breadcrumb":{"@id":"https:\/\/parqueriomartin.com\/fr\/pueblos\/oliete\/#breadcrumb"},"inLanguage":"fr-FR","potentialAction":[{"@type":"ReadAction","target":["https:\/\/parqueriomartin.com\/fr\/pueblos\/oliete\/"]}]},{"@type":"ImageObject","inLanguage":"fr-FR","@id":"https:\/\/parqueriomartin.com\/fr\/pueblos\/oliete\/#primaryimage","url":"https:\/\/parqueriomartin.com\/wp-content\/uploads\/cabecera-pueblo-oliete-parque-cultural-rio-martin.webp","contentUrl":"https:\/\/parqueriomartin.com\/wp-content\/uploads\/cabecera-pueblo-oliete-parque-cultural-rio-martin.webp","width":1920,"height":1275},{"@type":"BreadcrumbList","@id":"https:\/\/parqueriomartin.com\/fr\/pueblos\/oliete\/#breadcrumb","itemListElement":[{"@type":"ListItem","position":1,"name":"Portada","item":"https:\/\/parqueriomartin.com\/fr\/"},{"@type":"ListItem","position":2,"name":"Oliete"}]},{"@type":"WebSite","@id":"https:\/\/parqueriomartin.com\/fr\/#website","url":"https:\/\/parqueriomartin.com\/fr\/","name":"Parque Cultural del R\u00edo Mart\u00edn","description":"Conoce los pueblos, las rutas, los centros de interpretaci\u00f3n, las gentes... del Parque Cultural del R\u00edo Mart\u00edn","potentialAction":[{"@type":"SearchAction","target":{"@type":"EntryPoint","urlTemplate":"https:\/\/parqueriomartin.com\/fr\/?s={search_term_string}"},"query-input":"required name=search_term_string"}],"inLanguage":"fr-FR"}]}},"_links":{"self":[{"href":"https:\/\/parqueriomartin.com\/fr\/wp-json\/wp\/v2\/pueblos\/102652"}],"collection":[{"href":"https:\/\/parqueriomartin.com\/fr\/wp-json\/wp\/v2\/pueblos"}],"about":[{"href":"https:\/\/parqueriomartin.com\/fr\/wp-json\/wp\/v2\/types\/pueblos"}],"wp:featuredmedia":[{"embeddable":true,"href":"https:\/\/parqueriomartin.com\/fr\/wp-json\/wp\/v2\/media\/102301"}],"wp:attachment":[{"href":"https:\/\/parqueriomartin.com\/fr\/wp-json\/wp\/v2\/media?parent=102652"}],"wp:term":[{"taxonomy":"categorias_tipos","embeddable":true,"href":"https:\/\/parqueriomartin.com\/fr\/wp-json\/wp\/v2\/categorias_tipos?post=102652"}],"curies":[{"name":"wp","href":"https:\/\/api.w.org\/{rel}","templated":true}]}}