{"id":102661,"date":"2022-10-05T15:19:54","date_gmt":"2022-10-05T15:19:54","guid":{"rendered":"http:\/\/parqueculturalriomartin.com.mialias.net\/pueblos\/arino\/"},"modified":"2022-11-15T20:17:01","modified_gmt":"2022-11-15T20:17:01","slug":"arino","status":"publish","type":"pueblos","link":"https:\/\/parqueriomartin.com\/fr\/pueblos\/arino\/","title":{"rendered":"Ari\u00f1o"},"content":{"rendered":"<p>Ari\u00f1o est situ\u00e9 \u00e0 l&rsquo;abri de la cha\u00eene de montagnes des Arcos, au confluent des rivi\u00e8res Mart\u00edn et Escuriza. Les pentes sur lesquelles il a pouss\u00e9 donnent aux rues menant \u00e0 la vieille ville une forte inclinaison. Elle met en contraste la <strong>vieille ville historique et le vieux village <\/strong>situ\u00e9s en haut du versant sud, sur le c\u00f4t\u00e9 ensoleill\u00e9 donnant sur la rivi\u00e8re Escuriza, avec le <strong>village minier<\/strong> moderne orient\u00e9 vers le nord et donnant sur la vall\u00e9e de la rivi\u00e8re Mart\u00edn.<\/p>\n<p>Ainsi, la grille urbaine r\u00e9guli\u00e8re qui caract\u00e9rise les constructions de logements des mineurs est couronn\u00e9e par des places semi-circulaires aux deux extr\u00e9mit\u00e9s, reli\u00e9es par la route locale. Au nord-est, le  <strong>Carr\u00e9 minier<\/strong>  et au sud-ouest le  <strong>Place du Mineur<\/strong>o\u00f9 un  <strong>ancien ch\u00e2teau minier<\/strong>  utilis\u00e9 dans les premi\u00e8res mines d&rsquo;Ari\u00f1o et qui a \u00e9t\u00e9 r\u00e9cemment r\u00e9cup\u00e9r\u00e9 pour l&rsquo;exposition et la d\u00e9coration de cette place, se distinguant par sa hauteur des constructions environnantes, comme l&rsquo;ancien \u00e9conomat aujourd&rsquo;hui converti en salle de spectacle.  <strong>Mus\u00e9e minier \u00ab\u00a0Pozo Corral Negro\u00a0\u00bb.<\/strong>  et les anciens bureaux de la soci\u00e9t\u00e9 mini\u00e8re SAMCA. Sur une terrasse, \u00e0 flanc de coteau et au pied de la Sierra de Arcos, sur le versant de la rivi\u00e8re Escuriza, une ancienne \u00e9cole construite par la compagnie mini\u00e8re \u00c1ngel Luengo, plus tard SAMCA, pour les enfants de mineurs, a \u00e9t\u00e9 adapt\u00e9e pour  <strong>Centre d&rsquo;interpr\u00e9tation de l&rsquo;art rupestre \u00ab\u00a0Antonio Beltr\u00e1n\u00a0\u00bb.<\/strong>  et si\u00e8ge du parc culturel de la rivi\u00e8re Mart\u00edn.<\/p>\n<p>En contraste avec la modernit\u00e9 de cette zone, nous trouvons le noyau urbain primitif, qui s&rsquo;est d\u00e9velopp\u00e9 au sommet de la colline et autour de celle-ci, qui a d\u00fb \u00eatre choisie pour la grande visibilit\u00e9 qu&rsquo;elle offre et sa protection facile, contr\u00f4lant les acc\u00e8s \u00e0 la fois par la vall\u00e9e des rivi\u00e8res Mart\u00edn et Escuriza, et qui abritait probablement un ancien \u00e9tablissement fortifi\u00e9 qui a donn\u00e9 naissance \u00e0 la ville.<\/p>\n<p>Ces deux zones sont reli\u00e9es par une longue pente raide &#8211; la rue Teruel &#8211; qui remonte transversalement le versant de la colline jusqu&rsquo;\u00e0 atteindre une place sur laquelle il y avait autrefois un arc, ancienne porte de l&rsquo;enceinte primitive, dont il ne reste aujourd&rsquo;hui aucun vestige, L&rsquo;arc \u00e9tait autrefois la porte de l&rsquo;enceinte primitive, dont il ne reste aujourd&rsquo;hui aucun vestige, \u00e0 l&rsquo;exception de quelques photographies qui nous rappellent son emplacement, et qui nous montrent qu&rsquo;une chapelle a \u00e9t\u00e9 ajout\u00e9e \u00e0 l&rsquo;arc, d\u00e9di\u00e9e aux saints martyrs Saint Fabien et Saint S\u00e9bastien, suivant la structure et l&rsquo;esth\u00e9tique des mod\u00e8les de la r\u00e9gion, et une petite niche ouverte dans la fa\u00e7ade de l&rsquo;une des maisons qui abrite aujourd&rsquo;hui les saints, nous rappelant leur ancien emplacement.<\/p>\n<p>Les principaux services de la ville (bars, pharmacie et quelques magasins) sont concentr\u00e9s sur cette place, \u00e0 la jonction des deux villages. \u00c0 partir de l\u00e0, le noyau urbain primitif se d\u00e9ploie, s&rsquo;adaptant aux douces irr\u00e9gularit\u00e9s de la colline qui le soutient et qui donne \u00e0 ses rues des pentes douces.<\/p>\n<p>Les maisons ont g\u00e9n\u00e9ralement trois \u00e9tages et il existe une vieille maison ancestrale pr\u00e8s de la place principale o\u00f9 se trouve la mairie, dans laquelle se d\u00e9tache une galerie traditionnelle aragonaise en briques.<\/p>\n<p>Sur la colline, on conserve l&rsquo;ancienne porte en arc de cercle du c\u00e9l\u00e8bre <strong>ermitage du Pilar<\/strong>, avec une moulure sculpt\u00e9e de pointes de diamant, qui semble remonter au XIIe si\u00e8cle, ainsi que d&rsquo;autres vestiges constructifs, provenant probablement de l&rsquo;ancien ch\u00e2teau. On sait que les temples d\u00e9di\u00e9s \u00e0 la Vierge du Pilar sont li\u00e9s au passage des p\u00e8lerins dans la ville. Agust\u00edn Ubieto place Ari\u00f1o sur la route Calatravan de Daroca \u00e0 Calanda.<\/p>\n<p>Au sud-est de cet ermitage se trouve l&rsquo;<strong>\u00e9glise de San Salvador<\/strong>, un temple baroque du XVIIIe si\u00e8cle, construit en ma\u00e7onnerie et en pierre de taille. Le plan est compos\u00e9 de trois nefs, avec des chapelles sur les c\u00f4t\u00e9s. Le <strong>s\u00e9pulcre<\/strong> construit dans la chapelle d\u00e9di\u00e9e \u00e0 la Virgen del Carmen se distingue par son caract\u00e8re unique. La croix sculpt\u00e9e sur le c\u00f4t\u00e9 longitudinal de la tombe correspond \u00e0 la croix des Calatravos, dont l&rsquo;ordre a jou\u00e9 un r\u00f4le important dans la reconqu\u00eate du Bas-Aragon, ayant le si\u00e8ge de la commanderie dans le ch\u00e2teau d&rsquo;Alca\u00f1iz depuis le XIIe si\u00e8cle, et que nous devons mettre en relation avec le chemin de p\u00e8lerinage indiqu\u00e9. L&rsquo;avant de l&rsquo;\u00e9glise est encadr\u00e9 par une fa\u00e7ade en pierre de taille qui abrite une niche unique.<\/p>\n<p>La tour se d\u00e9tache du centre urbain gr\u00e2ce \u00e0 ses quatre corps, les sup\u00e9rieurs octogonaux, qui, sur un entablement circulaire, lui donnent son aspect cylindrique unique, particuli\u00e8rement frappant en raison de sa forte inclinaison.<\/p>\n<p>Sur l&rsquo;autre sommet de la colline se trouve aujourd&rsquo;hui l&rsquo;<strong>ermitage de Santa B\u00e1rbara<\/strong>, enti\u00e8rement restaur\u00e9, qui se d\u00e9tache du reste du village minier dont il est le saint patron et auquel il offre protection et abri.<\/p>\n","protected":false},"featured_media":102325,"template":"","categorias_tipos":[106],"acf":[],"yoast_head":"<!-- This site is optimized with the Yoast SEO plugin v22.5 - https:\/\/yoast.com\/wordpress\/plugins\/seo\/ -->\n<title>Ari\u00f1o - Parque Cultural del R\u00edo Mart\u00edn<\/title>\n<meta name=\"robots\" content=\"index, follow, max-snippet:-1, max-image-preview:large, max-video-preview:-1\" \/>\n<link rel=\"canonical\" href=\"https:\/\/parqueriomartin.com\/fr\/pueblos\/arino\/\" \/>\n<meta property=\"og:locale\" content=\"fr_FR\" \/>\n<meta property=\"og:type\" content=\"article\" \/>\n<meta property=\"og:title\" content=\"Ari\u00f1o - Parque Cultural del R\u00edo Mart\u00edn\" \/>\n<meta property=\"og:description\" content=\"Ari\u00f1o est situ\u00e9 \u00e0 l&rsquo;abri de la cha\u00eene de montagnes des Arcos, au confluent des rivi\u00e8res Mart\u00edn et Escuriza. Les pentes sur lesquelles il a pouss\u00e9 donnent aux rues menant \u00e0 la vieille ville une forte inclinaison. Elle met en contraste la vieille ville historique et le vieux village situ\u00e9s en haut du versant sud, [&hellip;]\" \/>\n<meta property=\"og:url\" content=\"https:\/\/parqueriomartin.com\/fr\/pueblos\/arino\/\" \/>\n<meta property=\"og:site_name\" content=\"Parque Cultural del R\u00edo Mart\u00edn\" \/>\n<meta property=\"article:modified_time\" content=\"2022-11-15T20:17:01+00:00\" \/>\n<meta property=\"og:image\" content=\"https:\/\/parqueriomartin.com\/wp-content\/uploads\/cabecera-pueblo-arino-parque-cultural-rio-martin.webp\" \/>\n\t<meta property=\"og:image:width\" content=\"1920\" \/>\n\t<meta property=\"og:image:height\" content=\"1285\" \/>\n\t<meta property=\"og:image:type\" content=\"image\/webp\" \/>\n<meta name=\"twitter:card\" content=\"summary_large_image\" \/>\n<meta name=\"twitter:label1\" content=\"Dur\u00e9e de lecture estim\u00e9e\" \/>\n\t<meta name=\"twitter:data1\" content=\"4 minutes\" \/>\n<script type=\"application\/ld+json\" class=\"yoast-schema-graph\">{\"@context\":\"https:\/\/schema.org\",\"@graph\":[{\"@type\":\"WebPage\",\"@id\":\"https:\/\/parqueriomartin.com\/fr\/pueblos\/arino\/\",\"url\":\"https:\/\/parqueriomartin.com\/fr\/pueblos\/arino\/\",\"name\":\"Ari\u00f1o - Parque Cultural del R\u00edo Mart\u00edn\",\"isPartOf\":{\"@id\":\"https:\/\/parqueriomartin.com\/fr\/#website\"},\"primaryImageOfPage\":{\"@id\":\"https:\/\/parqueriomartin.com\/fr\/pueblos\/arino\/#primaryimage\"},\"image\":{\"@id\":\"https:\/\/parqueriomartin.com\/fr\/pueblos\/arino\/#primaryimage\"},\"thumbnailUrl\":\"https:\/\/parqueriomartin.com\/wp-content\/uploads\/cabecera-pueblo-arino-parque-cultural-rio-martin.webp\",\"datePublished\":\"2022-10-05T15:19:54+00:00\",\"dateModified\":\"2022-11-15T20:17:01+00:00\",\"breadcrumb\":{\"@id\":\"https:\/\/parqueriomartin.com\/fr\/pueblos\/arino\/#breadcrumb\"},\"inLanguage\":\"fr-FR\",\"potentialAction\":[{\"@type\":\"ReadAction\",\"target\":[\"https:\/\/parqueriomartin.com\/fr\/pueblos\/arino\/\"]}]},{\"@type\":\"ImageObject\",\"inLanguage\":\"fr-FR\",\"@id\":\"https:\/\/parqueriomartin.com\/fr\/pueblos\/arino\/#primaryimage\",\"url\":\"https:\/\/parqueriomartin.com\/wp-content\/uploads\/cabecera-pueblo-arino-parque-cultural-rio-martin.webp\",\"contentUrl\":\"https:\/\/parqueriomartin.com\/wp-content\/uploads\/cabecera-pueblo-arino-parque-cultural-rio-martin.webp\",\"width\":1920,\"height\":1285},{\"@type\":\"BreadcrumbList\",\"@id\":\"https:\/\/parqueriomartin.com\/fr\/pueblos\/arino\/#breadcrumb\",\"itemListElement\":[{\"@type\":\"ListItem\",\"position\":1,\"name\":\"Portada\",\"item\":\"https:\/\/parqueriomartin.com\/fr\/\"},{\"@type\":\"ListItem\",\"position\":2,\"name\":\"Ari\u00f1o\"}]},{\"@type\":\"WebSite\",\"@id\":\"https:\/\/parqueriomartin.com\/fr\/#website\",\"url\":\"https:\/\/parqueriomartin.com\/fr\/\",\"name\":\"Parque Cultural del R\u00edo Mart\u00edn\",\"description\":\"Conoce los pueblos, las rutas, los centros de interpretaci\u00f3n, las gentes... del Parque Cultural del R\u00edo Mart\u00edn\",\"potentialAction\":[{\"@type\":\"SearchAction\",\"target\":{\"@type\":\"EntryPoint\",\"urlTemplate\":\"https:\/\/parqueriomartin.com\/fr\/?s={search_term_string}\"},\"query-input\":\"required name=search_term_string\"}],\"inLanguage\":\"fr-FR\"}]}<\/script>\n<!-- \/ Yoast SEO plugin. -->","yoast_head_json":{"title":"Ari\u00f1o - Parque Cultural del R\u00edo Mart\u00edn","robots":{"index":"index","follow":"follow","max-snippet":"max-snippet:-1","max-image-preview":"max-image-preview:large","max-video-preview":"max-video-preview:-1"},"canonical":"https:\/\/parqueriomartin.com\/fr\/pueblos\/arino\/","og_locale":"fr_FR","og_type":"article","og_title":"Ari\u00f1o - Parque Cultural del R\u00edo Mart\u00edn","og_description":"Ari\u00f1o est situ\u00e9 \u00e0 l&rsquo;abri de la cha\u00eene de montagnes des Arcos, au confluent des rivi\u00e8res Mart\u00edn et Escuriza. Les pentes sur lesquelles il a pouss\u00e9 donnent aux rues menant \u00e0 la vieille ville une forte inclinaison. Elle met en contraste la vieille ville historique et le vieux village situ\u00e9s en haut du versant sud, [&hellip;]","og_url":"https:\/\/parqueriomartin.com\/fr\/pueblos\/arino\/","og_site_name":"Parque Cultural del R\u00edo Mart\u00edn","article_modified_time":"2022-11-15T20:17:01+00:00","og_image":[{"width":1920,"height":1285,"url":"https:\/\/parqueriomartin.com\/wp-content\/uploads\/cabecera-pueblo-arino-parque-cultural-rio-martin.webp","type":"image\/webp"}],"twitter_card":"summary_large_image","twitter_misc":{"Dur\u00e9e de lecture estim\u00e9e":"4 minutes"},"schema":{"@context":"https:\/\/schema.org","@graph":[{"@type":"WebPage","@id":"https:\/\/parqueriomartin.com\/fr\/pueblos\/arino\/","url":"https:\/\/parqueriomartin.com\/fr\/pueblos\/arino\/","name":"Ari\u00f1o - Parque Cultural del R\u00edo Mart\u00edn","isPartOf":{"@id":"https:\/\/parqueriomartin.com\/fr\/#website"},"primaryImageOfPage":{"@id":"https:\/\/parqueriomartin.com\/fr\/pueblos\/arino\/#primaryimage"},"image":{"@id":"https:\/\/parqueriomartin.com\/fr\/pueblos\/arino\/#primaryimage"},"thumbnailUrl":"https:\/\/parqueriomartin.com\/wp-content\/uploads\/cabecera-pueblo-arino-parque-cultural-rio-martin.webp","datePublished":"2022-10-05T15:19:54+00:00","dateModified":"2022-11-15T20:17:01+00:00","breadcrumb":{"@id":"https:\/\/parqueriomartin.com\/fr\/pueblos\/arino\/#breadcrumb"},"inLanguage":"fr-FR","potentialAction":[{"@type":"ReadAction","target":["https:\/\/parqueriomartin.com\/fr\/pueblos\/arino\/"]}]},{"@type":"ImageObject","inLanguage":"fr-FR","@id":"https:\/\/parqueriomartin.com\/fr\/pueblos\/arino\/#primaryimage","url":"https:\/\/parqueriomartin.com\/wp-content\/uploads\/cabecera-pueblo-arino-parque-cultural-rio-martin.webp","contentUrl":"https:\/\/parqueriomartin.com\/wp-content\/uploads\/cabecera-pueblo-arino-parque-cultural-rio-martin.webp","width":1920,"height":1285},{"@type":"BreadcrumbList","@id":"https:\/\/parqueriomartin.com\/fr\/pueblos\/arino\/#breadcrumb","itemListElement":[{"@type":"ListItem","position":1,"name":"Portada","item":"https:\/\/parqueriomartin.com\/fr\/"},{"@type":"ListItem","position":2,"name":"Ari\u00f1o"}]},{"@type":"WebSite","@id":"https:\/\/parqueriomartin.com\/fr\/#website","url":"https:\/\/parqueriomartin.com\/fr\/","name":"Parque Cultural del R\u00edo Mart\u00edn","description":"Conoce los pueblos, las rutas, los centros de interpretaci\u00f3n, las gentes... del Parque Cultural del R\u00edo Mart\u00edn","potentialAction":[{"@type":"SearchAction","target":{"@type":"EntryPoint","urlTemplate":"https:\/\/parqueriomartin.com\/fr\/?s={search_term_string}"},"query-input":"required name=search_term_string"}],"inLanguage":"fr-FR"}]}},"_links":{"self":[{"href":"https:\/\/parqueriomartin.com\/fr\/wp-json\/wp\/v2\/pueblos\/102661"}],"collection":[{"href":"https:\/\/parqueriomartin.com\/fr\/wp-json\/wp\/v2\/pueblos"}],"about":[{"href":"https:\/\/parqueriomartin.com\/fr\/wp-json\/wp\/v2\/types\/pueblos"}],"wp:featuredmedia":[{"embeddable":true,"href":"https:\/\/parqueriomartin.com\/fr\/wp-json\/wp\/v2\/media\/102325"}],"wp:attachment":[{"href":"https:\/\/parqueriomartin.com\/fr\/wp-json\/wp\/v2\/media?parent=102661"}],"wp:term":[{"taxonomy":"categorias_tipos","embeddable":true,"href":"https:\/\/parqueriomartin.com\/fr\/wp-json\/wp\/v2\/categorias_tipos?post=102661"}],"curies":[{"name":"wp","href":"https:\/\/api.w.org\/{rel}","templated":true}]}}