{"id":102663,"date":"2022-10-04T11:19:22","date_gmt":"2022-10-04T11:19:22","guid":{"rendered":"http:\/\/parqueculturalriomartin.com.mialias.net\/pueblos\/montalban\/"},"modified":"2023-11-11T14:27:31","modified_gmt":"2023-11-11T14:27:31","slug":"montalban","status":"publish","type":"pueblos","link":"https:\/\/parqueriomartin.com\/fr\/pueblos\/montalban\/","title":{"rendered":"Montalb\u00e1n"},"content":{"rendered":"<p>La ville de <strong>Montalb\u00e1n<\/strong> borde au sud le parc culturel de la rivi\u00e8re Mart\u00edn. Situ\u00e9e dans la Cuenca Minera Central, elle appara\u00eet en 1189 entre les mains des Azagra de Albarrac\u00edn, puis devient le si\u00e8ge de la Commanderie de l&rsquo;Ordre de Santiago de la Couronne d&rsquo;Aragon, qui s&rsquo;est constitu\u00e9e au XIIIe si\u00e8cle &#8211; Pierre II a donn\u00e9 la ville \u00e0 l&rsquo;Ordre militaire de Santiago en 1210 &#8211; et avait juridiction sur les territoires environnants d&rsquo;Utrillas, Castel de Cabra, Palomar de Arroyos, Torre de las Arcas et Pe\u00f1arroyas.<\/p>\n<p>La localit\u00e9 est \u00e9galement mentionn\u00e9e dans le Cantar de Mio Cid lorsqu&rsquo;il d\u00e9crit ses aventures dans la vall\u00e9e de la rivi\u00e8re Mart\u00edn \u00ab\u00a0&#8230;\u00a0\u00bb.<em>Les (Val) de la rivi\u00e8re Mart\u00edn se sont tous rendus \u00e0 Paria<\/em>\u00ab\u00a0citant cette localit\u00e9 au verset 1089 \u00ab\u00a0<em>e dexado a Huesa e tierras de Mont Alvan \/ Contra la mar salada conpe\u00e7o de guerar<\/em>\u00ab\u00a0. Du fait de son passage, la toponymie peut \u00eatre \u00e9clairante, les environs du ravin de l&rsquo;Infierno \u00e9tant connus sous le nom de Pe\u00f1a del Cid et de ravin de la Pe\u00f1a del Cid.<\/p>\n<p>D&rsquo;importants vestiges de l&rsquo;<strong>enceinte fortifi\u00e9e<\/strong> qui s&rsquo;\u00e9tendait le long de la rive gauche de la rivi\u00e8re Mart\u00edn sont encore conserv\u00e9s, certains d&rsquo;entre eux \u00e9tant camoufl\u00e9s parmi les constructions des b\u00e2timents. A l&rsquo;int\u00e9rieur de l&rsquo;enceinte, deux escarpements rocheux contr\u00f4lent les acc\u00e8s \u00e0 la vall\u00e9e et ont sans doute jou\u00e9 un r\u00f4le majeur \u00e0 l&rsquo;\u00e9poque m\u00e9di\u00e9vale, d&rsquo;apr\u00e8s les vestiges trouv\u00e9s dans le plus oriental des deux, o\u00f9 le \u00ab\u00a0.<strong>Ch\u00e2teau\u00a0\u00bb  <\/strong>La ville gardait et contr\u00f4lait l&rsquo;acc\u00e8s \u00e0 l&rsquo;int\u00e9rieur des terres par la vall\u00e9e de la rivi\u00e8re Mart\u00edn. Les vestiges de ce ch\u00e2teau sont encore visibles dans des constructions en ma\u00e7onnerie de pierre de taille camoufl\u00e9es parmi les escarpements que l&rsquo;on appelle aujourd&rsquo;hui \u00ab\u00a0las pe\u00f1icas\u00a0\u00bb. Depuis l&rsquo;autre \u00e9l\u00e9vation -era de la Cruz-, on peut voir et contr\u00f4ler l&rsquo;acc\u00e8s par le ravin de la rambla, d&rsquo;o\u00f9 l&rsquo;on peut profiter d&rsquo;une bonne vue partielle de la ville, avec l&rsquo;image de l&rsquo;\u00e9glise \u00e9mergeant au-dessus des toits du village.<\/p>\n<p>Le p\u00e9rim\u00e8tre du mur s&rsquo;adapte strat\u00e9giquement aux deux \u00e9l\u00e9vations. \u00c0 l&rsquo;ouest, nous trouvons le<strong>\u00ab\u00a0portail de Daroca\u00a0\u00bb,<\/strong> avec un portique de bonne ma\u00e7onnerie, sur lequel repose un cube de la muraille et une tour dont l&rsquo;int\u00e9rieur servait de prison \u00e0 la ville et qui lui a \u00e9galement donn\u00e9 le nom de \u00ab\u00a0Torre\u00f3n de la C\u00e1rcel\u00a0\u00bb (Tour de la prison). D&rsquo;ici, l&rsquo;axe principal de la ville, initialement appel\u00e9 Calle de Daroca, est droit, \u00e9troit et urbain, avec des <strong>b\u00e2timents ancestraux<\/strong> donnant un caract\u00e8re majestueux \u00e0 l&rsquo;espace. Depuis cette rue et en direction du nord, deux <strong>petites places<\/strong> s&rsquo;ouvrent et des passages couverts ou des ruelles se cr\u00e9ent \u00e0 droite<strong> (le quartier juif) et <\/strong>\u00e0 gauche, d&rsquo;autres qui montent vers l&rsquo;\u00e9l\u00e9vation de l&rsquo;Era de la Cruz.<\/p>\n<p>La rue Daroca se termine \u00e0 la Plaza Carlos Castel -o\u00f9 se trouve l&rsquo;h\u00f4tel de ville-. Sur cette place se trouve l&rsquo;\u00e9difice le plus remarquable de la ville, qui se distingue par son volume et sa majest\u00e9 \u00e9crasante : l&rsquo;<strong> \u00e9glise de Santiago,<\/strong> consid\u00e9r\u00e9e comme l&rsquo;un des \u00e9difices les plus remarquables d&rsquo;Aragon, un joyau du style gothique-mud\u00e9jar de Teruel, construit au cours des XIIIe et XIVe si\u00e8cles. Le temple, d\u00e9di\u00e9 \u00e0 Santa Mar\u00eda et \u00e0 l&rsquo;ap\u00f4tre Santiago el Mayor, a \u00e9t\u00e9 construit sur un impressionnant mur de pierres de taille bien travaill\u00e9es, ce qui lui donne un air de force gr\u00e2ce \u00e0 sa sobri\u00e9t\u00e9 et \u00e0 son volume. Les parties sup\u00e9rieures de l&rsquo;\u00e9glise et de la tour sont r\u00e9alis\u00e9es en briques soigneusement orn\u00e9es d&rsquo;incrustations color\u00e9es en terre cuite verniss\u00e9e, ce qui ajoute et diversifie la vari\u00e9t\u00e9 chromatique offerte par l&rsquo;\u00e9glise dans son ensemble, un bel exemple d&rsquo;architecture m\u00e9di\u00e9vale aragonaise. Les contreforts qui entourent l&rsquo;\u00e9difice sont carr\u00e9s, adoptant une forme polygonale dans l&rsquo;abside. L&rsquo;int\u00e9rieur de l&rsquo;\u00e9glise \u00e0 nef unique est l&rsquo;un des plus larges d&rsquo;Espagne. Elle pr\u00e9sente un plan basilical, avec une abside heptagonale \u00e0 l&rsquo;extr\u00e9mit\u00e9 est, tandis que le clocher s&rsquo;\u00e9l\u00e8ve sur le c\u00f4t\u00e9 oppos\u00e9. Un mur de briques entoure la nef de la basilique. Deux portes gothiques monumentales, fortement \u00e9vas\u00e9es, avec des archivoltes en arc bris\u00e9, permettent d&rsquo;acc\u00e9der \u00e0 la nef des deux c\u00f4t\u00e9s de l&rsquo;\u00e9difice.<\/p>\n<p><iframe loading=\"lazy\" src=\"https:\/\/my.matterport.com\/show\/?m=7DgmGgZH8Cc\" width=\"853\" height=\"480\" frameborder=\"0\" allowfullscreen=\"allowfullscreen\"><\/iframe><\/p>\n<p>\u00c0 l&rsquo;est, l&rsquo;axe principal s&rsquo;\u00e9tend de la place \u00e0 la rue Santa Engracia, d&rsquo;o\u00f9 partent des rues \u00e9troites dans les deux sens, montrant un quartier plus populaire. Au nord, s&rsquo;ouvre le<strong>\u00ab\u00a0Portal de la Rambla\u00a0\u00bb<\/strong>. Au bout de la rue se trouve le<strong>\u00ab\u00a0portal de Santa Engracia\u00a0\u00bb ou \u00ab\u00a0arco del Muro\u00a0\u00bb (arc de la muraille),<\/strong> qui marquait le chemin vers l&rsquo;ermitage du m\u00eame nom, aujourd&rsquo;hui en ruines, qui m\u00e8ne au lit du ravin de la Muela et rejoint le chemin d&rsquo;acc\u00e8s local \u00e0 Pe\u00f1arroyas.<\/p>\n<p>Les manoirs, les blasons sur les porches, les passages, les planchers en porte-\u00e0-faux, les ruelles couvertes, les points de vue, nous rappellent son riche pass\u00e9 m\u00e9di\u00e9val en tant que chef historique de la r\u00e9gion, enrichi par les conduits souterrains qui la traversent et qui sont d&rsquo;anciens et spectaculaires canaux de drainage connus sous le nom de \u00ab\u00a0.<strong>el ca\u00f1o de la villa<\/strong>\u00ab\u00a0.<\/p>\n<p>R\u00e9cemment, sous l&rsquo;\u00e9glise, on a d\u00e9couvert une grande cavit\u00e9 artificielle qui, apr\u00e8s nettoyage, s&rsquo;est r\u00e9v\u00e9l\u00e9e \u00eatre une <strong>grande cave<\/strong>, datant probablement du XVIIe si\u00e8cle, et qui abrite aujourd&rsquo;hui le <strong>centre d&rsquo;interpr\u00e9tation de la g\u00e9ologie et de la sp\u00e9l\u00e9ologie<\/strong> du parc culturel de la rivi\u00e8re Mart\u00edn. Pr\u00e8s du cimeti\u00e8re, sur la rive droite de la rivi\u00e8re Mart\u00edn, se trouve la <strong>glaci\u00e8re<\/strong> r\u00e9cemment consolid\u00e9e et restaur\u00e9e.<\/p>\n","protected":false},"featured_media":102175,"template":"","categorias_tipos":[106],"acf":[],"yoast_head":"<!-- This site is optimized with the Yoast SEO plugin v22.5 - https:\/\/yoast.com\/wordpress\/plugins\/seo\/ -->\n<title>Montalb\u00e1n - Parque Cultural del R\u00edo Mart\u00edn<\/title>\n<meta name=\"robots\" content=\"index, follow, max-snippet:-1, max-image-preview:large, max-video-preview:-1\" \/>\n<link rel=\"canonical\" href=\"https:\/\/parqueriomartin.com\/fr\/pueblos\/montalban\/\" \/>\n<meta property=\"og:locale\" content=\"fr_FR\" \/>\n<meta property=\"og:type\" content=\"article\" \/>\n<meta property=\"og:title\" content=\"Montalb\u00e1n - Parque Cultural del R\u00edo Mart\u00edn\" \/>\n<meta property=\"og:description\" content=\"La ville de Montalb\u00e1n borde au sud le parc culturel de la rivi\u00e8re Mart\u00edn. Situ\u00e9e dans la Cuenca Minera Central, elle appara\u00eet en 1189 entre les mains des Azagra de Albarrac\u00edn, puis devient le si\u00e8ge de la Commanderie de l&rsquo;Ordre de Santiago de la Couronne d&rsquo;Aragon, qui s&rsquo;est constitu\u00e9e au XIIIe si\u00e8cle &#8211; Pierre II [&hellip;]\" \/>\n<meta property=\"og:url\" content=\"https:\/\/parqueriomartin.com\/fr\/pueblos\/montalban\/\" \/>\n<meta property=\"og:site_name\" content=\"Parque Cultural del R\u00edo Mart\u00edn\" \/>\n<meta property=\"article:modified_time\" content=\"2023-11-11T14:27:31+00:00\" \/>\n<meta property=\"og:image\" content=\"https:\/\/parqueriomartin.com\/wp-content\/uploads\/cabecera-pueblo-montalban-parque-cultural-rio-martin.webp\" \/>\n\t<meta property=\"og:image:width\" content=\"1920\" \/>\n\t<meta property=\"og:image:height\" content=\"1440\" \/>\n\t<meta property=\"og:image:type\" content=\"image\/webp\" \/>\n<meta name=\"twitter:card\" content=\"summary_large_image\" \/>\n<meta name=\"twitter:label1\" content=\"Dur\u00e9e de lecture estim\u00e9e\" \/>\n\t<meta name=\"twitter:data1\" content=\"5 minutes\" \/>\n<script type=\"application\/ld+json\" class=\"yoast-schema-graph\">{\"@context\":\"https:\/\/schema.org\",\"@graph\":[{\"@type\":\"WebPage\",\"@id\":\"https:\/\/parqueriomartin.com\/fr\/pueblos\/montalban\/\",\"url\":\"https:\/\/parqueriomartin.com\/fr\/pueblos\/montalban\/\",\"name\":\"Montalb\u00e1n - Parque Cultural del R\u00edo Mart\u00edn\",\"isPartOf\":{\"@id\":\"https:\/\/parqueriomartin.com\/fr\/#website\"},\"primaryImageOfPage\":{\"@id\":\"https:\/\/parqueriomartin.com\/fr\/pueblos\/montalban\/#primaryimage\"},\"image\":{\"@id\":\"https:\/\/parqueriomartin.com\/fr\/pueblos\/montalban\/#primaryimage\"},\"thumbnailUrl\":\"https:\/\/parqueriomartin.com\/wp-content\/uploads\/cabecera-pueblo-montalban-parque-cultural-rio-martin.webp\",\"datePublished\":\"2022-10-04T11:19:22+00:00\",\"dateModified\":\"2023-11-11T14:27:31+00:00\",\"breadcrumb\":{\"@id\":\"https:\/\/parqueriomartin.com\/fr\/pueblos\/montalban\/#breadcrumb\"},\"inLanguage\":\"fr-FR\",\"potentialAction\":[{\"@type\":\"ReadAction\",\"target\":[\"https:\/\/parqueriomartin.com\/fr\/pueblos\/montalban\/\"]}]},{\"@type\":\"ImageObject\",\"inLanguage\":\"fr-FR\",\"@id\":\"https:\/\/parqueriomartin.com\/fr\/pueblos\/montalban\/#primaryimage\",\"url\":\"https:\/\/parqueriomartin.com\/wp-content\/uploads\/cabecera-pueblo-montalban-parque-cultural-rio-martin.webp\",\"contentUrl\":\"https:\/\/parqueriomartin.com\/wp-content\/uploads\/cabecera-pueblo-montalban-parque-cultural-rio-martin.webp\",\"width\":1920,\"height\":1440},{\"@type\":\"BreadcrumbList\",\"@id\":\"https:\/\/parqueriomartin.com\/fr\/pueblos\/montalban\/#breadcrumb\",\"itemListElement\":[{\"@type\":\"ListItem\",\"position\":1,\"name\":\"Portada\",\"item\":\"https:\/\/parqueriomartin.com\/fr\/\"},{\"@type\":\"ListItem\",\"position\":2,\"name\":\"Montalb\u00e1n\"}]},{\"@type\":\"WebSite\",\"@id\":\"https:\/\/parqueriomartin.com\/fr\/#website\",\"url\":\"https:\/\/parqueriomartin.com\/fr\/\",\"name\":\"Parque Cultural del R\u00edo Mart\u00edn\",\"description\":\"Conoce los pueblos, las rutas, los centros de interpretaci\u00f3n, las gentes... del Parque Cultural del R\u00edo Mart\u00edn\",\"potentialAction\":[{\"@type\":\"SearchAction\",\"target\":{\"@type\":\"EntryPoint\",\"urlTemplate\":\"https:\/\/parqueriomartin.com\/fr\/?s={search_term_string}\"},\"query-input\":\"required name=search_term_string\"}],\"inLanguage\":\"fr-FR\"}]}<\/script>\n<!-- \/ Yoast SEO plugin. -->","yoast_head_json":{"title":"Montalb\u00e1n - Parque Cultural del R\u00edo Mart\u00edn","robots":{"index":"index","follow":"follow","max-snippet":"max-snippet:-1","max-image-preview":"max-image-preview:large","max-video-preview":"max-video-preview:-1"},"canonical":"https:\/\/parqueriomartin.com\/fr\/pueblos\/montalban\/","og_locale":"fr_FR","og_type":"article","og_title":"Montalb\u00e1n - Parque Cultural del R\u00edo Mart\u00edn","og_description":"La ville de Montalb\u00e1n borde au sud le parc culturel de la rivi\u00e8re Mart\u00edn. Situ\u00e9e dans la Cuenca Minera Central, elle appara\u00eet en 1189 entre les mains des Azagra de Albarrac\u00edn, puis devient le si\u00e8ge de la Commanderie de l&rsquo;Ordre de Santiago de la Couronne d&rsquo;Aragon, qui s&rsquo;est constitu\u00e9e au XIIIe si\u00e8cle &#8211; Pierre II [&hellip;]","og_url":"https:\/\/parqueriomartin.com\/fr\/pueblos\/montalban\/","og_site_name":"Parque Cultural del R\u00edo Mart\u00edn","article_modified_time":"2023-11-11T14:27:31+00:00","og_image":[{"width":1920,"height":1440,"url":"https:\/\/parqueriomartin.com\/wp-content\/uploads\/cabecera-pueblo-montalban-parque-cultural-rio-martin.webp","type":"image\/webp"}],"twitter_card":"summary_large_image","twitter_misc":{"Dur\u00e9e de lecture estim\u00e9e":"5 minutes"},"schema":{"@context":"https:\/\/schema.org","@graph":[{"@type":"WebPage","@id":"https:\/\/parqueriomartin.com\/fr\/pueblos\/montalban\/","url":"https:\/\/parqueriomartin.com\/fr\/pueblos\/montalban\/","name":"Montalb\u00e1n - Parque Cultural del R\u00edo Mart\u00edn","isPartOf":{"@id":"https:\/\/parqueriomartin.com\/fr\/#website"},"primaryImageOfPage":{"@id":"https:\/\/parqueriomartin.com\/fr\/pueblos\/montalban\/#primaryimage"},"image":{"@id":"https:\/\/parqueriomartin.com\/fr\/pueblos\/montalban\/#primaryimage"},"thumbnailUrl":"https:\/\/parqueriomartin.com\/wp-content\/uploads\/cabecera-pueblo-montalban-parque-cultural-rio-martin.webp","datePublished":"2022-10-04T11:19:22+00:00","dateModified":"2023-11-11T14:27:31+00:00","breadcrumb":{"@id":"https:\/\/parqueriomartin.com\/fr\/pueblos\/montalban\/#breadcrumb"},"inLanguage":"fr-FR","potentialAction":[{"@type":"ReadAction","target":["https:\/\/parqueriomartin.com\/fr\/pueblos\/montalban\/"]}]},{"@type":"ImageObject","inLanguage":"fr-FR","@id":"https:\/\/parqueriomartin.com\/fr\/pueblos\/montalban\/#primaryimage","url":"https:\/\/parqueriomartin.com\/wp-content\/uploads\/cabecera-pueblo-montalban-parque-cultural-rio-martin.webp","contentUrl":"https:\/\/parqueriomartin.com\/wp-content\/uploads\/cabecera-pueblo-montalban-parque-cultural-rio-martin.webp","width":1920,"height":1440},{"@type":"BreadcrumbList","@id":"https:\/\/parqueriomartin.com\/fr\/pueblos\/montalban\/#breadcrumb","itemListElement":[{"@type":"ListItem","position":1,"name":"Portada","item":"https:\/\/parqueriomartin.com\/fr\/"},{"@type":"ListItem","position":2,"name":"Montalb\u00e1n"}]},{"@type":"WebSite","@id":"https:\/\/parqueriomartin.com\/fr\/#website","url":"https:\/\/parqueriomartin.com\/fr\/","name":"Parque Cultural del R\u00edo Mart\u00edn","description":"Conoce los pueblos, las rutas, los centros de interpretaci\u00f3n, las gentes... del Parque Cultural del R\u00edo Mart\u00edn","potentialAction":[{"@type":"SearchAction","target":{"@type":"EntryPoint","urlTemplate":"https:\/\/parqueriomartin.com\/fr\/?s={search_term_string}"},"query-input":"required name=search_term_string"}],"inLanguage":"fr-FR"}]}},"_links":{"self":[{"href":"https:\/\/parqueriomartin.com\/fr\/wp-json\/wp\/v2\/pueblos\/102663"}],"collection":[{"href":"https:\/\/parqueriomartin.com\/fr\/wp-json\/wp\/v2\/pueblos"}],"about":[{"href":"https:\/\/parqueriomartin.com\/fr\/wp-json\/wp\/v2\/types\/pueblos"}],"wp:featuredmedia":[{"embeddable":true,"href":"https:\/\/parqueriomartin.com\/fr\/wp-json\/wp\/v2\/media\/102175"}],"wp:attachment":[{"href":"https:\/\/parqueriomartin.com\/fr\/wp-json\/wp\/v2\/media?parent=102663"}],"wp:term":[{"taxonomy":"categorias_tipos","embeddable":true,"href":"https:\/\/parqueriomartin.com\/fr\/wp-json\/wp\/v2\/categorias_tipos?post=102663"}],"curies":[{"name":"wp","href":"https:\/\/api.w.org\/{rel}","templated":true}]}}