{"id":102609,"date":"2022-10-03T14:43:19","date_gmt":"2022-10-03T14:43:19","guid":{"rendered":"http:\/\/parqueculturalriomartin.com.mialias.net\/rutas\/penarroyas-obon-canyons-du-rio-martin-i-troncon-longue-distance-du-gr-262\/"},"modified":"2022-10-14T08:02:32","modified_gmt":"2022-10-14T08:02:32","slug":"penarroyas-obon-canyons-du-rio-martin-i-troncon-longue-distance-du-gr-262","status":"publish","type":"rutas","link":"https:\/\/parqueriomartin.com\/fr\/rutas\/penarroyas-obon-canyons-du-rio-martin-i-troncon-longue-distance-du-gr-262\/","title":{"rendered":"PE\u00d1ARROYAS-OB\u00d3N. CANYONS DU R\u00cdO MART\u00cdN I (tron\u00e7on longue distance du GR-262)"},"content":{"rendered":"<p>Le premier tron\u00e7on de cette \u00e9tape du GR 262 entre Pe\u00f1arroyas et Ob\u00f3n est class\u00e9 site d&rsquo;int\u00e9r\u00eat g\u00e9ologique en Aragon. Pe\u00f1arroyas est situ\u00e9 \u00e0 la limite entre les strates g\u00e9ologiques du Carbonif\u00e8re (plus de 300 millions d&rsquo;ann\u00e9es), facilement identifiables par leurs tons brun\u00e2tres et gris\u00e2tres \u00e0 l&rsquo;entr\u00e9e de la localit\u00e9, qui contrastent avec les gr\u00e8s triasiques du Buntsandtein, d&rsquo;une couleur rouge\u00e2tre marqu\u00e9e. Plusieurs points d&rsquo;int\u00e9r\u00eat g\u00e9ologique avec des bases interpr\u00e9tatives th\u00e9matiques (failles, traces de s\u00e9chage polygonales, rides&#8230;) donnent forme \u00e0 un parcours pav\u00e9 depuis le village jusqu&rsquo;au mirador de Portillo, un col qui s&rsquo;ouvre au sommet des Pe\u00f1as Royas.<\/p>\n<p>Le mirador offre une belle vue sur les environs, soulignant la polychromie du paysage, notamment le contraste entre le rouge des gr\u00e8s, le gris\u00e2tre du carbonif\u00e8re ou les couleurs plus claires des ensembles calcaires du trias et du jurassique qui encadrent le chemin d&rsquo;Ob\u00f3n, avec la note de couleur vari\u00e9e apport\u00e9e par les abondantes for\u00eats de pins, les peupliers le long de la rivi\u00e8re et la diversit\u00e9 des plantations du verger.<\/p>\n<p>Du haut du point de vue du Portillo, le chemin commence sa descente. Un autre d\u00e9tour nous am\u00e8ne en 10 minutes environ \u00e0 un point de vue sur les canyons des affleurements rocheux qui donnent une forme sinueuse \u00e0 la rivi\u00e8re Mart\u00edn, o\u00f9 nous pouvons trouver une reproduction de quelques ichnites d&rsquo;Arcosaurus (un reptile de la p\u00e9riode triasique) qui sont apparus dans cet environnement spectaculaire.<\/p>\n<p>Le GR continue \u00e0 descendre, en passant par les castellones, des formes g\u00e9ologiques fantaisistes qui ressemblent \u00e0 un ch\u00e2teau, comme leur nom l&rsquo;indique, et que l&rsquo;\u00e9rosion a sculpt\u00e9 dans des dolomies blanch\u00e2tres datant encore du Trias, jusqu&rsquo;\u00e0 atteindre une passerelle ancr\u00e9e aux rochers, \u00e9vitant ainsi la travers\u00e9e de l&rsquo;eau. Sur l&rsquo;autre rive du fleuve se trouvent les ruines ou les restes de l&rsquo;ermitage de San Quiteria, de tradition romane. Dans le cas o\u00f9 cette passerelle ne serait pas op\u00e9rationnelle, il est possible d&rsquo;utiliser une variante du sentier, dite du retour aux pigeonniers, qui contourne cette zone de canyons jusqu&rsquo;au ravin du Val, formant \u00e9galement une boucle de randonn\u00e9e.<\/p>\n<p>Apr\u00e8s une petite pente raide, nous nous aplanirons \u00e0 travers quelques falaises rocheuses tr\u00e8s proches de la zone des oliveraies et traverserons le ravin de La Val. Une fois de plus, le sentier descend vers la rivi\u00e8re elle-m\u00eame, en entrant \u00e0 nouveau par quelques canyons qui nous obligent \u00e0 utiliser des cordes et des agrafes de main courante ou des marches ancr\u00e9es dans la roche qui nous permettront, non sans un certain \u00e9quilibre, de traverser le lit de la rivi\u00e8re sans avoir besoin d&rsquo;enlever nos chaussures, ce qui n&rsquo;est pas \u00e0 exclure car tout d\u00e9pend du cours de la rivi\u00e8re et si des crues r\u00e9centes l&rsquo;ont modifi\u00e9.<\/p>\n<p>Apr\u00e8s avoir surmont\u00e9 ces gorges, le chemin monte jusqu&rsquo;au col de Rocha pour aplanir la pente, en observant les gorges et les falaises que l&rsquo;eau a sculpt\u00e9es dans le calcaire jurassique \u00e0 travers lequel la rivi\u00e8re Mart\u00edn s&rsquo;est fray\u00e9e un chemin.<\/p>\n<p>Une fois de plus, nous descendons \u00e0 la recherche du lit de la rivi\u00e8re. Il y a ici deux zones o\u00f9 se trouvent deux abris avec des peintures rupestres d\u00e9clar\u00e9es patrimoine mondial en 1998. Des cl\u00f4tures de protection en interdisent l&rsquo;acc\u00e8s \u00e0 moins d&rsquo;\u00eatre accompagn\u00e9 d&rsquo;un guide autoris\u00e9. Les peintures de Cerrao sont clairement visibles de l&rsquo;ext\u00e9rieur du treillis. Ce n&rsquo;est pas le cas de celles de Hocino de Chornas, auxquelles on acc\u00e8de par une \u00e9chelle en fer ancr\u00e9e dans la roche jusqu&rsquo;\u00e0 la grille qui ferme la cavit\u00e9, et dont les peintures noires sont tr\u00e8s estomp\u00e9es par la couleur noircie du support rocheux de la grotte, \u00e9tant \u00e0 peine perceptibles depuis l&rsquo;ext\u00e9rieur de la grille.<\/p>\n<p>En longeant la rive gauche de la rivi\u00e8re, \u00e0 l&rsquo;abri des falaises calcaires et au milieu d&rsquo;une abondante v\u00e9g\u00e9tation riveraine, nous atteindrons la zone de la Fuente del Bat\u00e1n, qui dispose de tables de pique-nique o\u00f9 nous pourrons nous reposer et prendre une collation. Nous traverserons ensuite la rivi\u00e8re \u00e0 deux reprises, en utilisant des passerelles si elles sont en place et n&rsquo;ont pas \u00e9t\u00e9 d\u00e9plac\u00e9es par les crues de la rivi\u00e8re, et en 30 minutes \u00e0 peine, nous arriverons \u00e0 Ob\u00f3n.<\/p>\n","protected":false},"featured_media":101831,"template":"","categorias_tipos":[108],"acf":[],"yoast_head":"<!-- This site is optimized with the Yoast SEO plugin v22.5 - https:\/\/yoast.com\/wordpress\/plugins\/seo\/ -->\n<title>PE\u00d1ARROYAS-OB\u00d3N. CANYONS DU R\u00cdO MART\u00cdN I (tron\u00e7on longue distance du GR-262) - Parque Cultural del R\u00edo Mart\u00edn<\/title>\n<meta name=\"robots\" content=\"index, follow, max-snippet:-1, max-image-preview:large, max-video-preview:-1\" \/>\n<link rel=\"canonical\" href=\"https:\/\/parqueriomartin.com\/fr\/rutas\/penarroyas-obon-canyons-du-rio-martin-i-troncon-longue-distance-du-gr-262\/\" \/>\n<meta property=\"og:locale\" content=\"fr_FR\" \/>\n<meta property=\"og:type\" content=\"article\" \/>\n<meta property=\"og:title\" content=\"PE\u00d1ARROYAS-OB\u00d3N. CANYONS DU R\u00cdO MART\u00cdN I (tron\u00e7on longue distance du GR-262) - Parque Cultural del R\u00edo Mart\u00edn\" \/>\n<meta property=\"og:description\" content=\"Le premier tron\u00e7on de cette \u00e9tape du GR 262 entre Pe\u00f1arroyas et Ob\u00f3n est class\u00e9 site d&rsquo;int\u00e9r\u00eat g\u00e9ologique en Aragon. Pe\u00f1arroyas est situ\u00e9 \u00e0 la limite entre les strates g\u00e9ologiques du Carbonif\u00e8re (plus de 300 millions d&rsquo;ann\u00e9es), facilement identifiables par leurs tons brun\u00e2tres et gris\u00e2tres \u00e0 l&rsquo;entr\u00e9e de la localit\u00e9, qui contrastent avec les gr\u00e8s [&hellip;]\" \/>\n<meta property=\"og:url\" content=\"https:\/\/parqueriomartin.com\/fr\/rutas\/penarroyas-obon-canyons-du-rio-martin-i-troncon-longue-distance-du-gr-262\/\" \/>\n<meta property=\"og:site_name\" content=\"Parque Cultural del R\u00edo Mart\u00edn\" \/>\n<meta property=\"article:modified_time\" content=\"2022-10-14T08:02:32+00:00\" \/>\n<meta property=\"og:image\" content=\"https:\/\/parqueriomartin.com\/wp-content\/uploads\/cabecera-ruta-penarroyas-obon-parque-cultural-rio-martin.webp\" \/>\n\t<meta property=\"og:image:width\" content=\"1920\" \/>\n\t<meta property=\"og:image:height\" content=\"1440\" \/>\n\t<meta property=\"og:image:type\" content=\"image\/webp\" \/>\n<meta name=\"twitter:card\" content=\"summary_large_image\" \/>\n<meta name=\"twitter:label1\" content=\"Dur\u00e9e de lecture estim\u00e9e\" \/>\n\t<meta name=\"twitter:data1\" content=\"4 minutes\" \/>\n<script type=\"application\/ld+json\" class=\"yoast-schema-graph\">{\"@context\":\"https:\/\/schema.org\",\"@graph\":[{\"@type\":\"WebPage\",\"@id\":\"https:\/\/parqueriomartin.com\/fr\/rutas\/penarroyas-obon-canyons-du-rio-martin-i-troncon-longue-distance-du-gr-262\/\",\"url\":\"https:\/\/parqueriomartin.com\/fr\/rutas\/penarroyas-obon-canyons-du-rio-martin-i-troncon-longue-distance-du-gr-262\/\",\"name\":\"PE\u00d1ARROYAS-OB\u00d3N. CANYONS DU R\u00cdO MART\u00cdN I (tron\u00e7on longue distance du GR-262) - Parque Cultural del R\u00edo Mart\u00edn\",\"isPartOf\":{\"@id\":\"https:\/\/parqueriomartin.com\/fr\/#website\"},\"primaryImageOfPage\":{\"@id\":\"https:\/\/parqueriomartin.com\/fr\/rutas\/penarroyas-obon-canyons-du-rio-martin-i-troncon-longue-distance-du-gr-262\/#primaryimage\"},\"image\":{\"@id\":\"https:\/\/parqueriomartin.com\/fr\/rutas\/penarroyas-obon-canyons-du-rio-martin-i-troncon-longue-distance-du-gr-262\/#primaryimage\"},\"thumbnailUrl\":\"https:\/\/parqueriomartin.com\/wp-content\/uploads\/cabecera-ruta-penarroyas-obon-parque-cultural-rio-martin.webp\",\"datePublished\":\"2022-10-03T14:43:19+00:00\",\"dateModified\":\"2022-10-14T08:02:32+00:00\",\"breadcrumb\":{\"@id\":\"https:\/\/parqueriomartin.com\/fr\/rutas\/penarroyas-obon-canyons-du-rio-martin-i-troncon-longue-distance-du-gr-262\/#breadcrumb\"},\"inLanguage\":\"fr-FR\",\"potentialAction\":[{\"@type\":\"ReadAction\",\"target\":[\"https:\/\/parqueriomartin.com\/fr\/rutas\/penarroyas-obon-canyons-du-rio-martin-i-troncon-longue-distance-du-gr-262\/\"]}]},{\"@type\":\"ImageObject\",\"inLanguage\":\"fr-FR\",\"@id\":\"https:\/\/parqueriomartin.com\/fr\/rutas\/penarroyas-obon-canyons-du-rio-martin-i-troncon-longue-distance-du-gr-262\/#primaryimage\",\"url\":\"https:\/\/parqueriomartin.com\/wp-content\/uploads\/cabecera-ruta-penarroyas-obon-parque-cultural-rio-martin.webp\",\"contentUrl\":\"https:\/\/parqueriomartin.com\/wp-content\/uploads\/cabecera-ruta-penarroyas-obon-parque-cultural-rio-martin.webp\",\"width\":1920,\"height\":1440},{\"@type\":\"BreadcrumbList\",\"@id\":\"https:\/\/parqueriomartin.com\/fr\/rutas\/penarroyas-obon-canyons-du-rio-martin-i-troncon-longue-distance-du-gr-262\/#breadcrumb\",\"itemListElement\":[{\"@type\":\"ListItem\",\"position\":1,\"name\":\"Portada\",\"item\":\"https:\/\/parqueriomartin.com\/fr\/\"},{\"@type\":\"ListItem\",\"position\":2,\"name\":\"PE\u00d1ARROYAS-OB\u00d3N. CANYONS DU R\u00cdO MART\u00cdN I (tron\u00e7on longue distance du GR-262)\"}]},{\"@type\":\"WebSite\",\"@id\":\"https:\/\/parqueriomartin.com\/fr\/#website\",\"url\":\"https:\/\/parqueriomartin.com\/fr\/\",\"name\":\"Parque Cultural del R\u00edo Mart\u00edn\",\"description\":\"Conoce los pueblos, las rutas, los centros de interpretaci\u00f3n, las gentes... del Parque Cultural del R\u00edo Mart\u00edn\",\"potentialAction\":[{\"@type\":\"SearchAction\",\"target\":{\"@type\":\"EntryPoint\",\"urlTemplate\":\"https:\/\/parqueriomartin.com\/fr\/?s={search_term_string}\"},\"query-input\":\"required name=search_term_string\"}],\"inLanguage\":\"fr-FR\"}]}<\/script>\n<!-- \/ Yoast SEO plugin. -->","yoast_head_json":{"title":"PE\u00d1ARROYAS-OB\u00d3N. CANYONS DU R\u00cdO MART\u00cdN I (tron\u00e7on longue distance du GR-262) - Parque Cultural del R\u00edo Mart\u00edn","robots":{"index":"index","follow":"follow","max-snippet":"max-snippet:-1","max-image-preview":"max-image-preview:large","max-video-preview":"max-video-preview:-1"},"canonical":"https:\/\/parqueriomartin.com\/fr\/rutas\/penarroyas-obon-canyons-du-rio-martin-i-troncon-longue-distance-du-gr-262\/","og_locale":"fr_FR","og_type":"article","og_title":"PE\u00d1ARROYAS-OB\u00d3N. CANYONS DU R\u00cdO MART\u00cdN I (tron\u00e7on longue distance du GR-262) - Parque Cultural del R\u00edo Mart\u00edn","og_description":"Le premier tron\u00e7on de cette \u00e9tape du GR 262 entre Pe\u00f1arroyas et Ob\u00f3n est class\u00e9 site d&rsquo;int\u00e9r\u00eat g\u00e9ologique en Aragon. Pe\u00f1arroyas est situ\u00e9 \u00e0 la limite entre les strates g\u00e9ologiques du Carbonif\u00e8re (plus de 300 millions d&rsquo;ann\u00e9es), facilement identifiables par leurs tons brun\u00e2tres et gris\u00e2tres \u00e0 l&rsquo;entr\u00e9e de la localit\u00e9, qui contrastent avec les gr\u00e8s [&hellip;]","og_url":"https:\/\/parqueriomartin.com\/fr\/rutas\/penarroyas-obon-canyons-du-rio-martin-i-troncon-longue-distance-du-gr-262\/","og_site_name":"Parque Cultural del R\u00edo Mart\u00edn","article_modified_time":"2022-10-14T08:02:32+00:00","og_image":[{"width":1920,"height":1440,"url":"https:\/\/parqueriomartin.com\/wp-content\/uploads\/cabecera-ruta-penarroyas-obon-parque-cultural-rio-martin.webp","type":"image\/webp"}],"twitter_card":"summary_large_image","twitter_misc":{"Dur\u00e9e de lecture estim\u00e9e":"4 minutes"},"schema":{"@context":"https:\/\/schema.org","@graph":[{"@type":"WebPage","@id":"https:\/\/parqueriomartin.com\/fr\/rutas\/penarroyas-obon-canyons-du-rio-martin-i-troncon-longue-distance-du-gr-262\/","url":"https:\/\/parqueriomartin.com\/fr\/rutas\/penarroyas-obon-canyons-du-rio-martin-i-troncon-longue-distance-du-gr-262\/","name":"PE\u00d1ARROYAS-OB\u00d3N. CANYONS DU R\u00cdO MART\u00cdN I (tron\u00e7on longue distance du GR-262) - Parque Cultural del R\u00edo Mart\u00edn","isPartOf":{"@id":"https:\/\/parqueriomartin.com\/fr\/#website"},"primaryImageOfPage":{"@id":"https:\/\/parqueriomartin.com\/fr\/rutas\/penarroyas-obon-canyons-du-rio-martin-i-troncon-longue-distance-du-gr-262\/#primaryimage"},"image":{"@id":"https:\/\/parqueriomartin.com\/fr\/rutas\/penarroyas-obon-canyons-du-rio-martin-i-troncon-longue-distance-du-gr-262\/#primaryimage"},"thumbnailUrl":"https:\/\/parqueriomartin.com\/wp-content\/uploads\/cabecera-ruta-penarroyas-obon-parque-cultural-rio-martin.webp","datePublished":"2022-10-03T14:43:19+00:00","dateModified":"2022-10-14T08:02:32+00:00","breadcrumb":{"@id":"https:\/\/parqueriomartin.com\/fr\/rutas\/penarroyas-obon-canyons-du-rio-martin-i-troncon-longue-distance-du-gr-262\/#breadcrumb"},"inLanguage":"fr-FR","potentialAction":[{"@type":"ReadAction","target":["https:\/\/parqueriomartin.com\/fr\/rutas\/penarroyas-obon-canyons-du-rio-martin-i-troncon-longue-distance-du-gr-262\/"]}]},{"@type":"ImageObject","inLanguage":"fr-FR","@id":"https:\/\/parqueriomartin.com\/fr\/rutas\/penarroyas-obon-canyons-du-rio-martin-i-troncon-longue-distance-du-gr-262\/#primaryimage","url":"https:\/\/parqueriomartin.com\/wp-content\/uploads\/cabecera-ruta-penarroyas-obon-parque-cultural-rio-martin.webp","contentUrl":"https:\/\/parqueriomartin.com\/wp-content\/uploads\/cabecera-ruta-penarroyas-obon-parque-cultural-rio-martin.webp","width":1920,"height":1440},{"@type":"BreadcrumbList","@id":"https:\/\/parqueriomartin.com\/fr\/rutas\/penarroyas-obon-canyons-du-rio-martin-i-troncon-longue-distance-du-gr-262\/#breadcrumb","itemListElement":[{"@type":"ListItem","position":1,"name":"Portada","item":"https:\/\/parqueriomartin.com\/fr\/"},{"@type":"ListItem","position":2,"name":"PE\u00d1ARROYAS-OB\u00d3N. CANYONS DU R\u00cdO MART\u00cdN I (tron\u00e7on longue distance du GR-262)"}]},{"@type":"WebSite","@id":"https:\/\/parqueriomartin.com\/fr\/#website","url":"https:\/\/parqueriomartin.com\/fr\/","name":"Parque Cultural del R\u00edo Mart\u00edn","description":"Conoce los pueblos, las rutas, los centros de interpretaci\u00f3n, las gentes... del Parque Cultural del R\u00edo Mart\u00edn","potentialAction":[{"@type":"SearchAction","target":{"@type":"EntryPoint","urlTemplate":"https:\/\/parqueriomartin.com\/fr\/?s={search_term_string}"},"query-input":"required name=search_term_string"}],"inLanguage":"fr-FR"}]}},"_links":{"self":[{"href":"https:\/\/parqueriomartin.com\/fr\/wp-json\/wp\/v2\/rutas\/102609"}],"collection":[{"href":"https:\/\/parqueriomartin.com\/fr\/wp-json\/wp\/v2\/rutas"}],"about":[{"href":"https:\/\/parqueriomartin.com\/fr\/wp-json\/wp\/v2\/types\/rutas"}],"wp:featuredmedia":[{"embeddable":true,"href":"https:\/\/parqueriomartin.com\/fr\/wp-json\/wp\/v2\/media\/101831"}],"wp:attachment":[{"href":"https:\/\/parqueriomartin.com\/fr\/wp-json\/wp\/v2\/media?parent=102609"}],"wp:term":[{"taxonomy":"categorias_tipos","embeddable":true,"href":"https:\/\/parqueriomartin.com\/fr\/wp-json\/wp\/v2\/categorias_tipos?post=102609"}],"curies":[{"name":"wp","href":"https:\/\/api.w.org\/{rel}","templated":true}]}}