{"id":102611,"date":"2022-10-03T16:50:22","date_gmt":"2022-10-03T16:50:22","guid":{"rendered":"http:\/\/parqueculturalriomartin.com.mialias.net\/rutas\/les-tours-medievaux-dalcaine-circuit-court-pr-te-98\/"},"modified":"2022-10-14T16:39:17","modified_gmt":"2022-10-14T16:39:17","slug":"les-tours-medievaux-dalcaine-circuit-court-pr-te-98","status":"publish","type":"rutas","link":"https:\/\/parqueriomartin.com\/fr\/rutas\/les-tours-medievaux-dalcaine-circuit-court-pr-te-98\/","title":{"rendered":"Les tours m\u00e9di\u00e9vales d&rsquo;Alcaine (Itin\u00e9raire court PR-TE 98)"},"content":{"rendered":"<p>Un total de 11 tours a fait d&rsquo;Alcaine une forteresse difficile \u00e0 vaincre \u00e0 l&rsquo;\u00e9poque turbulente du Moyen \u00c2ge. Leur construction est attribu\u00e9e aux musulmans, vers le 11e si\u00e8cle, bien qu&rsquo;ils aient fini entre les mains des chr\u00e9tiens lors de la Reconqu\u00eate. Le nom d&rsquo;Alcaine et certaines caract\u00e9ristiques g\u00e9ographiques, comme la colline de Benicozar, ont \u00e9galement la m\u00eame origine arabe.<\/p>\n<p>Aujourd&rsquo;hui, les tours sont d\u00e9labr\u00e9es et deux d&rsquo;entre elles ont \u00e9t\u00e9 adapt\u00e9es en pigeonniers. De l&rsquo;ancien ch\u00e2teau ou forteresse musulman, il ne reste que les vestiges de ses tours de guet et de son plan au sol, mais malgr\u00e9 cela, le parcours nous montre l&rsquo;importance d\u00e9fensive qu&rsquo;a atteint l&rsquo;ensemble, tout en profitant de vues spectaculaires sur la ville et ses cols naturels, ainsi que sur l&rsquo;impressionnant ensemble de plissements angulaires pr\u00e8s de la rivi\u00e8re Mart\u00edn.<\/p>\n<p>L&rsquo;itin\u00e9raire dans le secteur nord commence sur la place de l&rsquo;\u00e9glise et se poursuit jusqu&rsquo;aux anciens lavoirs. Au milieu de la promenade, nous trouverons un tableau d&rsquo;information sur le complexe d\u00e9fensif (point de vue des tours) et l&rsquo;orographie des environs. Une courte bifurcation m\u00e8ne \u00e0 la pointe de Solana, un affleurement rocheux avec vue sur les plis angulaires (point d&rsquo;int\u00e9r\u00eat g\u00e9ologique) et la Cueva de los Esquiladores, utilis\u00e9e comme entrep\u00f4t de provisions en temps de conflit et pour l&rsquo;\u00e9levage.<\/p>\n<p>Le parcours du secteur sud peut \u00eatre entam\u00e9 \u00e0 c\u00f4t\u00e9 de l&rsquo;ancienne \u00ab\u00a0Nevera\u00a0\u00bb pour gravir les falaises qui d\u00e9limitent la ville dans son secteur sud. Depuis ces coupes, on peut voir le tron\u00e7on de la rivi\u00e8re Mart\u00edn \u00e0 travers la Ca\u00f1ada de Marco et la montagne de Benicozar. Le sentier se termine \u00e0 la m\u00eame route, o\u00f9 l&rsquo;on peut \u00e9galement commencer.<\/p>\n","protected":false},"featured_media":101925,"template":"","categorias_tipos":[108],"acf":[],"yoast_head":"<!-- This site is optimized with the Yoast SEO plugin v22.5 - https:\/\/yoast.com\/wordpress\/plugins\/seo\/ -->\n<title>Les tours m\u00e9di\u00e9vales d&#039;Alcaine (Itin\u00e9raire court PR-TE 98) - Parque Cultural del R\u00edo Mart\u00edn<\/title>\n<meta name=\"robots\" content=\"index, follow, max-snippet:-1, max-image-preview:large, max-video-preview:-1\" \/>\n<link rel=\"canonical\" href=\"https:\/\/parqueriomartin.com\/fr\/rutas\/les-tours-medievaux-dalcaine-circuit-court-pr-te-98\/\" \/>\n<meta property=\"og:locale\" content=\"fr_FR\" \/>\n<meta property=\"og:type\" content=\"article\" \/>\n<meta property=\"og:title\" content=\"Les tours m\u00e9di\u00e9vales d&#039;Alcaine (Itin\u00e9raire court PR-TE 98) - Parque Cultural del R\u00edo Mart\u00edn\" \/>\n<meta property=\"og:description\" content=\"Un total de 11 tours a fait d&rsquo;Alcaine une forteresse difficile \u00e0 vaincre \u00e0 l&rsquo;\u00e9poque turbulente du Moyen \u00c2ge. Leur construction est attribu\u00e9e aux musulmans, vers le 11e si\u00e8cle, bien qu&rsquo;ils aient fini entre les mains des chr\u00e9tiens lors de la Reconqu\u00eate. Le nom d&rsquo;Alcaine et certaines caract\u00e9ristiques g\u00e9ographiques, comme la colline de Benicozar, ont [&hellip;]\" \/>\n<meta property=\"og:url\" content=\"https:\/\/parqueriomartin.com\/fr\/rutas\/les-tours-medievaux-dalcaine-circuit-court-pr-te-98\/\" \/>\n<meta property=\"og:site_name\" content=\"Parque Cultural del R\u00edo Mart\u00edn\" \/>\n<meta property=\"article:modified_time\" content=\"2022-10-14T16:39:17+00:00\" \/>\n<meta property=\"og:image\" content=\"https:\/\/parqueriomartin.com\/wp-content\/uploads\/cabecera-ruta-torres-medievales-parque-cultural-rio-martin.webp\" \/>\n\t<meta property=\"og:image:width\" content=\"1920\" \/>\n\t<meta property=\"og:image:height\" content=\"1104\" \/>\n\t<meta property=\"og:image:type\" content=\"image\/webp\" \/>\n<meta name=\"twitter:card\" content=\"summary_large_image\" \/>\n<meta name=\"twitter:label1\" content=\"Dur\u00e9e de lecture estim\u00e9e\" \/>\n\t<meta name=\"twitter:data1\" content=\"2 minutes\" \/>\n<script type=\"application\/ld+json\" class=\"yoast-schema-graph\">{\"@context\":\"https:\/\/schema.org\",\"@graph\":[{\"@type\":\"WebPage\",\"@id\":\"https:\/\/parqueriomartin.com\/fr\/rutas\/les-tours-medievaux-dalcaine-circuit-court-pr-te-98\/\",\"url\":\"https:\/\/parqueriomartin.com\/fr\/rutas\/les-tours-medievaux-dalcaine-circuit-court-pr-te-98\/\",\"name\":\"Les tours m\u00e9di\u00e9vales d'Alcaine (Itin\u00e9raire court PR-TE 98) - Parque Cultural del R\u00edo Mart\u00edn\",\"isPartOf\":{\"@id\":\"https:\/\/parqueriomartin.com\/fr\/#website\"},\"primaryImageOfPage\":{\"@id\":\"https:\/\/parqueriomartin.com\/fr\/rutas\/les-tours-medievaux-dalcaine-circuit-court-pr-te-98\/#primaryimage\"},\"image\":{\"@id\":\"https:\/\/parqueriomartin.com\/fr\/rutas\/les-tours-medievaux-dalcaine-circuit-court-pr-te-98\/#primaryimage\"},\"thumbnailUrl\":\"https:\/\/parqueriomartin.com\/wp-content\/uploads\/cabecera-ruta-torres-medievales-parque-cultural-rio-martin.webp\",\"datePublished\":\"2022-10-03T16:50:22+00:00\",\"dateModified\":\"2022-10-14T16:39:17+00:00\",\"breadcrumb\":{\"@id\":\"https:\/\/parqueriomartin.com\/fr\/rutas\/les-tours-medievaux-dalcaine-circuit-court-pr-te-98\/#breadcrumb\"},\"inLanguage\":\"fr-FR\",\"potentialAction\":[{\"@type\":\"ReadAction\",\"target\":[\"https:\/\/parqueriomartin.com\/fr\/rutas\/les-tours-medievaux-dalcaine-circuit-court-pr-te-98\/\"]}]},{\"@type\":\"ImageObject\",\"inLanguage\":\"fr-FR\",\"@id\":\"https:\/\/parqueriomartin.com\/fr\/rutas\/les-tours-medievaux-dalcaine-circuit-court-pr-te-98\/#primaryimage\",\"url\":\"https:\/\/parqueriomartin.com\/wp-content\/uploads\/cabecera-ruta-torres-medievales-parque-cultural-rio-martin.webp\",\"contentUrl\":\"https:\/\/parqueriomartin.com\/wp-content\/uploads\/cabecera-ruta-torres-medievales-parque-cultural-rio-martin.webp\",\"width\":1920,\"height\":1104},{\"@type\":\"BreadcrumbList\",\"@id\":\"https:\/\/parqueriomartin.com\/fr\/rutas\/les-tours-medievaux-dalcaine-circuit-court-pr-te-98\/#breadcrumb\",\"itemListElement\":[{\"@type\":\"ListItem\",\"position\":1,\"name\":\"Portada\",\"item\":\"https:\/\/parqueriomartin.com\/fr\/\"},{\"@type\":\"ListItem\",\"position\":2,\"name\":\"Les tours m\u00e9di\u00e9vales d&rsquo;Alcaine (Itin\u00e9raire court PR-TE 98)\"}]},{\"@type\":\"WebSite\",\"@id\":\"https:\/\/parqueriomartin.com\/fr\/#website\",\"url\":\"https:\/\/parqueriomartin.com\/fr\/\",\"name\":\"Parque Cultural del R\u00edo Mart\u00edn\",\"description\":\"Conoce los pueblos, las rutas, los centros de interpretaci\u00f3n, las gentes... del Parque Cultural del R\u00edo Mart\u00edn\",\"potentialAction\":[{\"@type\":\"SearchAction\",\"target\":{\"@type\":\"EntryPoint\",\"urlTemplate\":\"https:\/\/parqueriomartin.com\/fr\/?s={search_term_string}\"},\"query-input\":\"required name=search_term_string\"}],\"inLanguage\":\"fr-FR\"}]}<\/script>\n<!-- \/ Yoast SEO plugin. -->","yoast_head_json":{"title":"Les tours m\u00e9di\u00e9vales d'Alcaine (Itin\u00e9raire court PR-TE 98) - Parque Cultural del R\u00edo Mart\u00edn","robots":{"index":"index","follow":"follow","max-snippet":"max-snippet:-1","max-image-preview":"max-image-preview:large","max-video-preview":"max-video-preview:-1"},"canonical":"https:\/\/parqueriomartin.com\/fr\/rutas\/les-tours-medievaux-dalcaine-circuit-court-pr-te-98\/","og_locale":"fr_FR","og_type":"article","og_title":"Les tours m\u00e9di\u00e9vales d'Alcaine (Itin\u00e9raire court PR-TE 98) - Parque Cultural del R\u00edo Mart\u00edn","og_description":"Un total de 11 tours a fait d&rsquo;Alcaine une forteresse difficile \u00e0 vaincre \u00e0 l&rsquo;\u00e9poque turbulente du Moyen \u00c2ge. Leur construction est attribu\u00e9e aux musulmans, vers le 11e si\u00e8cle, bien qu&rsquo;ils aient fini entre les mains des chr\u00e9tiens lors de la Reconqu\u00eate. Le nom d&rsquo;Alcaine et certaines caract\u00e9ristiques g\u00e9ographiques, comme la colline de Benicozar, ont [&hellip;]","og_url":"https:\/\/parqueriomartin.com\/fr\/rutas\/les-tours-medievaux-dalcaine-circuit-court-pr-te-98\/","og_site_name":"Parque Cultural del R\u00edo Mart\u00edn","article_modified_time":"2022-10-14T16:39:17+00:00","og_image":[{"width":1920,"height":1104,"url":"https:\/\/parqueriomartin.com\/wp-content\/uploads\/cabecera-ruta-torres-medievales-parque-cultural-rio-martin.webp","type":"image\/webp"}],"twitter_card":"summary_large_image","twitter_misc":{"Dur\u00e9e de lecture estim\u00e9e":"2 minutes"},"schema":{"@context":"https:\/\/schema.org","@graph":[{"@type":"WebPage","@id":"https:\/\/parqueriomartin.com\/fr\/rutas\/les-tours-medievaux-dalcaine-circuit-court-pr-te-98\/","url":"https:\/\/parqueriomartin.com\/fr\/rutas\/les-tours-medievaux-dalcaine-circuit-court-pr-te-98\/","name":"Les tours m\u00e9di\u00e9vales d'Alcaine (Itin\u00e9raire court PR-TE 98) - Parque Cultural del R\u00edo Mart\u00edn","isPartOf":{"@id":"https:\/\/parqueriomartin.com\/fr\/#website"},"primaryImageOfPage":{"@id":"https:\/\/parqueriomartin.com\/fr\/rutas\/les-tours-medievaux-dalcaine-circuit-court-pr-te-98\/#primaryimage"},"image":{"@id":"https:\/\/parqueriomartin.com\/fr\/rutas\/les-tours-medievaux-dalcaine-circuit-court-pr-te-98\/#primaryimage"},"thumbnailUrl":"https:\/\/parqueriomartin.com\/wp-content\/uploads\/cabecera-ruta-torres-medievales-parque-cultural-rio-martin.webp","datePublished":"2022-10-03T16:50:22+00:00","dateModified":"2022-10-14T16:39:17+00:00","breadcrumb":{"@id":"https:\/\/parqueriomartin.com\/fr\/rutas\/les-tours-medievaux-dalcaine-circuit-court-pr-te-98\/#breadcrumb"},"inLanguage":"fr-FR","potentialAction":[{"@type":"ReadAction","target":["https:\/\/parqueriomartin.com\/fr\/rutas\/les-tours-medievaux-dalcaine-circuit-court-pr-te-98\/"]}]},{"@type":"ImageObject","inLanguage":"fr-FR","@id":"https:\/\/parqueriomartin.com\/fr\/rutas\/les-tours-medievaux-dalcaine-circuit-court-pr-te-98\/#primaryimage","url":"https:\/\/parqueriomartin.com\/wp-content\/uploads\/cabecera-ruta-torres-medievales-parque-cultural-rio-martin.webp","contentUrl":"https:\/\/parqueriomartin.com\/wp-content\/uploads\/cabecera-ruta-torres-medievales-parque-cultural-rio-martin.webp","width":1920,"height":1104},{"@type":"BreadcrumbList","@id":"https:\/\/parqueriomartin.com\/fr\/rutas\/les-tours-medievaux-dalcaine-circuit-court-pr-te-98\/#breadcrumb","itemListElement":[{"@type":"ListItem","position":1,"name":"Portada","item":"https:\/\/parqueriomartin.com\/fr\/"},{"@type":"ListItem","position":2,"name":"Les tours m\u00e9di\u00e9vales d&rsquo;Alcaine (Itin\u00e9raire court PR-TE 98)"}]},{"@type":"WebSite","@id":"https:\/\/parqueriomartin.com\/fr\/#website","url":"https:\/\/parqueriomartin.com\/fr\/","name":"Parque Cultural del R\u00edo Mart\u00edn","description":"Conoce los pueblos, las rutas, los centros de interpretaci\u00f3n, las gentes... del Parque Cultural del R\u00edo Mart\u00edn","potentialAction":[{"@type":"SearchAction","target":{"@type":"EntryPoint","urlTemplate":"https:\/\/parqueriomartin.com\/fr\/?s={search_term_string}"},"query-input":"required name=search_term_string"}],"inLanguage":"fr-FR"}]}},"_links":{"self":[{"href":"https:\/\/parqueriomartin.com\/fr\/wp-json\/wp\/v2\/rutas\/102611"}],"collection":[{"href":"https:\/\/parqueriomartin.com\/fr\/wp-json\/wp\/v2\/rutas"}],"about":[{"href":"https:\/\/parqueriomartin.com\/fr\/wp-json\/wp\/v2\/types\/rutas"}],"wp:featuredmedia":[{"embeddable":true,"href":"https:\/\/parqueriomartin.com\/fr\/wp-json\/wp\/v2\/media\/101925"}],"wp:attachment":[{"href":"https:\/\/parqueriomartin.com\/fr\/wp-json\/wp\/v2\/media?parent=102611"}],"wp:term":[{"taxonomy":"categorias_tipos","embeddable":true,"href":"https:\/\/parqueriomartin.com\/fr\/wp-json\/wp\/v2\/categorias_tipos?post=102611"}],"curies":[{"name":"wp","href":"https:\/\/api.w.org\/{rel}","templated":true}]}}