{"id":102628,"date":"2022-10-03T17:12:05","date_gmt":"2022-10-03T17:12:05","guid":{"rendered":"http:\/\/parqueculturalriomartin.com.mialias.net\/rutas\/oliete-arino-la-route-iberienne-section-longue-distance-du-gr-262\/"},"modified":"2022-10-14T15:11:20","modified_gmt":"2022-10-14T15:11:20","slug":"oliete-arino-la-route-iberienne-section-longue-distance-du-gr-262","status":"publish","type":"rutas","link":"https:\/\/parqueriomartin.com\/fr\/rutas\/oliete-arino-la-route-iberienne-section-longue-distance-du-gr-262\/","title":{"rendered":"OLIETE-ARI\u00d1O. LA ROUTE IB\u00c9RIENNE (section longue distance du GR 262)"},"content":{"rendered":"<p>L&rsquo;\u00e9tape du GR 262 vers Ari\u00f1o peut \u00eatre entam\u00e9e sur les <strong>rives de la rivi\u00e8re Mart\u00edn<\/strong>, sur la passerelle situ\u00e9e \u00e0 quelques m\u00e8tres en aval du pont, o\u00f9 se trouve un carrefour. Nous trouverons sur la gauche la d\u00e9viation vers le <strong>village ib\u00e9rique de Palomar<\/strong> par le sentier de courte distance PR-TE 114 (vers Alac\u00f3n). Il faut 15 minutes pour atteindre ce village, un exemple d&rsquo;architecture agricole et r\u00e9sidentielle.<\/p>\n<p>Apr\u00e8s avoir regagn\u00e9 le point de d\u00e9part \u00e0 Oliete, le GR continue par un sentier entre les peupliers, en bordure de la plaine alluviale en direction de la <strong>Fuente El Piejo<\/strong>, que l&rsquo;on atteint en faisant une d\u00e9viation de 25 m\u00e8tres. Ensuite, commence un tron\u00e7on de chemin qui m\u00e8nera \u00e0 une autre route ou piste qui nous conduira au <strong>domaine agricole de San Pedro<\/strong>, avec des b\u00e2timents \u00e0 caract\u00e8re agricole et d&rsquo;\u00e9levage. L\u00e0, nous trouverons la bifurcation sur la pente vers la <strong>Sima de San Pedro (1<\/strong> km). En poursuivant la route, nous passerons par la <strong>Plana de San Pedro<\/strong>, o\u00f9 se trouve un <strong>Peir\u00f3n<\/strong> rustique et <strong>ancien<\/strong> et l&rsquo;<strong>ermitage de San Pedro<\/strong>.<\/p>\n<p>En suivant la piste, nous trouverons bient\u00f4t une autre d\u00e9viation en mont\u00e9e vers la <strong>forteresse ib\u00e9rique de Cabezo de San Pedro (1<\/strong>,7 km.), qui se trouve sur une colline \u00e0 c\u00f4t\u00e9 d&rsquo;un affleurement rocheux abrupt. La visite de la Sima et du Cabezo de San Pedro sont absolument recommand\u00e9es \u00e0 cette \u00e9tape, \u00e0 laquelle il faudra ajouter deux heures suppl\u00e9mentaires au parcours si vous choisissez de les visiter. Ces points d&rsquo;int\u00e9r\u00eat peuvent \u00eatre atteints en voiture le long d&rsquo;une piste goudronn\u00e9e.<\/p>\n<p>En poursuivant le GR, sans quitter le sentier principal, le long de la rive gauche de la rivi\u00e8re Mart\u00edn, vous atteindrez bient\u00f4t le lit de la rivi\u00e8re, qui est travers\u00e9 par un gu\u00e9 ciment\u00e9 dans la rivi\u00e8re avec des blocs de pierre en guise de marchepieds. L&rsquo;itin\u00e9raire quitte la piste foresti\u00e8re pour emprunter un sentier qui raccourcit le temps de marche et qui nous ram\u00e8ne \u00e0 la piste qui descend jusqu&rsquo;au lit de la rivi\u00e8re Escuriza et, apr\u00e8s l&rsquo;avoir travers\u00e9e sur une passerelle, nous arrivons \u00e0 une petite place o\u00f9 se trouve une<strong>  le ch\u00e2teau minier et le mus\u00e9e de la mine<\/strong>  (dans l&rsquo;ancien \u00e9conomat) qui rappellent le pass\u00e9 plus r\u00e9cent d&rsquo;Ari\u00f1o.<\/p>\n<p>Le site  <strong>La culture ib\u00e9rique<\/strong>  est celle qui a fourni \u00e0 Oliete les vestiges arch\u00e9ologiques les plus spectaculaires, et autour d&rsquo;eux, les  <strong>Colonies ib\u00e9riques de Palomar<\/strong>  -exemple d&rsquo;architecture agricole r\u00e9sidentielle- et de la  <strong>Cabezo de San Pedro<\/strong>  Le GR 262 lui-m\u00eame a \u00e9t\u00e9 utilis\u00e9 comme point de d\u00e9part d&rsquo;une s\u00e9rie d&rsquo;itin\u00e9raires structur\u00e9s. Des panneaux d&rsquo;interpr\u00e9tation r\u00e9partis sur l&rsquo;ensemble des sites permettront aux visiteurs de d\u00e9couvrir ce patrimoine, les caract\u00e9ristiques de cette p\u00e9riode et le mode de vie des colons ib\u00e9riques aux IIIe et Ier si\u00e8cles av.<\/p>\n<p>El Palomar, est excav\u00e9 dans environ 1\/3 de son extension totale. Dans le bloc de b\u00e2timents fouill\u00e9s, on peut voir les rues pav\u00e9es, les plinthes en pierre des pi\u00e8ces et des r\u00e9serves, et les endroits o\u00f9 l&rsquo;on a trouv\u00e9 des s\u00e9pultures d&rsquo;enfants, de chiens et d&rsquo;ovicaprides sont marqu\u00e9s.<\/p>\n<p><strong>Dans le village de San Pedro<\/strong>, on peut voir sa forteresse et son syst\u00e8me d\u00e9fensif, avec une spectaculaire muraille faite de grosses pierres, un foss\u00e9 et des tours d\u00e9fensives et une deuxi\u00e8me ligne de tours de guet. L&rsquo;une de ces tours est la plus ancienne de la p\u00e9ninsule en termes de hauteur. Des fouilles r\u00e9centes ont mis en \u00e9vidence une <strong>n\u00e9cropole<\/strong> compos\u00e9e de plusieurs <strong>tumulus<\/strong> et de vestiges de b\u00e2timents qui semblent t\u00e9moigner de l&rsquo;occupation de cette colonie depuis le Ve si\u00e8cle avant J\u00e9sus-Christ.<\/p>\n<p>L&rsquo;immense <strong>Sima de San Pedro<\/strong> est consid\u00e9r\u00e9e comme unique en Europe en raison de sa structure g\u00e9ologique. Cet \u00e9tonnant puits tronconique a une profondeur de plus de 100 m\u00e8tres depuis le point le plus haut jusqu&rsquo;au lac (86 m\u00e8tres depuis une ancienne plate-forme), et un diam\u00e8tre \u00e0 son embouchure de 75x85m. \u00c0 sa base se trouve un lac dont la profondeur est estim\u00e9e \u00e0 22 m\u00e8tres. Le lac est aliment\u00e9 par les eaux de la rivi\u00e8re Mart\u00edn, qui se trouve \u00e0 40 m\u00e8tres au-dessus de son niveau, ainsi que par les eaux de pluie qui entrent par son embouchure et par les eaux qui s&rsquo;accumulent dans le ravin dans lequel se trouve le gouffre.<\/p>\n<p>Ce gouffre s&rsquo;impose \u00e9galement comme un refuge de biodiversit\u00e9 sans \u00e9quivalent en Europe, lui conf\u00e9rant une valeur \u00e9cologique exceptionnelle, o\u00f9 trouvent refuge quelque 25 esp\u00e8ces de vert\u00e9br\u00e9s (oiseaux, chauves-souris, micro-mammif\u00e8res, amphibiens et reptiles).<\/p>\n","protected":false},"featured_media":101981,"template":"","categorias_tipos":[108],"acf":[],"yoast_head":"<!-- This site is optimized with the Yoast SEO plugin v22.5 - https:\/\/yoast.com\/wordpress\/plugins\/seo\/ -->\n<title>OLIETE-ARI\u00d1O. LA ROUTE IB\u00c9RIENNE (section longue distance du GR 262) - Parque Cultural del R\u00edo Mart\u00edn<\/title>\n<meta name=\"robots\" content=\"index, follow, max-snippet:-1, max-image-preview:large, max-video-preview:-1\" \/>\n<link rel=\"canonical\" href=\"https:\/\/parqueriomartin.com\/fr\/rutas\/oliete-arino-la-route-iberienne-section-longue-distance-du-gr-262\/\" \/>\n<meta property=\"og:locale\" content=\"fr_FR\" \/>\n<meta property=\"og:type\" content=\"article\" \/>\n<meta property=\"og:title\" content=\"OLIETE-ARI\u00d1O. LA ROUTE IB\u00c9RIENNE (section longue distance du GR 262) - Parque Cultural del R\u00edo Mart\u00edn\" \/>\n<meta property=\"og:description\" content=\"L&rsquo;\u00e9tape du GR 262 vers Ari\u00f1o peut \u00eatre entam\u00e9e sur les rives de la rivi\u00e8re Mart\u00edn, sur la passerelle situ\u00e9e \u00e0 quelques m\u00e8tres en aval du pont, o\u00f9 se trouve un carrefour. Nous trouverons sur la gauche la d\u00e9viation vers le village ib\u00e9rique de Palomar par le sentier de courte distance PR-TE 114 (vers Alac\u00f3n). [&hellip;]\" \/>\n<meta property=\"og:url\" content=\"https:\/\/parqueriomartin.com\/fr\/rutas\/oliete-arino-la-route-iberienne-section-longue-distance-du-gr-262\/\" \/>\n<meta property=\"og:site_name\" content=\"Parque Cultural del R\u00edo Mart\u00edn\" \/>\n<meta property=\"article:modified_time\" content=\"2022-10-14T15:11:20+00:00\" \/>\n<meta property=\"og:image\" content=\"https:\/\/parqueriomartin.com\/wp-content\/uploads\/cabecera-ruta-oliete-arino-parque-cultural-rio-martin.webp\" \/>\n\t<meta property=\"og:image:width\" content=\"1920\" \/>\n\t<meta property=\"og:image:height\" content=\"1440\" \/>\n\t<meta property=\"og:image:type\" content=\"image\/webp\" \/>\n<meta name=\"twitter:card\" content=\"summary_large_image\" \/>\n<meta name=\"twitter:label1\" content=\"Dur\u00e9e de lecture estim\u00e9e\" \/>\n\t<meta name=\"twitter:data1\" content=\"4 minutes\" \/>\n<script type=\"application\/ld+json\" class=\"yoast-schema-graph\">{\"@context\":\"https:\/\/schema.org\",\"@graph\":[{\"@type\":\"WebPage\",\"@id\":\"https:\/\/parqueriomartin.com\/fr\/rutas\/oliete-arino-la-route-iberienne-section-longue-distance-du-gr-262\/\",\"url\":\"https:\/\/parqueriomartin.com\/fr\/rutas\/oliete-arino-la-route-iberienne-section-longue-distance-du-gr-262\/\",\"name\":\"OLIETE-ARI\u00d1O. LA ROUTE IB\u00c9RIENNE (section longue distance du GR 262) - Parque Cultural del R\u00edo Mart\u00edn\",\"isPartOf\":{\"@id\":\"https:\/\/parqueriomartin.com\/fr\/#website\"},\"primaryImageOfPage\":{\"@id\":\"https:\/\/parqueriomartin.com\/fr\/rutas\/oliete-arino-la-route-iberienne-section-longue-distance-du-gr-262\/#primaryimage\"},\"image\":{\"@id\":\"https:\/\/parqueriomartin.com\/fr\/rutas\/oliete-arino-la-route-iberienne-section-longue-distance-du-gr-262\/#primaryimage\"},\"thumbnailUrl\":\"https:\/\/parqueriomartin.com\/wp-content\/uploads\/cabecera-ruta-oliete-arino-parque-cultural-rio-martin.webp\",\"datePublished\":\"2022-10-03T17:12:05+00:00\",\"dateModified\":\"2022-10-14T15:11:20+00:00\",\"breadcrumb\":{\"@id\":\"https:\/\/parqueriomartin.com\/fr\/rutas\/oliete-arino-la-route-iberienne-section-longue-distance-du-gr-262\/#breadcrumb\"},\"inLanguage\":\"fr-FR\",\"potentialAction\":[{\"@type\":\"ReadAction\",\"target\":[\"https:\/\/parqueriomartin.com\/fr\/rutas\/oliete-arino-la-route-iberienne-section-longue-distance-du-gr-262\/\"]}]},{\"@type\":\"ImageObject\",\"inLanguage\":\"fr-FR\",\"@id\":\"https:\/\/parqueriomartin.com\/fr\/rutas\/oliete-arino-la-route-iberienne-section-longue-distance-du-gr-262\/#primaryimage\",\"url\":\"https:\/\/parqueriomartin.com\/wp-content\/uploads\/cabecera-ruta-oliete-arino-parque-cultural-rio-martin.webp\",\"contentUrl\":\"https:\/\/parqueriomartin.com\/wp-content\/uploads\/cabecera-ruta-oliete-arino-parque-cultural-rio-martin.webp\",\"width\":1920,\"height\":1440},{\"@type\":\"BreadcrumbList\",\"@id\":\"https:\/\/parqueriomartin.com\/fr\/rutas\/oliete-arino-la-route-iberienne-section-longue-distance-du-gr-262\/#breadcrumb\",\"itemListElement\":[{\"@type\":\"ListItem\",\"position\":1,\"name\":\"Portada\",\"item\":\"https:\/\/parqueriomartin.com\/fr\/\"},{\"@type\":\"ListItem\",\"position\":2,\"name\":\"OLIETE-ARI\u00d1O. LA ROUTE IB\u00c9RIENNE (section longue distance du GR 262)\"}]},{\"@type\":\"WebSite\",\"@id\":\"https:\/\/parqueriomartin.com\/fr\/#website\",\"url\":\"https:\/\/parqueriomartin.com\/fr\/\",\"name\":\"Parque Cultural del R\u00edo Mart\u00edn\",\"description\":\"Conoce los pueblos, las rutas, los centros de interpretaci\u00f3n, las gentes... del Parque Cultural del R\u00edo Mart\u00edn\",\"potentialAction\":[{\"@type\":\"SearchAction\",\"target\":{\"@type\":\"EntryPoint\",\"urlTemplate\":\"https:\/\/parqueriomartin.com\/fr\/?s={search_term_string}\"},\"query-input\":\"required name=search_term_string\"}],\"inLanguage\":\"fr-FR\"}]}<\/script>\n<!-- \/ Yoast SEO plugin. -->","yoast_head_json":{"title":"OLIETE-ARI\u00d1O. LA ROUTE IB\u00c9RIENNE (section longue distance du GR 262) - Parque Cultural del R\u00edo Mart\u00edn","robots":{"index":"index","follow":"follow","max-snippet":"max-snippet:-1","max-image-preview":"max-image-preview:large","max-video-preview":"max-video-preview:-1"},"canonical":"https:\/\/parqueriomartin.com\/fr\/rutas\/oliete-arino-la-route-iberienne-section-longue-distance-du-gr-262\/","og_locale":"fr_FR","og_type":"article","og_title":"OLIETE-ARI\u00d1O. LA ROUTE IB\u00c9RIENNE (section longue distance du GR 262) - Parque Cultural del R\u00edo Mart\u00edn","og_description":"L&rsquo;\u00e9tape du GR 262 vers Ari\u00f1o peut \u00eatre entam\u00e9e sur les rives de la rivi\u00e8re Mart\u00edn, sur la passerelle situ\u00e9e \u00e0 quelques m\u00e8tres en aval du pont, o\u00f9 se trouve un carrefour. Nous trouverons sur la gauche la d\u00e9viation vers le village ib\u00e9rique de Palomar par le sentier de courte distance PR-TE 114 (vers Alac\u00f3n). [&hellip;]","og_url":"https:\/\/parqueriomartin.com\/fr\/rutas\/oliete-arino-la-route-iberienne-section-longue-distance-du-gr-262\/","og_site_name":"Parque Cultural del R\u00edo Mart\u00edn","article_modified_time":"2022-10-14T15:11:20+00:00","og_image":[{"width":1920,"height":1440,"url":"https:\/\/parqueriomartin.com\/wp-content\/uploads\/cabecera-ruta-oliete-arino-parque-cultural-rio-martin.webp","type":"image\/webp"}],"twitter_card":"summary_large_image","twitter_misc":{"Dur\u00e9e de lecture estim\u00e9e":"4 minutes"},"schema":{"@context":"https:\/\/schema.org","@graph":[{"@type":"WebPage","@id":"https:\/\/parqueriomartin.com\/fr\/rutas\/oliete-arino-la-route-iberienne-section-longue-distance-du-gr-262\/","url":"https:\/\/parqueriomartin.com\/fr\/rutas\/oliete-arino-la-route-iberienne-section-longue-distance-du-gr-262\/","name":"OLIETE-ARI\u00d1O. LA ROUTE IB\u00c9RIENNE (section longue distance du GR 262) - Parque Cultural del R\u00edo Mart\u00edn","isPartOf":{"@id":"https:\/\/parqueriomartin.com\/fr\/#website"},"primaryImageOfPage":{"@id":"https:\/\/parqueriomartin.com\/fr\/rutas\/oliete-arino-la-route-iberienne-section-longue-distance-du-gr-262\/#primaryimage"},"image":{"@id":"https:\/\/parqueriomartin.com\/fr\/rutas\/oliete-arino-la-route-iberienne-section-longue-distance-du-gr-262\/#primaryimage"},"thumbnailUrl":"https:\/\/parqueriomartin.com\/wp-content\/uploads\/cabecera-ruta-oliete-arino-parque-cultural-rio-martin.webp","datePublished":"2022-10-03T17:12:05+00:00","dateModified":"2022-10-14T15:11:20+00:00","breadcrumb":{"@id":"https:\/\/parqueriomartin.com\/fr\/rutas\/oliete-arino-la-route-iberienne-section-longue-distance-du-gr-262\/#breadcrumb"},"inLanguage":"fr-FR","potentialAction":[{"@type":"ReadAction","target":["https:\/\/parqueriomartin.com\/fr\/rutas\/oliete-arino-la-route-iberienne-section-longue-distance-du-gr-262\/"]}]},{"@type":"ImageObject","inLanguage":"fr-FR","@id":"https:\/\/parqueriomartin.com\/fr\/rutas\/oliete-arino-la-route-iberienne-section-longue-distance-du-gr-262\/#primaryimage","url":"https:\/\/parqueriomartin.com\/wp-content\/uploads\/cabecera-ruta-oliete-arino-parque-cultural-rio-martin.webp","contentUrl":"https:\/\/parqueriomartin.com\/wp-content\/uploads\/cabecera-ruta-oliete-arino-parque-cultural-rio-martin.webp","width":1920,"height":1440},{"@type":"BreadcrumbList","@id":"https:\/\/parqueriomartin.com\/fr\/rutas\/oliete-arino-la-route-iberienne-section-longue-distance-du-gr-262\/#breadcrumb","itemListElement":[{"@type":"ListItem","position":1,"name":"Portada","item":"https:\/\/parqueriomartin.com\/fr\/"},{"@type":"ListItem","position":2,"name":"OLIETE-ARI\u00d1O. LA ROUTE IB\u00c9RIENNE (section longue distance du GR 262)"}]},{"@type":"WebSite","@id":"https:\/\/parqueriomartin.com\/fr\/#website","url":"https:\/\/parqueriomartin.com\/fr\/","name":"Parque Cultural del R\u00edo Mart\u00edn","description":"Conoce los pueblos, las rutas, los centros de interpretaci\u00f3n, las gentes... del Parque Cultural del R\u00edo Mart\u00edn","potentialAction":[{"@type":"SearchAction","target":{"@type":"EntryPoint","urlTemplate":"https:\/\/parqueriomartin.com\/fr\/?s={search_term_string}"},"query-input":"required name=search_term_string"}],"inLanguage":"fr-FR"}]}},"_links":{"self":[{"href":"https:\/\/parqueriomartin.com\/fr\/wp-json\/wp\/v2\/rutas\/102628"}],"collection":[{"href":"https:\/\/parqueriomartin.com\/fr\/wp-json\/wp\/v2\/rutas"}],"about":[{"href":"https:\/\/parqueriomartin.com\/fr\/wp-json\/wp\/v2\/types\/rutas"}],"wp:featuredmedia":[{"embeddable":true,"href":"https:\/\/parqueriomartin.com\/fr\/wp-json\/wp\/v2\/media\/101981"}],"wp:attachment":[{"href":"https:\/\/parqueriomartin.com\/fr\/wp-json\/wp\/v2\/media?parent=102628"}],"wp:term":[{"taxonomy":"categorias_tipos","embeddable":true,"href":"https:\/\/parqueriomartin.com\/fr\/wp-json\/wp\/v2\/categorias_tipos?post=102628"}],"curies":[{"name":"wp","href":"https:\/\/api.w.org\/{rel}","templated":true}]}}